{"id":7265,"date":"2021-07-09T15:29:56","date_gmt":"2021-07-09T13:29:56","guid":{"rendered":"https:\/\/www.visitaltogarda.it\/?page_id=7265"},"modified":"2022-02-15T13:09:46","modified_gmt":"2022-02-15T12:09:46","slug":"basso-garda-orientale","status":"publish","type":"page","link":"https:\/\/www.visitaltogarda.it\/it\/basso-garda-orientale\/","title":{"rendered":"Basso Garda orientale"},"content":{"rendered":"<p><div class=\"fusion-fullwidth fullwidth-box fusion-builder-row-1 fusion-flex-container fusion-parallax-none hundred-percent-fullwidth non-hundred-percent-height-scrolling\" style=\"--awb-background-blend-mode:overlay;--awb-border-radius-top-left:0px;--awb-border-radius-top-right:0px;--awb-border-radius-bottom-right:0px;--awb-border-radius-bottom-left:0px;--awb-min-height:350px;--awb-background-color:rgba(0,0,0,0.17);--awb-background-image:url(&quot;https:\/\/www.visitaltogarda.it\/wp-content\/uploads\/2021\/07\/winery-3633009_640.jpg&quot;);--awb-background-size:cover;--awb-flex-wrap:wrap;\" ><div class=\"fusion-builder-row fusion-row fusion-flex-align-items-flex-start fusion-flex-align-content-center fusion-flex-justify-content-center fusion-flex-content-wrap\" style=\"width:104% !important;max-width:104% !important;margin-left: calc(-4% \/ 2 );margin-right: calc(-4% \/ 2 );\"><div class=\"fusion-layout-column fusion_builder_column fusion-builder-column-0 fusion_builder_column_1_1 1_1 fusion-flex-column\" style=\"--awb-bg-size:cover;--awb-width-large:100%;--awb-margin-top-large:0px;--awb-spacing-right-large:1.92%;--awb-margin-bottom-large:20px;--awb-spacing-left-large:1.92%;--awb-width-medium:100%;--awb-order-medium:0;--awb-spacing-right-medium:1.92%;--awb-spacing-left-medium:1.92%;--awb-width-small:100%;--awb-order-small:0;--awb-spacing-right-small:1.92%;--awb-spacing-left-small:1.92%;\"><div class=\"fusion-column-wrapper fusion-column-has-shadow fusion-flex-justify-content-center fusion-content-layout-row\"><div class=\"fusion-title title fusion-title-1 fusion-title-text fusion-title-size-one\" style=\"--awb-margin-top:30px;--awb-margin-top-small:10px;--awb-margin-right-small:0px;--awb-margin-bottom-small:10px;--awb-margin-left-small:0px;\"><div class=\"title-sep-container title-sep-container-left fusion-no-large-visibility fusion-no-medium-visibility fusion-no-small-visibility\"><div class=\"title-sep sep-double sep-solid\" style=\"border-color:#e2e2e2;\"><\/div><\/div><span class=\"awb-title-spacer fusion-no-large-visibility fusion-no-medium-visibility fusion-no-small-visibility\"><\/span><h1 class=\"fusion-title-heading title-heading-left fusion-responsive-typography-calculated\" style=\"margin:0;--fontSize:80;line-height:1.4;text-shadow:1px 1px 4px rgba(0,0,0,0.74);\">Basso Garda orientale<\/h1><span class=\"awb-title-spacer\"><\/span><div class=\"title-sep-container title-sep-container-right\"><div class=\"title-sep sep-double sep-solid\" style=\"border-color:#e2e2e2;\"><\/div><\/div><\/div><\/div><\/div><\/div><\/div><div id=\"benvenuto\" class=\"fusion-container-anchor\"><div class=\"fusion-fullwidth fullwidth-box fusion-builder-row-2 fusion-flex-container nonhundred-percent-fullwidth non-hundred-percent-height-scrolling\" style=\"--awb-background-position:left top;--awb-border-sizes-top:0px;--awb-border-sizes-bottom:0px;--awb-border-sizes-left:0px;--awb-border-sizes-right:0px;--awb-border-radius-top-left:0px;--awb-border-radius-top-right:0px;--awb-border-radius-bottom-right:0px;--awb-border-radius-bottom-left:0px;--awb-padding-top:30px;--awb-padding-bottom:70px;--awb-flex-wrap:wrap;\" ><div class=\"fusion-builder-row fusion-row fusion-flex-align-items-flex-start fusion-flex-justify-content-center fusion-flex-content-wrap\" style=\"max-width:1248px;margin-left: calc(-4% \/ 2 );margin-right: calc(-4% \/ 2 );\"><div class=\"fusion-layout-column fusion_builder_column fusion-builder-column-1 fusion_builder_column_1_1 1_1 fusion-flex-column fusion-flex-align-self-flex-start fusion-column-no-min-height\" style=\"--awb-padding-bottom:20px;--awb-bg-size:cover;--awb-width-large:100%;--awb-margin-top-large:0px;--awb-spacing-right-large:1.92%;--awb-margin-bottom-large:20px;--awb-spacing-left-large:1.92%;--awb-width-medium:100%;--awb-spacing-right-medium:1.92%;--awb-spacing-left-medium:1.92%;--awb-width-small:100%;--awb-spacing-right-small:1.92%;--awb-spacing-left-small:1.92%;\"><div class=\"fusion-column-wrapper fusion-flex-justify-content-flex-start fusion-content-layout-column\"><div class=\"fusion-text fusion-text-1\" style=\"--awb-content-alignment:center;\"><p style=\"text-align: justify;\"><span style=\"background-color: rgba(255, 255, 255, 0); color: var(--body_typography-color); font-family: var(--body_typography-font-family); font-size: var(--body_typography-font-size); font-style: var(--body_typography-font-style,normal); letter-spacing: var(--body_typography-letter-spacing);\"><b>Soave<\/b><\/span><span style=\"background-color: rgba(255, 255, 255, 0); color: var(--body_typography-color); font-family: var(--body_typography-font-family); font-size: var(--body_typography-font-size); font-style: var(--body_typography-font-style,normal); font-weight: var(--body_typography-font-weight); letter-spacing: var(--body_typography-letter-spacing);\"> \u00e8 uno dei vini bianchi italiani pi\u00f9 raffinati e famosi, ormai \u00e8 diventato un\u2019icona e oggi i vignaioli delle colline attorno al comune di Soave, poco ad est di Verona, producono vini bianchi a base di Garganega e Trebbiano di Soave con consapevolezza e attenzione, prediligendo vini di carattere, intensi e decisi perch\u00e8 Garganega \u00e8 un vino sontuoso, ma soprattutto \u00e8 unico il suo legame con il terroir di Soave. I suoli di questa zona hanno un\u2019origine antichissima, un misto di strati vulcanici di tufo e calcare.<\/span><br \/><span style=\"background-color: rgba(255, 255, 255, 0); color: var(--body_typography-color); font-family: var(--body_typography-font-family); font-size: var(--body_typography-font-size); font-style: var(--body_typography-font-style,normal); font-weight: var(--body_typography-font-weight); letter-spacing: var(--body_typography-letter-spacing);\">Dal punto di vista organolettico ha un colore delicato, giallo paglierino; il profumo intenso e delicato e sapore asciutto, di medio corpo, armonico, leggermente amarognolo appagante che non induce ad assuefazione. Gli abbinamenti consigliati sono piatti saporiti, formaggi freschi, pasta al pesto e pesce.<\/span><br \/><span style=\"background-color: rgba(255, 255, 255, 0); color: var(--body_typography-color); font-family: var(--body_typography-font-family); font-size: var(--body_typography-font-size); font-style: var(--body_typography-font-style,normal); font-weight: var(--body_typography-font-weight); letter-spacing: var(--body_typography-letter-spacing);\">La Strada del Vino Soave nasce con l&#8217;obiettivo di offrire un pacchetto completo di proposte e di servizi per chi ama il turismo enologico, cultura e arte.<\/span><br \/><span style=\"background-color: rgba(255, 255, 255, 0); color: var(--body_typography-color); font-family: var(--body_typography-font-family); font-size: var(--body_typography-font-size); font-style: var(--body_typography-font-style,normal); letter-spacing: var(--body_typography-letter-spacing);\"><b>Bardolino<\/b><\/span><span style=\"background-color: rgba(255, 255, 255, 0); color: var(--body_typography-color); font-family: var(--body_typography-font-family); font-size: var(--body_typography-font-size); font-style: var(--body_typography-font-style,normal); font-weight: var(--body_typography-font-weight); letter-spacing: var(--body_typography-letter-spacing);\"> \u00e8 un vino rosso di pronta beva, piacevolissimo che trova la propria dimora sulla sponda est del Lago di Garda i vitigni usati sono i medesimi del Valpolicella. <\/span><span style=\"background-color: rgba(255, 255, 255, 0); color: var(--body_typography-color); font-family: var(--body_typography-font-family); font-size: var(--body_typography-font-size); font-style: var(--body_typography-font-style,normal); letter-spacing: var(--body_typography-letter-spacing);\"><b>Bardolino Chiaretto<\/b><\/span><span style=\"background-color: rgba(255, 255, 255, 0); color: var(--body_typography-color); font-family: var(--body_typography-font-family); font-size: var(--body_typography-font-size); font-style: var(--body_typography-font-style,normal); font-weight: var(--body_typography-font-weight); letter-spacing: var(--body_typography-letter-spacing);\"> \u00e8 un rosato irresistibile per delicatezza di profumi che ricordano fragoline, frutti di bosco e pompelmo e per la sua intrigante sapidit\u00e0. Se state cercando un vino rosato da aperitivo o da gustare con piatti a base di pesce o carni bianche \u00e8 quello che fa per voi.<\/span><br \/><span style=\"background-color: rgba(255, 255, 255, 0); color: var(--body_typography-color); font-family: var(--body_typography-font-family); font-size: var(--body_typography-font-size); font-style: var(--body_typography-font-style,normal); letter-spacing: var(--body_typography-letter-spacing);\"><b>Custoza<\/b><\/span><span style=\"background-color: rgba(255, 255, 255, 0); color: var(--body_typography-color); font-family: var(--body_typography-font-family); font-size: var(--body_typography-font-size); font-style: var(--body_typography-font-style,normal); font-weight: var(--body_typography-font-weight); letter-spacing: var(--body_typography-letter-spacing);\"> \u00e8 un vino bianco originario di Sommacampagna (VR). Il colore \u00e8 paglierino, l\u2019odore fruttato, profumato, leggermente aromatico e il sapore morbido e delicato da abbinare a primi piatti dal gusto delicato, con pesce o con un sugo vegetariano.<\/span><br \/><span style=\"background-color: rgba(255, 255, 255, 0); color: var(--body_typography-color); font-family: var(--body_typography-font-family); font-size: var(--body_typography-font-size); font-style: var(--body_typography-font-style,normal); letter-spacing: var(--body_typography-letter-spacing);\"><b>Garda Colli Mantovani <\/b><\/span><span style=\"background-color: rgba(255, 255, 255, 0); color: var(--body_typography-color); font-family: var(--body_typography-font-family); font-size: var(--body_typography-font-size); font-style: var(--body_typography-font-style,normal); font-weight: var(--body_typography-font-weight); letter-spacing: var(--body_typography-letter-spacing);\">ha produzione sul territorio vicino al lago di Garda in provincia di Mantova e comprende le tre tipologie di vino: il <\/span><span style=\"background-color: rgba(255, 255, 255, 0); color: var(--body_typography-color); font-family: var(--body_typography-font-family); font-size: var(--body_typography-font-size); font-weight: var(--body_typography-font-weight); letter-spacing: var(--body_typography-letter-spacing);\"><i>Bianco<\/i><\/span><span style=\"background-color: rgba(255, 255, 255, 0); color: var(--body_typography-color); font-family: var(--body_typography-font-family); font-size: var(--body_typography-font-size); font-style: var(--body_typography-font-style,normal); font-weight: var(--body_typography-font-weight); letter-spacing: var(--body_typography-letter-spacing);\"> che cattura la vista con un colore paglierino molto luminoso, al naso propone sentori floreali che introducono la pesca, la mela e l\u2019albicocca e una densa mineralit\u00e0; in bocca \u00e8 fresco, sapido, con sfumature di erbe aromatiche e balsamiche. Il <\/span><span style=\"background-color: rgba(255, 255, 255, 0); color: var(--body_typography-color); font-family: var(--body_typography-font-family); font-size: var(--body_typography-font-size); font-weight: var(--body_typography-font-weight); letter-spacing: var(--body_typography-letter-spacing);\"><i>Rosso<\/i><\/span><span style=\"background-color: rgba(255, 255, 255, 0); color: var(--body_typography-color); font-family: var(--body_typography-font-family); font-size: var(--body_typography-font-size); font-style: var(--body_typography-font-style,normal); font-weight: var(--body_typography-font-weight); letter-spacing: var(--body_typography-letter-spacing);\"> \u00e8 di colore rubino tendente al cerasuolo con l\u2019invecchiamento; l\u2019olfatto \u00e8 pieno, ricco di frutta matura e percorso da una nota minerale; in bocca \u00e8 rotondo, equilibrato e con tannini sottili. Il <\/span><span style=\"background-color: rgba(255, 255, 255, 0); color: var(--body_typography-color); font-family: var(--body_typography-font-family); font-size: var(--body_typography-font-size); font-weight: var(--body_typography-font-weight); letter-spacing: var(--body_typography-letter-spacing);\"><i>Rosato<\/i><\/span><span style=\"background-color: rgba(255, 255, 255, 0); color: var(--body_typography-color); font-family: var(--body_typography-font-family); font-size: var(--body_typography-font-size); font-style: var(--body_typography-font-style,normal); font-weight: var(--body_typography-font-weight); letter-spacing: var(--body_typography-letter-spacing);\"> presenta un bel colore brillante; profumo, delicato e fruttato e richiama gli agrumi con prevalenza di cedro; al palato si offre morbido e fresco con note di mandorla.<\/span><\/p>\n<\/div><div class=\"fusion-separator fusion-full-width-sep\" style=\"align-self: center;margin-left: auto;margin-right: auto;margin-top:15px;width:100%;\"><\/div><\/div><\/div><div class=\"fusion-layout-column fusion_builder_column fusion-builder-column-2 fusion_builder_column_1_2 1_2 fusion-flex-column fusion-flex-align-self-flex-start\" style=\"--awb-padding-top:55px;--awb-padding-right:30px;--awb-padding-bottom:185.98700000000002px;--awb-padding-left:30px;--awb-overflow:hidden;--awb-bg-image:url(&#039;https:\/\/www.visitaltogarda.it\/wp-content\/uploads\/2021\/07\/wine-2853916_640.jpg&#039;);--awb-bg-position:center center;--awb-bg-size:cover;--awb-box-shadow:0px 10px 51px 3px rgba(0,0,0,0.15);;--awb-border-radius:10px 10px 10px 10px;--awb-width-large:50%;--awb-margin-top-large:0px;--awb-spacing-right-large:3.84%;--awb-margin-bottom-large:20px;--awb-spacing-left-large:7.5px;--awb-width-medium:50%;--awb-spacing-right-medium:3.84%;--awb-spacing-left-medium:7.5px;--awb-width-small:100%;--awb-spacing-right-small:1.92%;--awb-spacing-left-small:1.92%;\"><div class=\"fusion-column-wrapper fusion-column-has-shadow fusion-flex-justify-content-flex-start fusion-content-layout-column fusion-empty-column-bg-image fusion-column-has-bg-image\" data-bg-url=\"https:\/\/www.visitaltogarda.it\/wp-content\/uploads\/2021\/07\/wine-2853916_640.jpg\"><img decoding=\"async\" class=\"fusion-empty-dims-img-placeholder\" aria-label=\"wine-2853916_640\" src=\"data:image\/svg+xml,%3Csvg%20xmlns%3D%27http%3A%2F%2Fwww.w3.org%2F2000%2Fsvg%27%20width%3D%27640%27%20height%3D%27426%27%20viewBox%3D%270%200%20640%20426%27%3E%3Crect%20width%3D%27640%27%20height%3D%27426%27%20fill-opacity%3D%220%22%2F%3E%3C%2Fsvg%3E\"><\/div><\/div><div class=\"fusion-layout-column fusion_builder_column fusion-builder-column-3 fusion_builder_column_1_2 1_2 fusion-flex-column fusion-flex-align-self-flex-start\" style=\"--awb-padding-top:55px;--awb-padding-right:30px;--awb-padding-bottom:185.98700000000002px;--awb-padding-left:30px;--awb-overflow:hidden;--awb-bg-image:url(&#039;https:\/\/www.visitaltogarda.it\/wp-content\/uploads\/2022\/02\/degustazione-basso-garda-scaled.jpeg&#039;);--awb-bg-position:center center;--awb-bg-size:cover;--awb-box-shadow:0px 10px 51px 3px rgba(0,0,0,0.15);;--awb-border-radius:10px 10px 10px 10px;--awb-width-large:50%;--awb-margin-top-large:0px;--awb-spacing-right-large:3.84%;--awb-margin-bottom-large:20px;--awb-spacing-left-large:7.5px;--awb-width-medium:50%;--awb-spacing-right-medium:3.84%;--awb-spacing-left-medium:7.5px;--awb-width-small:100%;--awb-spacing-right-small:1.92%;--awb-spacing-left-small:1.92%;\"><div class=\"fusion-column-wrapper fusion-column-has-shadow fusion-flex-justify-content-flex-start fusion-content-layout-column fusion-empty-column-bg-image fusion-column-has-bg-image\" data-bg-url=\"https:\/\/www.visitaltogarda.it\/wp-content\/uploads\/2022\/02\/degustazione-basso-garda-scaled.jpeg\"><img decoding=\"async\" class=\"fusion-empty-dims-img-placeholder\" aria-label=\"Dinner party\" src=\"data:image\/svg+xml,%3Csvg%20xmlns%3D%27http%3A%2F%2Fwww.w3.org%2F2000%2Fsvg%27%20width%3D%272560%27%20height%3D%271708%27%20viewBox%3D%270%200%202560%201708%27%3E%3Crect%20width%3D%272560%27%20height%3D%271708%27%20fill-opacity%3D%220%22%2F%3E%3C%2Fsvg%3E\"><\/div><\/div><\/div><\/div><\/div><\/p>\n","protected":false},"excerpt":{"rendered":"","protected":false},"author":1,"featured_media":0,"parent":0,"menu_order":0,"comment_status":"closed","ping_status":"closed","template":"","meta":{"footnotes":""},"class_list":["post-7265","page","type-page","status-publish","hentry"],"yoast_head":"<!-- This site is optimized with the Yoast SEO plugin v27.4 - https:\/\/yoast.com\/product\/yoast-seo-wordpress\/ -->\n<title>Basso Garda orientale - Visit Alto Garda<\/title>\n<meta name=\"robots\" content=\"index, follow, max-snippet:-1, max-image-preview:large, max-video-preview:-1\" \/>\n<link rel=\"canonical\" href=\"https:\/\/www.visitaltogarda.it\/it\/basso-garda-orientale\/\" \/>\n<meta property=\"og:locale\" content=\"it_IT\" \/>\n<meta property=\"og:type\" content=\"article\" \/>\n<meta property=\"og:title\" content=\"Basso Garda orientale - Visit Alto Garda\" \/>\n<meta property=\"og:url\" content=\"https:\/\/www.visitaltogarda.it\/it\/basso-garda-orientale\/\" \/>\n<meta property=\"og:site_name\" content=\"Visit Alto Garda\" \/>\n<meta property=\"article:modified_time\" content=\"2022-02-15T12:09:46+00:00\" \/>\n<meta name=\"twitter:card\" content=\"summary_large_image\" \/>\n<meta name=\"twitter:label1\" content=\"Tempo di lettura stimato\" \/>\n\t<meta name=\"twitter:data1\" content=\"6 minuti\" \/>\n<script type=\"application\/ld+json\" class=\"yoast-schema-graph\">{\"@context\":\"https:\\\/\\\/schema.org\",\"@graph\":[{\"@type\":\"WebPage\",\"@id\":\"https:\\\/\\\/www.visitaltogarda.it\\\/it\\\/basso-garda-orientale\\\/\",\"url\":\"https:\\\/\\\/www.visitaltogarda.it\\\/it\\\/basso-garda-orientale\\\/\",\"name\":\"Basso Garda orientale - Visit Alto Garda\",\"isPartOf\":{\"@id\":\"https:\\\/\\\/www.visitaltogarda.it\\\/it\\\/#website\"},\"datePublished\":\"2021-07-09T13:29:56+00:00\",\"dateModified\":\"2022-02-15T12:09:46+00:00\",\"breadcrumb\":{\"@id\":\"https:\\\/\\\/www.visitaltogarda.it\\\/it\\\/basso-garda-orientale\\\/#breadcrumb\"},\"inLanguage\":\"it-IT\",\"potentialAction\":[{\"@type\":\"ReadAction\",\"target\":[\"https:\\\/\\\/www.visitaltogarda.it\\\/it\\\/basso-garda-orientale\\\/\"]}]},{\"@type\":\"BreadcrumbList\",\"@id\":\"https:\\\/\\\/www.visitaltogarda.it\\\/it\\\/basso-garda-orientale\\\/#breadcrumb\",\"itemListElement\":[{\"@type\":\"ListItem\",\"position\":1,\"name\":\"Home\",\"item\":\"https:\\\/\\\/www.visitaltogarda.it\\\/it\\\/\"},{\"@type\":\"ListItem\",\"position\":2,\"name\":\"Basso Garda orientale\"}]},{\"@type\":\"WebSite\",\"@id\":\"https:\\\/\\\/www.visitaltogarda.it\\\/it\\\/#website\",\"url\":\"https:\\\/\\\/www.visitaltogarda.it\\\/it\\\/\",\"name\":\"Visit Alto Garda\",\"description\":\"La tua vacanza organizzata nell'Alto Garda Bresciano. Informati e prenota online dal Portale ufficiale dell'Alto Garda.\",\"potentialAction\":[{\"@type\":\"SearchAction\",\"target\":{\"@type\":\"EntryPoint\",\"urlTemplate\":\"https:\\\/\\\/www.visitaltogarda.it\\\/it\\\/?s={search_term_string}\"},\"query-input\":{\"@type\":\"PropertyValueSpecification\",\"valueRequired\":true,\"valueName\":\"search_term_string\"}}],\"inLanguage\":\"it-IT\"}]}<\/script>\n<!-- \/ Yoast SEO plugin. -->","yoast_head_json":{"title":"Basso Garda orientale - Visit Alto Garda","robots":{"index":"index","follow":"follow","max-snippet":"max-snippet:-1","max-image-preview":"max-image-preview:large","max-video-preview":"max-video-preview:-1"},"canonical":"https:\/\/www.visitaltogarda.it\/it\/basso-garda-orientale\/","og_locale":"it_IT","og_type":"article","og_title":"Basso Garda orientale - Visit Alto Garda","og_url":"https:\/\/www.visitaltogarda.it\/it\/basso-garda-orientale\/","og_site_name":"Visit Alto Garda","article_modified_time":"2022-02-15T12:09:46+00:00","twitter_card":"summary_large_image","twitter_misc":{"Tempo di lettura stimato":"6 minuti"},"schema":{"@context":"https:\/\/schema.org","@graph":[{"@type":"WebPage","@id":"https:\/\/www.visitaltogarda.it\/it\/basso-garda-orientale\/","url":"https:\/\/www.visitaltogarda.it\/it\/basso-garda-orientale\/","name":"Basso Garda orientale - Visit Alto Garda","isPartOf":{"@id":"https:\/\/www.visitaltogarda.it\/it\/#website"},"datePublished":"2021-07-09T13:29:56+00:00","dateModified":"2022-02-15T12:09:46+00:00","breadcrumb":{"@id":"https:\/\/www.visitaltogarda.it\/it\/basso-garda-orientale\/#breadcrumb"},"inLanguage":"it-IT","potentialAction":[{"@type":"ReadAction","target":["https:\/\/www.visitaltogarda.it\/it\/basso-garda-orientale\/"]}]},{"@type":"BreadcrumbList","@id":"https:\/\/www.visitaltogarda.it\/it\/basso-garda-orientale\/#breadcrumb","itemListElement":[{"@type":"ListItem","position":1,"name":"Home","item":"https:\/\/www.visitaltogarda.it\/it\/"},{"@type":"ListItem","position":2,"name":"Basso Garda orientale"}]},{"@type":"WebSite","@id":"https:\/\/www.visitaltogarda.it\/it\/#website","url":"https:\/\/www.visitaltogarda.it\/it\/","name":"Visit Alto Garda","description":"La tua vacanza organizzata nell'Alto Garda Bresciano. Informati e prenota online dal Portale ufficiale dell'Alto Garda.","potentialAction":[{"@type":"SearchAction","target":{"@type":"EntryPoint","urlTemplate":"https:\/\/www.visitaltogarda.it\/it\/?s={search_term_string}"},"query-input":{"@type":"PropertyValueSpecification","valueRequired":true,"valueName":"search_term_string"}}],"inLanguage":"it-IT"}]}},"_links":{"self":[{"href":"https:\/\/www.visitaltogarda.it\/it\/wp-json\/wp\/v2\/pages\/7265","targetHints":{"allow":["GET"]}}],"collection":[{"href":"https:\/\/www.visitaltogarda.it\/it\/wp-json\/wp\/v2\/pages"}],"about":[{"href":"https:\/\/www.visitaltogarda.it\/it\/wp-json\/wp\/v2\/types\/page"}],"author":[{"embeddable":true,"href":"https:\/\/www.visitaltogarda.it\/it\/wp-json\/wp\/v2\/users\/1"}],"replies":[{"embeddable":true,"href":"https:\/\/www.visitaltogarda.it\/it\/wp-json\/wp\/v2\/comments?post=7265"}],"version-history":[{"count":6,"href":"https:\/\/www.visitaltogarda.it\/it\/wp-json\/wp\/v2\/pages\/7265\/revisions"}],"predecessor-version":[{"id":8722,"href":"https:\/\/www.visitaltogarda.it\/it\/wp-json\/wp\/v2\/pages\/7265\/revisions\/8722"}],"wp:attachment":[{"href":"https:\/\/www.visitaltogarda.it\/it\/wp-json\/wp\/v2\/media?parent=7265"}],"curies":[{"name":"wp","href":"https:\/\/api.w.org\/{rel}","templated":true}]}}