{"id":5630,"date":"2021-04-23T11:04:38","date_gmt":"2021-04-23T09:04:38","guid":{"rendered":"https:\/\/www.visitaltogarda.it\/?page_id=5630"},"modified":"2021-12-15T12:52:37","modified_gmt":"2021-12-15T11:52:37","slug":"lanfiteatro-di-tignale-e-le-sue-viste-mozzafiato","status":"publish","type":"page","link":"https:\/\/www.visitaltogarda.it\/it\/lanfiteatro-di-tignale-e-le-sue-viste-mozzafiato\/","title":{"rendered":"L&#8217;anfiteatro di Tignale e le sue viste mozzafiato"},"content":{"rendered":"<p><div class=\"fusion-fullwidth fullwidth-box fusion-builder-row-1 fusion-flex-container fusion-parallax-none hundred-percent-fullwidth non-hundred-percent-height-scrolling\" style=\"--awb-background-blend-mode:overlay;--awb-border-radius-top-left:0px;--awb-border-radius-top-right:0px;--awb-border-radius-bottom-right:0px;--awb-border-radius-bottom-left:0px;--awb-min-height:350px;--awb-background-color:rgba(0,0,0,0.15);--awb-background-image:url(&quot;https:\/\/www.visitaltogarda.it\/wp-content\/uploads\/2021\/04\/foto-lago.jpg&quot;);--awb-background-size:cover;--awb-flex-wrap:wrap;\" ><div class=\"fusion-builder-row fusion-row fusion-flex-align-items-flex-start fusion-flex-align-content-center fusion-flex-justify-content-center fusion-flex-content-wrap\" style=\"width:104% !important;max-width:104% !important;margin-left: calc(-4% \/ 2 );margin-right: calc(-4% \/ 2 );\"><div class=\"fusion-layout-column fusion_builder_column fusion-builder-column-0 fusion_builder_column_1_1 1_1 fusion-flex-column\" style=\"--awb-bg-size:cover;--awb-width-large:100%;--awb-margin-top-large:0px;--awb-spacing-right-large:1.92%;--awb-margin-bottom-large:20px;--awb-spacing-left-large:1.92%;--awb-width-medium:100%;--awb-order-medium:0;--awb-spacing-right-medium:1.92%;--awb-spacing-left-medium:1.92%;--awb-width-small:100%;--awb-order-small:0;--awb-spacing-right-small:1.92%;--awb-spacing-left-small:1.92%;\"><div class=\"fusion-column-wrapper fusion-column-has-shadow fusion-flex-justify-content-center fusion-content-layout-row\"><div class=\"fusion-title title fusion-title-1 fusion-title-text fusion-title-size-one\" style=\"--awb-margin-top:30px;--awb-margin-top-small:10px;--awb-margin-right-small:0px;--awb-margin-bottom-small:10px;--awb-margin-left-small:0px;\"><div class=\"title-sep-container title-sep-container-left fusion-no-large-visibility fusion-no-medium-visibility fusion-no-small-visibility\"><div class=\"title-sep sep-double sep-solid\" style=\"border-color:#e2e2e2;\"><\/div><\/div><span class=\"awb-title-spacer fusion-no-large-visibility fusion-no-medium-visibility fusion-no-small-visibility\"><\/span><h1 class=\"fusion-title-heading title-heading-left fusion-responsive-typography-calculated\" style=\"margin:0;--fontSize:80;line-height:1.4;text-shadow:1px 1px 4px rgba(0,0,0,0.74);\">L&#8217;anfiteatro di Tignale <\/p>\n<p>e le sue viste mozzafiato<\/p><\/h1><span class=\"awb-title-spacer\"><\/span><div class=\"title-sep-container title-sep-container-right\"><div class=\"title-sep sep-double sep-solid\" style=\"border-color:#e2e2e2;\"><\/div><\/div><\/div><\/div><\/div><\/div><\/div><div id=\"benvenuto\" class=\"fusion-container-anchor\"><div class=\"fusion-fullwidth fullwidth-box fusion-builder-row-2 fusion-flex-container nonhundred-percent-fullwidth non-hundred-percent-height-scrolling\" style=\"--awb-background-position:left top;--awb-border-sizes-top:0px;--awb-border-sizes-bottom:0px;--awb-border-sizes-left:0px;--awb-border-sizes-right:0px;--awb-border-radius-top-left:0px;--awb-border-radius-top-right:0px;--awb-border-radius-bottom-right:0px;--awb-border-radius-bottom-left:0px;--awb-padding-top:30px;--awb-padding-bottom:70px;--awb-flex-wrap:wrap;\" ><div class=\"fusion-builder-row fusion-row fusion-flex-align-items-flex-start fusion-flex-justify-content-center fusion-flex-content-wrap\" style=\"max-width:1248px;margin-left: calc(-4% \/ 2 );margin-right: calc(-4% \/ 2 );\"><div class=\"fusion-layout-column fusion_builder_column fusion-builder-column-1 fusion_builder_column_1_1 1_1 fusion-flex-column fusion-flex-align-self-flex-start fusion-column-no-min-height\" style=\"--awb-padding-bottom:20px;--awb-bg-blend:overlay;--awb-bg-size:cover;--awb-width-large:100%;--awb-margin-top-large:0px;--awb-spacing-right-large:1.92%;--awb-margin-bottom-large:20px;--awb-spacing-left-large:1.92%;--awb-width-medium:100%;--awb-spacing-right-medium:1.92%;--awb-spacing-left-medium:1.92%;--awb-width-small:100%;--awb-spacing-right-small:1.92%;--awb-spacing-left-small:1.92%;\"><div class=\"fusion-column-wrapper fusion-flex-justify-content-flex-start fusion-content-layout-column\"><div class=\"fusion-text fusion-text-1\" style=\"--awb-content-alignment:center;\"><p style=\"text-align: justify;\"><b>Gardola<\/b>, il capoluogo, e cinque frazioni disseminate sull\u2019altopiano, <b>Piovere, Oldesio, Olzano, Aer<\/b> e <b>Prabione<\/b>, costituiscono il Comune di <b>Tignale<\/b>, nel cuore del parco Alto Garda Bresciano.<\/p>\n<p style=\"text-align: justify;\">Con i piedi a lago, salendo progressivamente in collina e poi in alta montagna, il territorio di Tignale si estende fino a 1.976 mt di altitudine: pochi chilometri che ospitano ambienti e paesaggi molto diversificati in un insieme unico per bellezza e fruibilit\u00e0. <\/p>\n<p style=\"text-align: justify;\">Lungo le pareti rocciose che si dipartono dal lago trionfa la macchia mediterranea con i suoi inconfondibili profumi di leccio, lauro, rosmarino: una vera sorpresa a queste latitudini. Esposti verso il Lago, sui caratteristici terrazzi, dominano gli uliveti perfettamente curati da cui si ricava un prezioso olio biologico. Salendo ancora si incontrano prati, e boschi di pini, frassini, castagni, carpini, roverelle e faggi, sino a giungere ai pascoli e pini di alta montagna.<\/p>\n<p style=\"text-align: justify;\">Con i suoi spettacolari panorami sul lago, \u00e8 un ambiente unico che offre molte opportunit\u00e0 per svolgere attivit\u00e0 all\u2019aria aperta: escursioni a piedi lungo gli innumerevoli sentieri per escursionisti pi\u00f9 o meno esperti, percorsi in mountain-bike e e-bike e, infine, strade panoramiche per chi preferisce la moto o l\u2019automobile. <\/p>\n<p style=\"text-align: justify;\">Anche a chi vuole godere di una vacanza culturale, Tignale offre innumerevoli occasioni interessanti: dall\u2019imperdibile visita al <b>Santuario di Montecastello<\/b>, meta, per il suo valore artistico e paesaggistico, per migliaia di turisti ogni anno, alle visite guidate dell<b>\u2019Oleificio Biologico e della Distilleria Bettanini<\/b>, con il suo antico alambicco dove si produce la grappa Rugiada delle Alpi, alle mostre e agli eventi gastronomici e culturali organizzati dalle associazioni locali e da altri protagonisti della vita sociale tignalese.<\/p>\n<p style=\"text-align: justify;\">La visita, poi, dei borghi che costituiscono Tignale, tutti ben collegati fra loro e raggiungili a piedi, rappresenta una piacevole sorpresa: vicoli stretti, case antiche perfettamente restaurate, improvvisi scorci colorati rendono il tour piacevole e mai noioso.<\/p>\n<p style=\"text-align: justify;\">Non mancano, poi, pregiati ristoranti dove \u00e8 possibile gustare piatti tradizionali o innovativi, in un contesto di grande attenzione per la qualit\u00e0 della materia prima e per le esigenze degli ospiti. <\/p>\n<p style=\"text-align: justify;\">Come dicono spesso gli ospiti, pochi giorni non sono sufficienti per gustarne appieno la bellezza!<\/p>\n<\/div><div class=\"fusion-separator fusion-full-width-sep\" style=\"align-self: center;margin-left: auto;margin-right: auto;margin-top:15px;width:100%;\"><\/div><\/div><\/div><div class=\"fusion-layout-column fusion_builder_column fusion-builder-column-2 fusion_builder_column_1_2 1_2 fusion-flex-column fusion-flex-align-self-stretch\" style=\"--awb-padding-top:55px;--awb-padding-right:30px;--awb-padding-bottom:35.953100000000006px;--awb-padding-left:30px;--awb-overflow:hidden;--awb-bg-image:url(&#039;https:\/\/www.visitaltogarda.it\/wp-content\/uploads\/2021\/04\/Panorama-Santuario-2.jpg&#039;);--awb-bg-position:center center;--awb-bg-blend:overlay;--awb-bg-size:cover;--awb-box-shadow:0px 10px 51px 3px rgba(0,0,0,0.15);;--awb-border-radius:10px 10px 10px 10px;--awb-width-large:50%;--awb-margin-top-large:0px;--awb-spacing-right-large:14.592%;--awb-margin-bottom-large:20px;--awb-spacing-left-large:101.5px;--awb-width-medium:50%;--awb-spacing-right-medium:14.592%;--awb-spacing-left-medium:101.5px;--awb-width-small:100%;--awb-spacing-right-small:1.92%;--awb-spacing-left-small:1.92%;\"><div class=\"fusion-column-wrapper fusion-column-has-shadow fusion-flex-justify-content-flex-start fusion-content-layout-column fusion-empty-column-bg-image fusion-column-has-bg-image\" data-bg-url=\"https:\/\/www.visitaltogarda.it\/wp-content\/uploads\/2021\/04\/Panorama-Santuario-2.jpg\"><img decoding=\"async\" class=\"fusion-empty-dims-img-placeholder\" aria-label=\"Panorama Santuario 2\" src=\"data:image\/svg+xml,%3Csvg%20xmlns%3D%27http%3A%2F%2Fwww.w3.org%2F2000%2Fsvg%27%20width%3D%271620%27%20height%3D%271080%27%20viewBox%3D%270%200%201620%201080%27%3E%3Crect%20width%3D%271620%27%20height%3D%271080%27%20fill-opacity%3D%220%22%2F%3E%3C%2Fsvg%3E\"><\/div><\/div><div class=\"fusion-layout-column fusion_builder_column fusion-builder-column-3 fusion_builder_column_1_2 1_2 fusion-flex-column fusion-flex-align-self-stretch\" style=\"--awb-padding-top:55px;--awb-padding-right:30px;--awb-padding-left:30px;--awb-overflow:hidden;--awb-bg-image:url(&#039;https:\/\/www.visitaltogarda.it\/wp-content\/uploads\/2021\/11\/Nembrone-e-la-rotonda-del-fil.jpg&#039;);--awb-bg-position:center center;--awb-bg-blend:overlay;--awb-bg-size:cover;--awb-box-shadow:0px 10px 51px 3px rgba(0,0,0,0.15);;--awb-border-radius:10px 10px 10px 10px;--awb-width-large:50%;--awb-margin-top-large:0px;--awb-spacing-right-large:14.784%;--awb-margin-bottom-large:20px;--awb-spacing-left-large:101.5px;--awb-width-medium:50%;--awb-spacing-right-medium:14.784%;--awb-spacing-left-medium:101.5px;--awb-width-small:100%;--awb-spacing-right-small:1.92%;--awb-spacing-left-small:1.92%;\"><div class=\"fusion-column-wrapper fusion-column-has-shadow fusion-flex-justify-content-flex-start fusion-content-layout-column fusion-empty-column-bg-image fusion-column-has-bg-image\" data-bg-url=\"https:\/\/www.visitaltogarda.it\/wp-content\/uploads\/2021\/11\/Nembrone-e-la-rotonda-del-fil.jpg\"><img decoding=\"async\" class=\"fusion-empty-dims-img-placeholder\" aria-label=\"Nembrone e la rotonda del fil\" src=\"data:image\/svg+xml,%3Csvg%20xmlns%3D%27http%3A%2F%2Fwww.w3.org%2F2000%2Fsvg%27%20width%3D%27720%27%20height%3D%271080%27%20viewBox%3D%270%200%20720%201080%27%3E%3Crect%20width%3D%27720%27%20height%3D%271080%27%20fill-opacity%3D%220%22%2F%3E%3C%2Fsvg%3E\"><\/div><\/div><div class=\"fusion-layout-column fusion_builder_column fusion-builder-column-4 fusion_builder_column_1_2 1_2 fusion-flex-column fusion-flex-align-self-stretch\" style=\"--awb-padding-top:55px;--awb-padding-right:30px;--awb-padding-bottom:85.974px;--awb-padding-left:30px;--awb-overflow:hidden;--awb-bg-image:url(&#039;https:\/\/www.visitaltogarda.it\/wp-content\/uploads\/2021\/11\/tignale.jpg&#039;);--awb-bg-position:center center;--awb-bg-blend:overlay;--awb-bg-size:cover;--awb-box-shadow:0px 10px 51px 3px rgba(0,0,0,0.15);;--awb-border-radius:10px 10px 10px 10px;--awb-width-large:50%;--awb-margin-top-large:0px;--awb-spacing-right-large:14.592%;--awb-margin-bottom-large:20px;--awb-spacing-left-large:101.5px;--awb-width-medium:50%;--awb-spacing-right-medium:14.592%;--awb-spacing-left-medium:101.5px;--awb-width-small:100%;--awb-spacing-right-small:1.92%;--awb-spacing-left-small:1.92%;\"><div class=\"fusion-column-wrapper fusion-column-has-shadow fusion-flex-justify-content-flex-start fusion-content-layout-column fusion-empty-column-bg-image fusion-column-has-bg-image\" data-bg-url=\"https:\/\/www.visitaltogarda.it\/wp-content\/uploads\/2021\/11\/tignale.jpg\"><img decoding=\"async\" class=\"fusion-empty-dims-img-placeholder\" aria-label=\"tignale\" src=\"data:image\/svg+xml,%3Csvg%20xmlns%3D%27http%3A%2F%2Fwww.w3.org%2F2000%2Fsvg%27%20width%3D%271620%27%20height%3D%271080%27%20viewBox%3D%270%200%201620%201080%27%3E%3Crect%20width%3D%271620%27%20height%3D%271080%27%20fill-opacity%3D%220%22%2F%3E%3C%2Fsvg%3E\"><\/div><\/div><div class=\"fusion-layout-column fusion_builder_column fusion-builder-column-5 fusion_builder_column_1_2 1_2 fusion-flex-column fusion-flex-align-self-stretch\" style=\"--awb-padding-top:55px;--awb-padding-right:30px;--awb-padding-bottom:85.974px;--awb-padding-left:30px;--awb-overflow:hidden;--awb-bg-image:url(&#039;https:\/\/www.visitaltogarda.it\/wp-content\/uploads\/2021\/11\/tignale2.jpg&#039;);--awb-bg-position:center center;--awb-bg-blend:overlay;--awb-bg-size:cover;--awb-box-shadow:0px 10px 51px 3px rgba(0,0,0,0.15);;--awb-border-radius:10px 10px 10px 10px;--awb-width-large:50%;--awb-margin-top-large:0px;--awb-spacing-right-large:14.592%;--awb-margin-bottom-large:20px;--awb-spacing-left-large:101.5px;--awb-width-medium:50%;--awb-spacing-right-medium:14.592%;--awb-spacing-left-medium:101.5px;--awb-width-small:100%;--awb-spacing-right-small:1.92%;--awb-spacing-left-small:1.92%;\"><div class=\"fusion-column-wrapper fusion-column-has-shadow fusion-flex-justify-content-flex-start fusion-content-layout-column fusion-empty-column-bg-image fusion-column-has-bg-image\" data-bg-url=\"https:\/\/www.visitaltogarda.it\/wp-content\/uploads\/2021\/11\/tignale2.jpg\"><img decoding=\"async\" class=\"fusion-empty-dims-img-placeholder\" aria-label=\"tignale2\" src=\"data:image\/svg+xml,%3Csvg%20xmlns%3D%27http%3A%2F%2Fwww.w3.org%2F2000%2Fsvg%27%20width%3D%271620%27%20height%3D%271080%27%20viewBox%3D%270%200%201620%201080%27%3E%3Crect%20width%3D%271620%27%20height%3D%271080%27%20fill-opacity%3D%220%22%2F%3E%3C%2Fsvg%3E\"><\/div><\/div><\/div><\/div><\/div><div class=\"fusion-fullwidth fullwidth-box fusion-builder-row-3 fusion-flex-container nonhundred-percent-fullwidth non-hundred-percent-height-scrolling\" style=\"--awb-border-radius-top-left:0px;--awb-border-radius-top-right:0px;--awb-border-radius-bottom-right:0px;--awb-border-radius-bottom-left:0px;--awb-flex-wrap:wrap;\" ><div class=\"fusion-builder-row fusion-row fusion-flex-align-items-flex-start fusion-flex-content-wrap\" style=\"max-width:1248px;margin-left: calc(-4% \/ 2 );margin-right: calc(-4% \/ 2 );\"><div class=\"fusion-layout-column fusion_builder_column fusion-builder-column-6 fusion_builder_column_1_1 1_1 fusion-flex-column\" style=\"--awb-padding-bottom:464.98199999999997px;--awb-padding-left:110px;--awb-bg-image:url(&#039;https:\/\/www.visitaltogarda.it\/wp-content\/uploads\/2021\/11\/Altopiano-di-Tignale-dallalto.jpg&#039;);--awb-bg-size:cover;--awb-width-large:100%;--awb-margin-top-large:0px;--awb-spacing-right-large:7.872%;--awb-margin-bottom-large:0px;--awb-spacing-left-large:12.96%;--awb-width-medium:100%;--awb-order-medium:0;--awb-spacing-right-medium:7.872%;--awb-spacing-left-medium:12.96%;--awb-width-small:100%;--awb-order-small:0;--awb-spacing-right-small:1.92%;--awb-spacing-left-small:1.92%;\"><div class=\"fusion-column-wrapper fusion-column-has-shadow fusion-flex-justify-content-flex-start fusion-content-layout-column fusion-empty-column-bg-image fusion-column-has-bg-image\" data-bg-url=\"https:\/\/www.visitaltogarda.it\/wp-content\/uploads\/2021\/11\/Altopiano-di-Tignale-dallalto.jpg\"><img decoding=\"async\" class=\"fusion-empty-dims-img-placeholder\" aria-label=\"Altopiano di Tignale dall&#8217;alto\" src=\"data:image\/svg+xml,%3Csvg%20xmlns%3D%27http%3A%2F%2Fwww.w3.org%2F2000%2Fsvg%27%20width%3D%271620%27%20height%3D%271080%27%20viewBox%3D%270%200%201620%201080%27%3E%3Crect%20width%3D%271620%27%20height%3D%271080%27%20fill-opacity%3D%220%22%2F%3E%3C%2Fsvg%3E\"><\/div><\/div><\/div><\/div><\/p>\n","protected":false},"excerpt":{"rendered":"","protected":false},"author":1,"featured_media":0,"parent":0,"menu_order":0,"comment_status":"closed","ping_status":"closed","template":"","meta":{"footnotes":""},"class_list":["post-5630","page","type-page","status-publish","hentry"],"yoast_head":"<!-- This site is optimized with the Yoast SEO plugin v27.4 - https:\/\/yoast.com\/product\/yoast-seo-wordpress\/ -->\n<title>L&#039;anfiteatro di Tignale e le sue viste mozzafiato - Visit Alto Garda<\/title>\n<meta name=\"robots\" content=\"index, follow, max-snippet:-1, max-image-preview:large, max-video-preview:-1\" \/>\n<link rel=\"canonical\" href=\"https:\/\/www.visitaltogarda.it\/it\/lanfiteatro-di-tignale-e-le-sue-viste-mozzafiato\/\" \/>\n<meta property=\"og:locale\" content=\"it_IT\" \/>\n<meta property=\"og:type\" content=\"article\" \/>\n<meta property=\"og:title\" content=\"L&#039;anfiteatro di Tignale e le sue viste mozzafiato - Visit Alto Garda\" \/>\n<meta property=\"og:url\" content=\"https:\/\/www.visitaltogarda.it\/it\/lanfiteatro-di-tignale-e-le-sue-viste-mozzafiato\/\" \/>\n<meta property=\"og:site_name\" content=\"Visit Alto Garda\" \/>\n<meta property=\"article:modified_time\" content=\"2021-12-15T11:52:37+00:00\" \/>\n<meta name=\"twitter:card\" content=\"summary_large_image\" \/>\n<meta name=\"twitter:label1\" content=\"Tempo di lettura stimato\" \/>\n\t<meta name=\"twitter:data1\" content=\"9 minuti\" \/>\n<script type=\"application\/ld+json\" class=\"yoast-schema-graph\">{\"@context\":\"https:\\\/\\\/schema.org\",\"@graph\":[{\"@type\":\"WebPage\",\"@id\":\"https:\\\/\\\/www.visitaltogarda.it\\\/it\\\/lanfiteatro-di-tignale-e-le-sue-viste-mozzafiato\\\/\",\"url\":\"https:\\\/\\\/www.visitaltogarda.it\\\/it\\\/lanfiteatro-di-tignale-e-le-sue-viste-mozzafiato\\\/\",\"name\":\"L'anfiteatro di Tignale e le sue viste mozzafiato - Visit Alto Garda\",\"isPartOf\":{\"@id\":\"https:\\\/\\\/www.visitaltogarda.it\\\/it\\\/#website\"},\"datePublished\":\"2021-04-23T09:04:38+00:00\",\"dateModified\":\"2021-12-15T11:52:37+00:00\",\"breadcrumb\":{\"@id\":\"https:\\\/\\\/www.visitaltogarda.it\\\/it\\\/lanfiteatro-di-tignale-e-le-sue-viste-mozzafiato\\\/#breadcrumb\"},\"inLanguage\":\"it-IT\",\"potentialAction\":[{\"@type\":\"ReadAction\",\"target\":[\"https:\\\/\\\/www.visitaltogarda.it\\\/it\\\/lanfiteatro-di-tignale-e-le-sue-viste-mozzafiato\\\/\"]}]},{\"@type\":\"BreadcrumbList\",\"@id\":\"https:\\\/\\\/www.visitaltogarda.it\\\/it\\\/lanfiteatro-di-tignale-e-le-sue-viste-mozzafiato\\\/#breadcrumb\",\"itemListElement\":[{\"@type\":\"ListItem\",\"position\":1,\"name\":\"Home\",\"item\":\"https:\\\/\\\/www.visitaltogarda.it\\\/it\\\/\"},{\"@type\":\"ListItem\",\"position\":2,\"name\":\"L&#8217;anfiteatro di Tignale e le sue viste mozzafiato\"}]},{\"@type\":\"WebSite\",\"@id\":\"https:\\\/\\\/www.visitaltogarda.it\\\/it\\\/#website\",\"url\":\"https:\\\/\\\/www.visitaltogarda.it\\\/it\\\/\",\"name\":\"Visit Alto Garda\",\"description\":\"La tua vacanza organizzata nell'Alto Garda Bresciano. Informati e prenota online dal Portale ufficiale dell'Alto Garda.\",\"potentialAction\":[{\"@type\":\"SearchAction\",\"target\":{\"@type\":\"EntryPoint\",\"urlTemplate\":\"https:\\\/\\\/www.visitaltogarda.it\\\/it\\\/?s={search_term_string}\"},\"query-input\":{\"@type\":\"PropertyValueSpecification\",\"valueRequired\":true,\"valueName\":\"search_term_string\"}}],\"inLanguage\":\"it-IT\"}]}<\/script>\n<!-- \/ Yoast SEO plugin. -->","yoast_head_json":{"title":"L'anfiteatro di Tignale e le sue viste mozzafiato - Visit Alto Garda","robots":{"index":"index","follow":"follow","max-snippet":"max-snippet:-1","max-image-preview":"max-image-preview:large","max-video-preview":"max-video-preview:-1"},"canonical":"https:\/\/www.visitaltogarda.it\/it\/lanfiteatro-di-tignale-e-le-sue-viste-mozzafiato\/","og_locale":"it_IT","og_type":"article","og_title":"L'anfiteatro di Tignale e le sue viste mozzafiato - Visit Alto Garda","og_url":"https:\/\/www.visitaltogarda.it\/it\/lanfiteatro-di-tignale-e-le-sue-viste-mozzafiato\/","og_site_name":"Visit Alto Garda","article_modified_time":"2021-12-15T11:52:37+00:00","twitter_card":"summary_large_image","twitter_misc":{"Tempo di lettura stimato":"9 minuti"},"schema":{"@context":"https:\/\/schema.org","@graph":[{"@type":"WebPage","@id":"https:\/\/www.visitaltogarda.it\/it\/lanfiteatro-di-tignale-e-le-sue-viste-mozzafiato\/","url":"https:\/\/www.visitaltogarda.it\/it\/lanfiteatro-di-tignale-e-le-sue-viste-mozzafiato\/","name":"L'anfiteatro di Tignale e le sue viste mozzafiato - Visit Alto Garda","isPartOf":{"@id":"https:\/\/www.visitaltogarda.it\/it\/#website"},"datePublished":"2021-04-23T09:04:38+00:00","dateModified":"2021-12-15T11:52:37+00:00","breadcrumb":{"@id":"https:\/\/www.visitaltogarda.it\/it\/lanfiteatro-di-tignale-e-le-sue-viste-mozzafiato\/#breadcrumb"},"inLanguage":"it-IT","potentialAction":[{"@type":"ReadAction","target":["https:\/\/www.visitaltogarda.it\/it\/lanfiteatro-di-tignale-e-le-sue-viste-mozzafiato\/"]}]},{"@type":"BreadcrumbList","@id":"https:\/\/www.visitaltogarda.it\/it\/lanfiteatro-di-tignale-e-le-sue-viste-mozzafiato\/#breadcrumb","itemListElement":[{"@type":"ListItem","position":1,"name":"Home","item":"https:\/\/www.visitaltogarda.it\/it\/"},{"@type":"ListItem","position":2,"name":"L&#8217;anfiteatro di Tignale e le sue viste mozzafiato"}]},{"@type":"WebSite","@id":"https:\/\/www.visitaltogarda.it\/it\/#website","url":"https:\/\/www.visitaltogarda.it\/it\/","name":"Visit Alto Garda","description":"La tua vacanza organizzata nell'Alto Garda Bresciano. Informati e prenota online dal Portale ufficiale dell'Alto Garda.","potentialAction":[{"@type":"SearchAction","target":{"@type":"EntryPoint","urlTemplate":"https:\/\/www.visitaltogarda.it\/it\/?s={search_term_string}"},"query-input":{"@type":"PropertyValueSpecification","valueRequired":true,"valueName":"search_term_string"}}],"inLanguage":"it-IT"}]}},"_links":{"self":[{"href":"https:\/\/www.visitaltogarda.it\/it\/wp-json\/wp\/v2\/pages\/5630","targetHints":{"allow":["GET"]}}],"collection":[{"href":"https:\/\/www.visitaltogarda.it\/it\/wp-json\/wp\/v2\/pages"}],"about":[{"href":"https:\/\/www.visitaltogarda.it\/it\/wp-json\/wp\/v2\/types\/page"}],"author":[{"embeddable":true,"href":"https:\/\/www.visitaltogarda.it\/it\/wp-json\/wp\/v2\/users\/1"}],"replies":[{"embeddable":true,"href":"https:\/\/www.visitaltogarda.it\/it\/wp-json\/wp\/v2\/comments?post=5630"}],"version-history":[{"count":28,"href":"https:\/\/www.visitaltogarda.it\/it\/wp-json\/wp\/v2\/pages\/5630\/revisions"}],"predecessor-version":[{"id":8364,"href":"https:\/\/www.visitaltogarda.it\/it\/wp-json\/wp\/v2\/pages\/5630\/revisions\/8364"}],"wp:attachment":[{"href":"https:\/\/www.visitaltogarda.it\/it\/wp-json\/wp\/v2\/media?parent=5630"}],"curies":[{"name":"wp","href":"https:\/\/api.w.org\/{rel}","templated":true}]}}