{"id":5003,"date":"2021-03-23T17:06:22","date_gmt":"2021-03-23T16:06:22","guid":{"rendered":"https:\/\/www.visitaltogarda.it\/?page_id=5003"},"modified":"2021-12-15T12:52:56","modified_gmt":"2021-12-15T11:52:56","slug":"la-rugiada-delle-alpi","status":"publish","type":"page","link":"https:\/\/www.visitaltogarda.it\/it\/la-rugiada-delle-alpi\/","title":{"rendered":"La Grappa amata da D&#8217;Annunzio"},"content":{"rendered":"<p><div class=\"fusion-fullwidth fullwidth-box fusion-builder-row-1 fusion-flex-container fusion-parallax-none hundred-percent-fullwidth non-hundred-percent-height-scrolling\" style=\"--awb-background-blend-mode:overlay;--awb-border-radius-top-left:0px;--awb-border-radius-top-right:0px;--awb-border-radius-bottom-right:0px;--awb-border-radius-bottom-left:0px;--awb-min-height:350px;--awb-background-color:rgba(0,0,0,0.17);--awb-background-image:url(&quot;https:\/\/www.visitaltogarda.it\/wp-content\/uploads\/2021\/03\/grappe.jpg&quot;);--awb-background-size:cover;--awb-flex-wrap:wrap;\" ><div class=\"fusion-builder-row fusion-row fusion-flex-align-items-flex-start fusion-flex-align-content-center fusion-flex-justify-content-center fusion-flex-content-wrap\" style=\"width:104% !important;max-width:104% !important;margin-left: calc(-4% \/ 2 );margin-right: calc(-4% \/ 2 );\"><div class=\"fusion-layout-column fusion_builder_column fusion-builder-column-0 fusion_builder_column_1_1 1_1 fusion-flex-column\" style=\"--awb-bg-size:cover;--awb-width-large:100%;--awb-margin-top-large:0px;--awb-spacing-right-large:1.92%;--awb-margin-bottom-large:20px;--awb-spacing-left-large:1.92%;--awb-width-medium:100%;--awb-order-medium:0;--awb-spacing-right-medium:1.92%;--awb-spacing-left-medium:1.92%;--awb-width-small:100%;--awb-order-small:0;--awb-spacing-right-small:1.92%;--awb-spacing-left-small:1.92%;\"><div class=\"fusion-column-wrapper fusion-column-has-shadow fusion-flex-justify-content-center fusion-content-layout-row\"><div class=\"fusion-title title fusion-title-1 fusion-title-text fusion-title-size-one\" style=\"--awb-margin-top:30px;--awb-margin-top-small:10px;--awb-margin-right-small:0px;--awb-margin-bottom-small:10px;--awb-margin-left-small:0px;\"><div class=\"title-sep-container title-sep-container-left fusion-no-large-visibility fusion-no-medium-visibility fusion-no-small-visibility\"><div class=\"title-sep sep-double sep-solid\" style=\"border-color:#e2e2e2;\"><\/div><\/div><span class=\"awb-title-spacer fusion-no-large-visibility fusion-no-medium-visibility fusion-no-small-visibility\"><\/span><h1 class=\"fusion-title-heading title-heading-left fusion-responsive-typography-calculated\" style=\"margin:0;--fontSize:80;line-height:1.4;text-shadow:1px 1px 4px rgba(0,0,0,0.74);\">La Grappa amata da D&#8217;Annunzio<\/h1><span class=\"awb-title-spacer\"><\/span><div class=\"title-sep-container title-sep-container-right\"><div class=\"title-sep sep-double sep-solid\" style=\"border-color:#e2e2e2;\"><\/div><\/div><\/div><\/div><\/div><\/div><\/div><div id=\"benvenuto\" class=\"fusion-container-anchor\"><div class=\"fusion-fullwidth fullwidth-box fusion-builder-row-2 fusion-flex-container nonhundred-percent-fullwidth non-hundred-percent-height-scrolling\" style=\"--awb-background-position:left top;--awb-border-sizes-top:0px;--awb-border-sizes-bottom:0px;--awb-border-sizes-left:0px;--awb-border-sizes-right:0px;--awb-border-radius-top-left:0px;--awb-border-radius-top-right:0px;--awb-border-radius-bottom-right:0px;--awb-border-radius-bottom-left:0px;--awb-padding-top:30px;--awb-padding-bottom:70px;--awb-flex-wrap:wrap;\" ><div class=\"fusion-builder-row fusion-row fusion-flex-align-items-flex-start fusion-flex-justify-content-center fusion-flex-content-wrap\" style=\"max-width:1248px;margin-left: calc(-4% \/ 2 );margin-right: calc(-4% \/ 2 );\"><div class=\"fusion-layout-column fusion_builder_column fusion-builder-column-1 fusion_builder_column_1_1 1_1 fusion-flex-column fusion-flex-align-self-flex-start fusion-column-no-min-height\" style=\"--awb-padding-bottom:20px;--awb-bg-size:cover;--awb-width-large:100%;--awb-margin-top-large:0px;--awb-spacing-right-large:1.92%;--awb-margin-bottom-large:20px;--awb-spacing-left-large:1.92%;--awb-width-medium:100%;--awb-spacing-right-medium:1.92%;--awb-spacing-left-medium:1.92%;--awb-width-small:100%;--awb-spacing-right-small:1.92%;--awb-spacing-left-small:1.92%;\"><div class=\"fusion-column-wrapper fusion-flex-justify-content-flex-start fusion-content-layout-column\"><div class=\"fusion-text fusion-text-1\" style=\"--awb-content-alignment:center;\"><p style=\"text-align: justify;\">Narra la storia della <b>Distilleria Bettanini<\/b> che, attorno al 1930, Gabriele D\u2019Annunzio, frequentatore della zona ed estimatore del distillato prodotta a Prabione di Tignale, durante una delle sue frequenti visite, ne sugger\u00ec ad Alessandro Bettanini il nome. Un\u00ec poeticamente il luogo di produzione posto \u201cai piedi delle Alpi\u201d con l\u2019aspetto cristallino della grappa che ricorda le gocce di rugiada, nome con il quale la<b> Grappa Rugiada delle Alpi <\/b>\u00e8 conosciuta, <span style=\"background-color: rgba(255, 255, 255, 0); color: var(--body_typography-color); font-family: var(--body_typography-font-family); font-size: var(--body_typography-font-size); font-style: var(--body_typography-font-style,normal); font-weight: var(--body_typography-font-weight); letter-spacing: var(--body_typography-letter-spacing);\">ancora oggi, <\/span><span style=\"background-color: rgba(255, 255, 255, 0); color: var(--body_typography-color); font-family: var(--body_typography-font-family); font-size: var(--body_typography-font-size); font-style: var(--body_typography-font-style,normal); font-weight: var(--body_typography-font-weight); letter-spacing: var(--body_typography-letter-spacing);\">in Italia e all&#8217;estero.<\/span><\/p>\n<p style=\"text-align: justify;\"><span style=\"background-color: rgba(255, 255, 255, 0); color: var(--body_typography-color); font-family: var(--body_typography-font-family); font-size: var(--body_typography-font-size); font-style: var(--body_typography-font-style,normal); font-weight: var(--body_typography-font-weight); letter-spacing: var(--body_typography-letter-spacing);\">Ma la sua storia inizia molto prima.<\/span><\/p>\n<p style=\"text-align: justify;\">L\u2019attivit\u00e0 di distillazione fu avviata nella seconda met\u00e0 del 1800 quando Marco Bettanini, padre di Alessandro, acquist\u00f2 a un\u2019asta della Finanza, un alambicco in rame della seconda met\u00e0 del \u2018700: era stato sequestrato in un paese vicino perch\u00e9 privo di autorizzazioni, era stato legalizzato e poi ceduto al miglior offerente. Marco Bettanini, proprietario di una fiorente azienda agricola a Prabione di Tignale, in un\u2019epoca in cui nulla veniva sprecato, decise di acquistarlo per sfruttare le vinacce, residuo povero della lavorazione del vino.<\/p>\n<div style=\"text-align: justify;\"><span style=\"background-color: rgba(255, 255, 255, 0); color: var(--body_typography-color); font-family: var(--body_typography-font-family); font-size: var(--body_typography-font-size); font-style: var(--body_typography-font-style,normal); font-weight: var(--body_typography-font-weight); letter-spacing: var(--body_typography-letter-spacing);\">Grazie alla passione per i ritmi e le cose semplici del passato e alla volont\u00e0 di preservare questa tradizione che accomuna ancora oggi i membri della famiglia Bettanini Virdia, l\u2019antico rito della distillazione si rinnova ogni anno, per un massimo di undici giorni, con le stesse attrezzature e gli stessi metodi del passato.<\/span><\/div>\n<div style=\"text-align: justify;\"><span style=\"background-color: rgba(255, 255, 255, 0); color: var(--body_typography-color); font-family: var(--body_typography-font-family); font-size: var(--body_typography-font-size); font-style: var(--body_typography-font-style,normal); font-weight: var(--body_typography-font-weight); letter-spacing: var(--body_typography-letter-spacing);\">La piccola produzione, limitata dalla legge, per questo tipo di alambicco, a soli 300 litri di alcool puro all\u2019anno (1.250 bottiglie da \u00bd litro a 48\u00b0) e il metodo totalmente manuale di produzione consentono la selezione scrupolosa delle vinacce e, attraverso l\u2019intervento diretto del distillatore, l\u2019estrazione selettiva dei peculiari aromi che caratterizzano il prodotto.<\/span><\/div><\/p>\n<\/div><div class=\"fusion-separator fusion-full-width-sep\" style=\"align-self: center;margin-left: auto;margin-right: auto;margin-top:15px;width:100%;\"><\/div><\/div><\/div><div class=\"fusion-layout-column fusion_builder_column fusion-builder-column-2 fusion_builder_column_1_3 1_3 fusion-flex-column fusion-flex-align-self-stretch\" style=\"--awb-padding-top:90px;--awb-padding-right:90px;--awb-padding-bottom:249.992px;--awb-padding-left:90px;--awb-overflow:hidden;--awb-bg-image:url(&#039;https:\/\/www.visitaltogarda.it\/wp-content\/uploads\/2021\/03\/Marco-Bruno-214x300.jpg&#039;);--awb-bg-size:cover;--awb-box-shadow:0px 10px 51px 3px rgba(0,0,0,0.15);;--awb-border-radius:10px 10px 10px 10px;--awb-width-large:33.333333333333%;--awb-margin-top-large:0px;--awb-spacing-right-large:5.76%;--awb-margin-bottom-large:20px;--awb-spacing-left-large:7.5px;--awb-width-medium:33.333333333333%;--awb-spacing-right-medium:5.76%;--awb-spacing-left-medium:7.5px;--awb-width-small:100%;--awb-spacing-right-small:1.92%;--awb-spacing-left-small:1.92%;\"><div class=\"fusion-column-wrapper fusion-column-has-shadow fusion-flex-justify-content-flex-start fusion-content-layout-column fusion-empty-column-bg-image fusion-column-has-bg-image\" data-bg-url=\"https:\/\/www.visitaltogarda.it\/wp-content\/uploads\/2021\/03\/Marco-Bruno-214x300.jpg\"><img decoding=\"async\" class=\"fusion-empty-dims-img-placeholder\" aria-label=\"Marco Bruno\" src=\"data:image\/svg+xml,%3Csvg%20xmlns%3D%27http%3A%2F%2Fwww.w3.org%2F2000%2Fsvg%27%20width%3D%27214%27%20height%3D%27300%27%20viewBox%3D%270%200%20214%20300%27%3E%3Crect%20width%3D%27214%27%20height%3D%27300%27%20fill-opacity%3D%220%22%2F%3E%3C%2Fsvg%3E\"><\/div><\/div><div class=\"fusion-layout-column fusion_builder_column fusion-builder-column-3 fusion_builder_column_1_3 1_3 fusion-flex-column fusion-flex-align-self-stretch\" style=\"--awb-padding-top:55px;--awb-padding-right:30px;--awb-padding-left:30px;--awb-overflow:hidden;--awb-bg-image:url(&#039;https:\/\/www.visitaltogarda.it\/wp-content\/uploads\/2021\/03\/Marco-10-235x300.jpg&#039;);--awb-bg-position:left center;--awb-bg-size:cover;--awb-box-shadow:0px 10px 51px 3px rgba(0,0,0,0.15);;--awb-border-radius:10px 10px 10px 10px;--awb-width-large:33.333333333333%;--awb-margin-top-large:0px;--awb-spacing-right-large:5.76%;--awb-margin-bottom-large:20px;--awb-spacing-left-large:7.5px;--awb-width-medium:33.333333333333%;--awb-spacing-right-medium:5.76%;--awb-spacing-left-medium:7.5px;--awb-width-small:100%;--awb-spacing-right-small:1.92%;--awb-spacing-left-small:1.92%;\"><div class=\"fusion-column-wrapper fusion-column-has-shadow fusion-flex-justify-content-flex-start fusion-content-layout-column fusion-empty-column-bg-image fusion-column-has-bg-image\" data-bg-url=\"https:\/\/www.visitaltogarda.it\/wp-content\/uploads\/2021\/03\/Marco-10-235x300.jpg\"><img decoding=\"async\" class=\"fusion-empty-dims-img-placeholder\" aria-label=\"Marco 10\" src=\"data:image\/svg+xml,%3Csvg%20xmlns%3D%27http%3A%2F%2Fwww.w3.org%2F2000%2Fsvg%27%20width%3D%27235%27%20height%3D%27300%27%20viewBox%3D%270%200%20235%20300%27%3E%3Crect%20width%3D%27235%27%20height%3D%27300%27%20fill-opacity%3D%220%22%2F%3E%3C%2Fsvg%3E\"><\/div><\/div><div class=\"fusion-layout-column fusion_builder_column fusion-builder-column-4 fusion_builder_column_1_3 1_3 fusion-flex-column fusion-flex-align-self-stretch\" style=\"--awb-padding-top:55px;--awb-padding-right:30px;--awb-padding-left:30px;--awb-overflow:hidden;--awb-bg-image:url(&#039;https:\/\/www.visitaltogarda.it\/wp-content\/uploads\/2021\/03\/Marco-18-215x300.jpg&#039;);--awb-bg-position:left center;--awb-bg-size:cover;--awb-box-shadow:0px 10px 51px 3px rgba(0,0,0,0.15);;--awb-border-radius:10px 10px 10px 10px;--awb-width-large:33.333333333333%;--awb-margin-top-large:0px;--awb-spacing-right-large:5.76%;--awb-margin-bottom-large:20px;--awb-spacing-left-large:7.5px;--awb-width-medium:33.333333333333%;--awb-spacing-right-medium:5.76%;--awb-spacing-left-medium:7.5px;--awb-width-small:100%;--awb-spacing-right-small:1.92%;--awb-spacing-left-small:1.92%;\"><div class=\"fusion-column-wrapper fusion-column-has-shadow fusion-flex-justify-content-flex-start fusion-content-layout-column fusion-empty-column-bg-image fusion-column-has-bg-image\" data-bg-url=\"https:\/\/www.visitaltogarda.it\/wp-content\/uploads\/2021\/03\/Marco-18-215x300.jpg\"><img decoding=\"async\" class=\"fusion-empty-dims-img-placeholder\" aria-label=\"Marco 18\" src=\"data:image\/svg+xml,%3Csvg%20xmlns%3D%27http%3A%2F%2Fwww.w3.org%2F2000%2Fsvg%27%20width%3D%27215%27%20height%3D%27300%27%20viewBox%3D%270%200%20215%20300%27%3E%3Crect%20width%3D%27215%27%20height%3D%27300%27%20fill-opacity%3D%220%22%2F%3E%3C%2Fsvg%3E\"><\/div><\/div><\/div><\/div><\/div><\/p>\n","protected":false},"excerpt":{"rendered":"","protected":false},"author":1,"featured_media":0,"parent":0,"menu_order":0,"comment_status":"closed","ping_status":"closed","template":"","meta":{"footnotes":""},"class_list":["post-5003","page","type-page","status-publish","hentry"],"yoast_head":"<!-- This site is optimized with the Yoast SEO plugin v27.4 - https:\/\/yoast.com\/product\/yoast-seo-wordpress\/ -->\n<title>La Grappa amata da D&#039;Annunzio - Visit Alto Garda<\/title>\n<meta name=\"robots\" content=\"index, follow, max-snippet:-1, max-image-preview:large, max-video-preview:-1\" \/>\n<link rel=\"canonical\" href=\"https:\/\/www.visitaltogarda.it\/it\/la-rugiada-delle-alpi\/\" \/>\n<meta property=\"og:locale\" content=\"it_IT\" \/>\n<meta property=\"og:type\" content=\"article\" \/>\n<meta property=\"og:title\" content=\"La Grappa amata da D&#039;Annunzio - Visit Alto Garda\" \/>\n<meta property=\"og:url\" content=\"https:\/\/www.visitaltogarda.it\/it\/la-rugiada-delle-alpi\/\" \/>\n<meta property=\"og:site_name\" content=\"Visit Alto Garda\" \/>\n<meta property=\"article:modified_time\" content=\"2021-12-15T11:52:56+00:00\" \/>\n<meta name=\"twitter:card\" content=\"summary_large_image\" \/>\n<meta name=\"twitter:label1\" content=\"Tempo di lettura stimato\" \/>\n\t<meta name=\"twitter:data1\" content=\"8 minuti\" \/>\n<script type=\"application\/ld+json\" class=\"yoast-schema-graph\">{\"@context\":\"https:\\\/\\\/schema.org\",\"@graph\":[{\"@type\":\"WebPage\",\"@id\":\"https:\\\/\\\/www.visitaltogarda.it\\\/it\\\/la-rugiada-delle-alpi\\\/\",\"url\":\"https:\\\/\\\/www.visitaltogarda.it\\\/it\\\/la-rugiada-delle-alpi\\\/\",\"name\":\"La Grappa amata da D'Annunzio - Visit Alto Garda\",\"isPartOf\":{\"@id\":\"https:\\\/\\\/www.visitaltogarda.it\\\/it\\\/#website\"},\"datePublished\":\"2021-03-23T16:06:22+00:00\",\"dateModified\":\"2021-12-15T11:52:56+00:00\",\"breadcrumb\":{\"@id\":\"https:\\\/\\\/www.visitaltogarda.it\\\/it\\\/la-rugiada-delle-alpi\\\/#breadcrumb\"},\"inLanguage\":\"it-IT\",\"potentialAction\":[{\"@type\":\"ReadAction\",\"target\":[\"https:\\\/\\\/www.visitaltogarda.it\\\/it\\\/la-rugiada-delle-alpi\\\/\"]}]},{\"@type\":\"BreadcrumbList\",\"@id\":\"https:\\\/\\\/www.visitaltogarda.it\\\/it\\\/la-rugiada-delle-alpi\\\/#breadcrumb\",\"itemListElement\":[{\"@type\":\"ListItem\",\"position\":1,\"name\":\"Home\",\"item\":\"https:\\\/\\\/www.visitaltogarda.it\\\/it\\\/\"},{\"@type\":\"ListItem\",\"position\":2,\"name\":\"La Grappa amata da D&#8217;Annunzio\"}]},{\"@type\":\"WebSite\",\"@id\":\"https:\\\/\\\/www.visitaltogarda.it\\\/it\\\/#website\",\"url\":\"https:\\\/\\\/www.visitaltogarda.it\\\/it\\\/\",\"name\":\"Visit Alto Garda\",\"description\":\"La tua vacanza organizzata nell'Alto Garda Bresciano. Informati e prenota online dal Portale ufficiale dell'Alto Garda.\",\"potentialAction\":[{\"@type\":\"SearchAction\",\"target\":{\"@type\":\"EntryPoint\",\"urlTemplate\":\"https:\\\/\\\/www.visitaltogarda.it\\\/it\\\/?s={search_term_string}\"},\"query-input\":{\"@type\":\"PropertyValueSpecification\",\"valueRequired\":true,\"valueName\":\"search_term_string\"}}],\"inLanguage\":\"it-IT\"}]}<\/script>\n<!-- \/ Yoast SEO plugin. -->","yoast_head_json":{"title":"La Grappa amata da D'Annunzio - Visit Alto Garda","robots":{"index":"index","follow":"follow","max-snippet":"max-snippet:-1","max-image-preview":"max-image-preview:large","max-video-preview":"max-video-preview:-1"},"canonical":"https:\/\/www.visitaltogarda.it\/it\/la-rugiada-delle-alpi\/","og_locale":"it_IT","og_type":"article","og_title":"La Grappa amata da D'Annunzio - Visit Alto Garda","og_url":"https:\/\/www.visitaltogarda.it\/it\/la-rugiada-delle-alpi\/","og_site_name":"Visit Alto Garda","article_modified_time":"2021-12-15T11:52:56+00:00","twitter_card":"summary_large_image","twitter_misc":{"Tempo di lettura stimato":"8 minuti"},"schema":{"@context":"https:\/\/schema.org","@graph":[{"@type":"WebPage","@id":"https:\/\/www.visitaltogarda.it\/it\/la-rugiada-delle-alpi\/","url":"https:\/\/www.visitaltogarda.it\/it\/la-rugiada-delle-alpi\/","name":"La Grappa amata da D'Annunzio - Visit Alto Garda","isPartOf":{"@id":"https:\/\/www.visitaltogarda.it\/it\/#website"},"datePublished":"2021-03-23T16:06:22+00:00","dateModified":"2021-12-15T11:52:56+00:00","breadcrumb":{"@id":"https:\/\/www.visitaltogarda.it\/it\/la-rugiada-delle-alpi\/#breadcrumb"},"inLanguage":"it-IT","potentialAction":[{"@type":"ReadAction","target":["https:\/\/www.visitaltogarda.it\/it\/la-rugiada-delle-alpi\/"]}]},{"@type":"BreadcrumbList","@id":"https:\/\/www.visitaltogarda.it\/it\/la-rugiada-delle-alpi\/#breadcrumb","itemListElement":[{"@type":"ListItem","position":1,"name":"Home","item":"https:\/\/www.visitaltogarda.it\/it\/"},{"@type":"ListItem","position":2,"name":"La Grappa amata da D&#8217;Annunzio"}]},{"@type":"WebSite","@id":"https:\/\/www.visitaltogarda.it\/it\/#website","url":"https:\/\/www.visitaltogarda.it\/it\/","name":"Visit Alto Garda","description":"La tua vacanza organizzata nell'Alto Garda Bresciano. Informati e prenota online dal Portale ufficiale dell'Alto Garda.","potentialAction":[{"@type":"SearchAction","target":{"@type":"EntryPoint","urlTemplate":"https:\/\/www.visitaltogarda.it\/it\/?s={search_term_string}"},"query-input":{"@type":"PropertyValueSpecification","valueRequired":true,"valueName":"search_term_string"}}],"inLanguage":"it-IT"}]}},"_links":{"self":[{"href":"https:\/\/www.visitaltogarda.it\/it\/wp-json\/wp\/v2\/pages\/5003","targetHints":{"allow":["GET"]}}],"collection":[{"href":"https:\/\/www.visitaltogarda.it\/it\/wp-json\/wp\/v2\/pages"}],"about":[{"href":"https:\/\/www.visitaltogarda.it\/it\/wp-json\/wp\/v2\/types\/page"}],"author":[{"embeddable":true,"href":"https:\/\/www.visitaltogarda.it\/it\/wp-json\/wp\/v2\/users\/1"}],"replies":[{"embeddable":true,"href":"https:\/\/www.visitaltogarda.it\/it\/wp-json\/wp\/v2\/comments?post=5003"}],"version-history":[{"count":23,"href":"https:\/\/www.visitaltogarda.it\/it\/wp-json\/wp\/v2\/pages\/5003\/revisions"}],"predecessor-version":[{"id":8366,"href":"https:\/\/www.visitaltogarda.it\/it\/wp-json\/wp\/v2\/pages\/5003\/revisions\/8366"}],"wp:attachment":[{"href":"https:\/\/www.visitaltogarda.it\/it\/wp-json\/wp\/v2\/media?parent=5003"}],"curies":[{"name":"wp","href":"https:\/\/api.w.org\/{rel}","templated":true}]}}