{"id":8786,"date":"2022-05-09T19:36:45","date_gmt":"2022-05-09T17:36:45","guid":{"rendered":"https:\/\/www.visitaltogarda.it\/?page_id=8786"},"modified":"2022-05-09T20:58:31","modified_gmt":"2022-05-09T18:58:31","slug":"privacy","status":"publish","type":"page","link":"https:\/\/www.visitaltogarda.it\/de\/privacy\/","title":{"rendered":"Privacy"},"content":{"rendered":"<div class=\"fusion-fullwidth fullwidth-box fusion-builder-row-1 fusion-flex-container nonhundred-percent-fullwidth non-hundred-percent-height-scrolling\" style=\"--awb-border-radius-top-left:0px;--awb-border-radius-top-right:0px;--awb-border-radius-bottom-right:0px;--awb-border-radius-bottom-left:0px;--awb-flex-wrap:wrap;\" ><div class=\"fusion-builder-row fusion-row fusion-flex-align-items-flex-start fusion-flex-content-wrap\" style=\"max-width:1248px;margin-left: calc(-4% \/ 2 );margin-right: calc(-4% \/ 2 );\"><div class=\"fusion-layout-column fusion_builder_column fusion-builder-column-0 fusion_builder_column_1_1 1_1 fusion-flex-column\" style=\"--awb-padding-top:50px;--awb-padding-right:20px;--awb-padding-bottom:50px;--awb-padding-left:20px;--awb-bg-size:cover;--awb-width-large:100%;--awb-margin-top-large:0px;--awb-spacing-right-large:1.92%;--awb-margin-bottom-large:0px;--awb-spacing-left-large:1.92%;--awb-width-medium:100%;--awb-spacing-right-medium:1.92%;--awb-spacing-left-medium:1.92%;--awb-width-small:100%;--awb-spacing-right-small:1.92%;--awb-spacing-left-small:1.92%;\"><div class=\"fusion-column-wrapper fusion-flex-justify-content-flex-start fusion-content-layout-column\"><div class=\"fusion-text fusion-text-1\"><h2><strong>Informationen gem\u00e4\u00df Art. 13 und 14 der EU-Verordnung 679\/2016<\/strong><\/h2>\n<p>Diese Seite stellt die \u201eDatenschutzerkl\u00e4rung\u201c dieser Webseite dar und soll Auskunft dar\u00fcber geben, wie die personenbezogenen Daten der Benutzer, die mit dieser Webseite in Kontakt kommen und die auf dieser Seite angebotenen Dienstleistungen nutzen, im Rahmen des Art. 13 und 14 der EU-Verordnung 2016\/679 behandelt werden.<\/p>\n<p>Diese Informationen beziehen sich nur auf diese Webseite und nicht auf andere Webseiten, die vom Benutzer \u00fcber Links dieser Webseite aufgerufen werden k\u00f6nnen.<\/p>\n<p>&nbsp;<\/p>\n<p>Die Verordnung (EU) 2016\/679 zum Schutz personenbezogener Daten (nachstehend auch \u201eVerordnung\u201c genannt) legt Regeln zum Schutz nat\u00fcrlicher Personen bei der Verarbeitung personenbezogener Daten sowie Regeln f\u00fcr den freien Datenverkehr fest und sch\u00fctzt die Grundrechte und -freiheiten nat\u00fcrlicher Personen, insbesondere das Recht auf Schutz der personenbezogenen Daten.<\/p>\n<p>&nbsp;<\/p>\n<p>Der Art. 4, Punkt 1 der Verordnung sieht vor, dass \u201epersonenbezogene Daten\u201c alle Informationen \u00fcber eine identifizierte oder identifizierbare nat\u00fcrliche Person (nachstehend auch \u201eBetroffener\u201c genannt) sind.<\/p>\n<p>&nbsp;<\/p>\n<p>\u201eVerarbeitung\u201c bezeichnet jeden Vorgang oder jede Reihe von Vorg\u00e4ngen, die mit oder ohne Hilfe automatisierter Prozesse durchgef\u00fchrt und auf personenbezogene Daten oder S\u00e4tze personenbezogener Daten angewendet werden, wie z. B. Erhebung, Aufzeichnung, Organisation, Strukturierung, Speicherung, Anpassung oder \u00c4nderung, Extraktion, Nachschlagen, Nutzung, Kommunikation durch \u00dcbertragung, Verbreitung oder jede andere Form der Bereitstellung, Vergleich oder Verbindung, Einschr\u00e4nkung, L\u00f6schung oder Vernichtung (Art. 4, Punkt 2 der Verordnung).<\/p>\n<p>&nbsp;<\/p>\n<p>Gem\u00e4\u00df den Artikeln 12 ff. der Verordnungen ist ferner vorgesehen, dass der Betroffene \u00fcber die entsprechenden Informationen in Bezug auf die vom Verantwortlichen der Verarbeitung durchgef\u00fchrten Verarbeitungen und seine Rechte informiert werden muss.<\/p>\n<p>&nbsp;<\/p>\n<p><strong>Inhaber der Datenverarbeitung<\/strong><\/p>\n<p>GRUPPO OPERATORI TURISTICO-ALBERGHIERI TIGNALE<\/p>\n<p>VIA SAN ZENONE n.q, 25080 TIGNALE (BS)<\/p>\n<p>Email: <a href=\"mailto:gotatignale@gmail.com\">gotatignale@gmail.com<\/a><\/p>\n<p>P.IVA: 04247510987<\/p>\n<p>&nbsp;<\/p>\n<h3>Verarbeitungszweck und Rechtsgrundlage der Verarbeitung<\/h3>\n<p>Die personenbezogenen Daten des Nutzers werden f\u00fcr das Erreichen der Zwecke und innerhalb der unten angegebenen Rechtsgrundlagen verarbeitet:<\/p>\n<ol>\n<li>f\u00fcr den Abschluss und die ordnungsgem\u00e4\u00dfe Durchf\u00fchrung des Vertrages, dessen Vertragspartei der Betroffene ist, oder die Durchf\u00fchrung von vorvertraglichen Ma\u00dfnahmen, die auf dessen Wunsch hin getroffen werden, f\u00fcr die Lieferung angeforderter Informationen und\/oder Dienstleistungen\/Produkte; Die Rechtsgrundlage f\u00fcr die benannte Verarbeitung wird durch Art. 6, Abs. 1, Buchstabe b) der EU-Verordnung 2016\/679 festgelegt;<\/li>\n<li>auf Anfragen des Benutzers, per E-Mail und\/oder Formular auf der Webseite zu reagieren. Die Rechtsgrundlage daf\u00fcr ist durch Art. 6, Abs. 1, Buchstabe b) der EU-Verordnung 2016\/679 gegeben;<\/li>\n<li>das periodische Zusenden mittels Fernkommunikationstechnologien (E-Mail, Telefon, SMS, WhatsApp) von gewerblichen Mitteilungen in Bezug zu den vom Inhaber angebotenen Dienstleistungen, Produkten und T\u00e4tigkeiten. Die Rechtsgrundlage daf\u00fcr ist die Zustimmung gem\u00e4\u00df Art. 6, Abs. 1, Buchstabe a) der EU-Verordnung 2016\/679;<\/li>\n<li>das periodische Zusenden mittels Fernkommunikationstechnologien (E-Mail, Telefon, SMS, WhatsApp) der Newsletter und Mitteilungen \u00fcber die von den Partnern und Sponsoren des Inhabers angebotenen Dienstleistungen, Produkte und Aktivit\u00e4ten, die f\u00fcr die betroffene Partei von Interesse sein k\u00f6nnten. Die Rechtsgrundlage daf\u00fcr ist die Zustimmung gem\u00e4\u00df Art. 6, Abs. 1, Buchstabe a) der EU-Verordnung 2016\/679;<\/li>\n<li>Retargeting-Aktivit\u00e4ten und\/oder die Nutzung von E-Mails zum Abfangen von sozialen Profilen (Facebook, Instagram) f\u00fcr das Durchf\u00fchren von individuell zugeschnittenen Marketingkampagnen. Die Rechtsgrundlage daf\u00fcr ist die Zustimmung gem\u00e4\u00df Art. 6, Abs. 1, Buchstabe a) der EU-Verordnung 2016\/679;<\/li>\n<li>die M\u00f6glichkeit und Funktionsf\u00e4higkeit der Navigation auf der Webseite zu erm\u00f6glichen und ein angemessenes Ma\u00df an Sicherheit, Integrit\u00e4t und Verf\u00fcgbarkeit zu gew\u00e4hrleisten. Die Rechtsgrundlage wird durch das berechtigte Interesse des Inhabers gem\u00e4\u00df Art. 6 Abs. 1 Buchstabe f) gegeben;<\/li>\n<li>das Erm\u00f6glichen der Analyse statistischer Daten \u00fcber aggregierte oder anonyme Daten mit dem Ziel, das ordnungsgem\u00e4\u00dfe Funktionieren der Webseite, die Benutzerfreundlichkeit und das Interesse des Verkehrs zu \u00fcberwachen. Die Rechtsgrundlage f\u00fcr diese Behandlungsart ist das berechtigte Interesse des Inhabers gem\u00e4\u00df Art. 6, Abs. 1, Buchstabe f);<\/li>\n<li>vor Gericht ein Recht zu ermitteln, auszu\u00fcben oder zu verteidigen. Die Rechtsgrundlage f\u00fcr diese Verarbeitungsart ist das berechtigte Interesse des Betroffenen gem\u00e4\u00df Art. 6 Abs. 1, Buchstabe f);<\/li>\n<li>Verpflichtungen zu erf\u00fcllen, die nach Gesetz, Verordnungen, EU-Recht oder Anordnung einer Beh\u00f6rde erforderlich sind. Die Rechtsgrundlage f\u00fcr diese Art der Verarbeitung ist das berechtigte Interesse des Inhabers gem\u00e4\u00df Art. 6, Abs. 1, Buchstabe c);<\/li>\n<\/ol>\n<p>&nbsp;<\/p>\n<h3>Art der Daten<\/h3>\n<p>Wir werden folgende erforderliche Datenarten f\u00fcr die Verfolgung der oben genannten Zwecke erheben und verarbeiten:<\/p>\n<ul>\n<li>Identifikationsdaten<\/li>\n<li>Kontaktdaten<\/li>\n<li>Daten im Zusammenhang mit dem Vertragsverh\u00e4ltnis<\/li>\n<li>Daten \u00fcber die Pr\u00e4ferenzen und Interessen der betroffenen Person<\/li>\n<\/ul>\n<p>&nbsp;<\/p>\n<h3>Navigationsdaten<\/h3>\n<p>Die Computersysteme und Softwareverfahren, die f\u00fcr den Betrieb dieser Webseite verwendet werden, erfassen w\u00e4hrend ihres normalen Betriebs einige personenbezogene Daten, deren \u00dcbertragung implizit mit der Verwendung von Internet-Kommunikationsprotokollen erfolgt.<\/p>\n<p>Diese Informationen werden nicht erhoben, um mit identifizierten interessierten Parteien in Verbindung gebracht zu werden, sondern k\u00f6nnten aufgrund ihrer Art durch die Verarbeitung und Verkn\u00fcpfung mit Daten im Besitz Dritter eine Identifizierung der Benutzer erm\u00f6glichen.<\/p>\n<p>Zu dieser Datenkategorie geh\u00f6ren IP-Adressen oder Dom\u00e4nennamen von Computern, die von Benutzern verwendet werden, die sich mit der Webseite verbinden, URI (Uniform Resource Identifier) der angeforderten Ressourcen, der Zeitpunkt der Anfrage, das Verfahren zum \u00dcbermitteln der Anfrage an den Server, die Gr\u00f6\u00dfe der als Antwort erhaltenen Datei, der Zahlencode, der den Status der Antwort vom Server angibt (erfolgreich, Fehler, usw.) und andere Parameter, die sich auf das Betriebssystem und die Computerumgebung beziehen.<\/p>\n<p>Diese Daten werden nur verwendet, um anonyme statistische Informationen \u00fcber die Nutzung der Webseite zu erhalten und deren einwandfreie Funktion zu \u00fcberpr\u00fcfen, und werden unmittelbar nach der Verarbeitung gel\u00f6scht.<\/p>\n<p>Die Daten k\u00f6nnten verwendet werden, um die Verantwortung im Falle einer hypothetischen Computerkriminalit\u00e4t in Bezug zur Webseite festzustellen.<\/p>\n<p>&nbsp;<\/p>\n<p>Verweigerung der Angabe von Daten<\/p>\n<p>Abgesehen von den f\u00fcr die Navigation angegebenen Daten sind die Nutzer\/Besucher frei, ihre pers\u00f6nlichen Daten anzugeben. Die Bereitstellung von Daten ist in einigen F\u00e4llen erforderlich, da die Verweigerung der Bereitstellung dazu f\u00fchren kann, dass der Vertrag, dessen Vertragspartei der Betroffene ist, nicht vollst\u00e4ndig oder nicht ordnungsgem\u00e4\u00df ausgef\u00fchrt werden kann und\/oder zu einer Nichteinhaltung der gesetzlichen Verpflichtungen, denen der Eigent\u00fcmer unterliegt, f\u00fchren kann.<\/p>\n<p>Die Bereitstellung von Daten zur Verarbeitung, die einer Einwilligung bed\u00fcrfen, ist freiwillig. Wird die Einwilligung nicht gegeben, ist die Nutzung der vom Eigent\u00fcmer angebotenen Produkte\/Dienstleistungen nicht unm\u00f6glich. Der Betroffene hat auch im Fall einer Einwilligung das Recht, der Verarbeitung seiner personenbezogenen Daten zu den vorgenannten Zwecken ganz oder teilweise zu widersprechen und eine einfache Anfrage an den Inhaber der Verarbeitung unter den oben angegebenen Adressen zu richten.<\/p>\n<p>&nbsp;<\/p>\n<h3>Datenquelle<\/h3>\n<p>Die Daten werden vom Betroffenen zur Verf\u00fcgung gestellt oder durch Dritte erhoben.<\/p>\n<p>&nbsp;<\/p>\n<p>Verarbeitungsmethoden<\/p>\n<p>In \u00dcbereinstimmung mit den Bestimmungen des Art. 5 der Verordnung werden die zu verarbeitenden personenbezogenen Daten wie folgt verarbeitet:<\/p>\n<ul>\n<li>rechtm\u00e4\u00dfig, korrekt und transparent gegen\u00fcber der betroffenen Person;<\/li>\n<\/ul>\n<ol>\n<li>gesammelt und aufgezeichnet f\u00fcr bestimmte, ausdr\u00fcckliche und rechtm\u00e4\u00dfige Zwecke und anschlie\u00dfend in einer Weise verarbeitet, die mit den bestimmten Zwecken \u00fcbereinstimmt;<\/li>\n<li>angemessen, relevant und begrenzt auf das, was f\u00fcr die Zwecke, f\u00fcr die sie verarbeitet werden, erforderlich ist;<\/li>\n<li>genau und, falls erforderlich, aktualisiert;<\/li>\n<li>so verarbeitet, dass ein angemessenes Sicherheitsniveau gew\u00e4hrleistet ist;<\/li>\n<li>in einer Form aufbewahrt, die es erm\u00f6glicht, den Betroffenen f\u00fcr einen Zeitraum zu identifizieren, wobei der Zeitraum f\u00fcr das Erreichen der Zwecke, f\u00fcr die die Daten behandelt werden, nicht \u00fcberschritten werden darf.<\/li>\n<\/ol>\n<p>Die Verarbeitung wird sowohl mit manuellen und\/oder IT- als auch mit Telematik-Instrumenten und mit Organisations- und Verarbeitungslogik durchgef\u00fchrt, die streng zu den angegebenen Zwecken und in jedem Fall zur Gew\u00e4hrleistung der Sicherheit, Integrit\u00e4t und Vertraulichkeit der Daten in \u00dcbereinstimmung mit den organisatorischen, physischen und logischen Ma\u00dfnahmen der geltenden Vorschriften dienen.<\/p>\n<p>&nbsp;<\/p>\n<h3>Mitteilung der Daten<\/h3>\n<p>Personenbezogene Daten k\u00f6nnen an die zur Behandlung befugten Personen sowie an die vom Inhaber beauftragten externen Bearbeiter weitergegeben werden, die f\u00fcr die Verwaltung der oben genannten Zwecke zust\u00e4ndig sind (die vollst\u00e4ndige Liste der externen Verantwortlichen ist beim Inhaber erh\u00e4ltlich). Vorbehaltlich Ihrer Einwilligung k\u00f6nnen die Daten auch an Sponsoren und\/oder Gesch\u00e4ftspartner des Inhabers weitergegeben werden, die sie f\u00fcr die unter Nr. 3) des oben genannten \u201eVerarbeitungszwecke\u201c gebrauchen. Im Rahmen der Einhaltung der oben genannten Zwecke k\u00f6nnen die Daten auch an andere Subjekte weitergegeben werden, die als autonome Inhaber fungieren.<\/p>\n<p>&nbsp;<\/p>\n<h3>Weitergabe von Daten<\/h3>\n<p>Es erfolgt keine Weitergabe der personenbezogenen Daten.<\/p>\n<p>&nbsp;<\/p>\n<h3>Daten\u00fcbermittlung ins Ausland<\/h3>\n<p>Zu den oben genannten Zwecken werden personenbezogene Daten innerhalb des Europ\u00e4ischen Wirtschaftsraums (EWR) verarbeitet. Werden sie in Ermangelung einer Angemessenheitsentscheidung der Europ\u00e4ischen Kommission an Drittstaaten weitergegeben, werden die Bestimmungen der geltenden Rechtsvorschriften zur Weitergabe personenbezogener Daten an Drittstaaten, wie die von der Europ\u00e4ischen Kommission bereitgestellten Standardvertragsklauseln, eingehalten.<\/p>\n<p>&nbsp;<\/p>\n<h3>Datenspeicherung<\/h3>\n<p>Im Allgemeinen werden personenbezogene Daten f\u00fcr die Zeit aufbewahrt, die zur Erreichung der Zwecke, f\u00fcr die sie erhoben und verarbeitet wurden, unbedingt erforderlich ist, einschlie\u00dflich der durch die geltenden Rechtsvorschriften vorgeschriebenen Aufbewahrungsfrist und auf jeden Fall f\u00fcr einen Zeitraum von h\u00f6chstens 10 Jahren nach Beendigung der Beziehung zum Inhaber und f\u00fcr einen Zeitraum von h\u00f6chstens 2 Jahren f\u00fcr die Zwecke, f\u00fcr die Ihre Zustimmung erforderlich ist, mit Ausnahme der m\u00f6glichen Notwendigkeit des Inhabers, seine Rechte vor Gericht zu verteidigen.<\/p>\n<p>&nbsp;<\/p>\n<h3>Rechte des Betroffenen<\/h3>\n<p>Gem\u00e4\u00df der europ\u00e4ischen Verordnung 679\/2016 der Artikel 15 bis 21 und den geltenden nationalen Rechtsvorschriften kann die betroffene Partei nach den in den geltenden Rechtsvorschriften festgelegten Verfahren und Grenzen folgende Rechte aus\u00fcben:<\/p>\n<p>&#8211; um eine Best\u00e4tigung der Existenz seiner personenbezogenen Daten bitten (Zugangsrecht);<\/p>\n<p>&#8211; den Ursprung dieser Daten erfahren;<\/p>\n<p>&#8211; die Kommunikation in verst\u00e4ndlicher Form zu erhalten;<\/p>\n<p>&#8211; Informationen \u00fcber die Logik, die Methoden und den Zweck der Verarbeitung zu erhalten;<\/p>\n<p>&#8211; die Aktualisierung, Berichtigung, Integration, L\u00f6schung, Umwandlung in anonyme Form, Sperrung der gegen das Gesetz versto\u00dfenden verarbeiteten Daten, einschlie\u00dflich derjenigen, die nicht mehr zur Erreichung der Zwecke, f\u00fcr die sie erhoben wurden, erforderlich sind, zu beantragen;<\/p>\n<p>&#8211; das Recht, eine Beschwerde bei der Kontrollstelle (Datenschutzgarant) einzureichen;<\/p>\n<p>&#8211; und ganz allgemein alle Rechte auszu\u00fcben, die dem Betroffenen durch die geltenden Gesetze gew\u00e4hrt werden.<\/p>\n<p>Die Rechte k\u00f6nnen durch Zusendung einer Anfrage ausge\u00fcbt werden, die ohne jegliche Formalit\u00e4ten an den Inhaber der Datenverarbeitung und an die oben genannte Adresse zu richten ist.<\/p>\n<\/div><\/div><\/div><\/div><\/div>\n","protected":false},"excerpt":{"rendered":"","protected":false},"author":1,"featured_media":0,"parent":0,"menu_order":0,"comment_status":"closed","ping_status":"closed","template":"","meta":{"footnotes":""},"class_list":["post-8786","page","type-page","status-publish","hentry"],"yoast_head":"<!-- This site is optimized with the Yoast SEO plugin v27.4 - https:\/\/yoast.com\/product\/yoast-seo-wordpress\/ -->\n<title>Privacy - Visit Alto Garda<\/title>\n<meta name=\"robots\" content=\"index, follow, max-snippet:-1, max-image-preview:large, max-video-preview:-1\" \/>\n<link rel=\"canonical\" href=\"https:\/\/www.visitaltogarda.it\/de\/privacy\/\" \/>\n<meta property=\"og:locale\" content=\"de_DE\" \/>\n<meta property=\"og:type\" content=\"article\" \/>\n<meta property=\"og:title\" content=\"Privacy - Visit Alto Garda\" \/>\n<meta property=\"og:url\" content=\"https:\/\/www.visitaltogarda.it\/de\/privacy\/\" \/>\n<meta property=\"og:site_name\" content=\"Visit Alto Garda\" \/>\n<meta property=\"article:modified_time\" content=\"2022-05-09T18:58:31+00:00\" \/>\n<meta name=\"twitter:card\" content=\"summary_large_image\" \/>\n<meta name=\"twitter:label1\" content=\"Gesch\u00e4tzte Lesezeit\" \/>\n\t<meta name=\"twitter:data1\" content=\"9\u00a0Minuten\" \/>\n<script type=\"application\/ld+json\" class=\"yoast-schema-graph\">{\"@context\":\"https:\\\/\\\/schema.org\",\"@graph\":[{\"@type\":\"WebPage\",\"@id\":\"https:\\\/\\\/www.visitaltogarda.it\\\/de\\\/privacy\\\/\",\"url\":\"https:\\\/\\\/www.visitaltogarda.it\\\/de\\\/privacy\\\/\",\"name\":\"Privacy - Visit Alto Garda\",\"isPartOf\":{\"@id\":\"https:\\\/\\\/www.visitaltogarda.it\\\/de\\\/#website\"},\"datePublished\":\"2022-05-09T17:36:45+00:00\",\"dateModified\":\"2022-05-09T18:58:31+00:00\",\"breadcrumb\":{\"@id\":\"https:\\\/\\\/www.visitaltogarda.it\\\/de\\\/privacy\\\/#breadcrumb\"},\"inLanguage\":\"de\",\"potentialAction\":[{\"@type\":\"ReadAction\",\"target\":[\"https:\\\/\\\/www.visitaltogarda.it\\\/de\\\/privacy\\\/\"]}]},{\"@type\":\"BreadcrumbList\",\"@id\":\"https:\\\/\\\/www.visitaltogarda.it\\\/de\\\/privacy\\\/#breadcrumb\",\"itemListElement\":[{\"@type\":\"ListItem\",\"position\":1,\"name\":\"Home\",\"item\":\"https:\\\/\\\/www.visitaltogarda.it\\\/de\\\/\"},{\"@type\":\"ListItem\",\"position\":2,\"name\":\"Privacy\"}]},{\"@type\":\"WebSite\",\"@id\":\"https:\\\/\\\/www.visitaltogarda.it\\\/de\\\/#website\",\"url\":\"https:\\\/\\\/www.visitaltogarda.it\\\/de\\\/\",\"name\":\"Visit Alto Garda\",\"description\":\"La tua vacanza organizzata nell'Alto Garda Bresciano. Informati e prenota online dal Portale ufficiale dell'Alto Garda.\",\"potentialAction\":[{\"@type\":\"SearchAction\",\"target\":{\"@type\":\"EntryPoint\",\"urlTemplate\":\"https:\\\/\\\/www.visitaltogarda.it\\\/de\\\/?s={search_term_string}\"},\"query-input\":{\"@type\":\"PropertyValueSpecification\",\"valueRequired\":true,\"valueName\":\"search_term_string\"}}],\"inLanguage\":\"de\"}]}<\/script>\n<!-- \/ Yoast SEO plugin. -->","yoast_head_json":{"title":"Privacy - Visit Alto Garda","robots":{"index":"index","follow":"follow","max-snippet":"max-snippet:-1","max-image-preview":"max-image-preview:large","max-video-preview":"max-video-preview:-1"},"canonical":"https:\/\/www.visitaltogarda.it\/de\/privacy\/","og_locale":"de_DE","og_type":"article","og_title":"Privacy - Visit Alto Garda","og_url":"https:\/\/www.visitaltogarda.it\/de\/privacy\/","og_site_name":"Visit Alto Garda","article_modified_time":"2022-05-09T18:58:31+00:00","twitter_card":"summary_large_image","twitter_misc":{"Gesch\u00e4tzte Lesezeit":"9\u00a0Minuten"},"schema":{"@context":"https:\/\/schema.org","@graph":[{"@type":"WebPage","@id":"https:\/\/www.visitaltogarda.it\/de\/privacy\/","url":"https:\/\/www.visitaltogarda.it\/de\/privacy\/","name":"Privacy - Visit Alto Garda","isPartOf":{"@id":"https:\/\/www.visitaltogarda.it\/de\/#website"},"datePublished":"2022-05-09T17:36:45+00:00","dateModified":"2022-05-09T18:58:31+00:00","breadcrumb":{"@id":"https:\/\/www.visitaltogarda.it\/de\/privacy\/#breadcrumb"},"inLanguage":"de","potentialAction":[{"@type":"ReadAction","target":["https:\/\/www.visitaltogarda.it\/de\/privacy\/"]}]},{"@type":"BreadcrumbList","@id":"https:\/\/www.visitaltogarda.it\/de\/privacy\/#breadcrumb","itemListElement":[{"@type":"ListItem","position":1,"name":"Home","item":"https:\/\/www.visitaltogarda.it\/de\/"},{"@type":"ListItem","position":2,"name":"Privacy"}]},{"@type":"WebSite","@id":"https:\/\/www.visitaltogarda.it\/de\/#website","url":"https:\/\/www.visitaltogarda.it\/de\/","name":"Visit Alto Garda","description":"La tua vacanza organizzata nell'Alto Garda Bresciano. Informati e prenota online dal Portale ufficiale dell'Alto Garda.","potentialAction":[{"@type":"SearchAction","target":{"@type":"EntryPoint","urlTemplate":"https:\/\/www.visitaltogarda.it\/de\/?s={search_term_string}"},"query-input":{"@type":"PropertyValueSpecification","valueRequired":true,"valueName":"search_term_string"}}],"inLanguage":"de"}]}},"_links":{"self":[{"href":"https:\/\/www.visitaltogarda.it\/de\/wp-json\/wp\/v2\/pages\/8786","targetHints":{"allow":["GET"]}}],"collection":[{"href":"https:\/\/www.visitaltogarda.it\/de\/wp-json\/wp\/v2\/pages"}],"about":[{"href":"https:\/\/www.visitaltogarda.it\/de\/wp-json\/wp\/v2\/types\/page"}],"author":[{"embeddable":true,"href":"https:\/\/www.visitaltogarda.it\/de\/wp-json\/wp\/v2\/users\/1"}],"replies":[{"embeddable":true,"href":"https:\/\/www.visitaltogarda.it\/de\/wp-json\/wp\/v2\/comments?post=8786"}],"version-history":[{"count":3,"href":"https:\/\/www.visitaltogarda.it\/de\/wp-json\/wp\/v2\/pages\/8786\/revisions"}],"predecessor-version":[{"id":8795,"href":"https:\/\/www.visitaltogarda.it\/de\/wp-json\/wp\/v2\/pages\/8786\/revisions\/8795"}],"wp:attachment":[{"href":"https:\/\/www.visitaltogarda.it\/de\/wp-json\/wp\/v2\/media?parent=8786"}],"curies":[{"name":"wp","href":"https:\/\/api.w.org\/{rel}","templated":true}]}}