{"id":8130,"date":"2021-12-02T19:20:44","date_gmt":"2021-12-02T18:20:44","guid":{"rendered":"https:\/\/www.visitaltogarda.it\/oestlicher-unterer-gardasee\/"},"modified":"2021-12-15T13:27:09","modified_gmt":"2021-12-15T12:27:09","slug":"oestlicher-unterer-gardasee","status":"publish","type":"page","link":"https:\/\/www.visitaltogarda.it\/de\/oestlicher-unterer-gardasee\/","title":{"rendered":"\u00d6stlicher Unterer Gardasee"},"content":{"rendered":"<p><div class=\"fusion-fullwidth fullwidth-box fusion-builder-row-1 fusion-flex-container fusion-parallax-none hundred-percent-fullwidth non-hundred-percent-height-scrolling\" style=\"--awb-background-blend-mode:overlay;--awb-border-radius-top-left:0px;--awb-border-radius-top-right:0px;--awb-border-radius-bottom-right:0px;--awb-border-radius-bottom-left:0px;--awb-min-height:350px;--awb-background-color:rgba(0,0,0,0.17);--awb-background-image:url(&quot;https:\/\/www.visitaltogarda.it\/wp-content\/uploads\/2021\/07\/winery-3633009_640.jpg&quot;);--awb-background-size:cover;--awb-flex-wrap:wrap;\" ><div class=\"fusion-builder-row fusion-row fusion-flex-align-items-flex-start fusion-flex-align-content-center fusion-flex-justify-content-center fusion-flex-content-wrap\" style=\"width:104% !important;max-width:104% !important;margin-left: calc(-4% \/ 2 );margin-right: calc(-4% \/ 2 );\"><div class=\"fusion-layout-column fusion_builder_column fusion-builder-column-0 fusion_builder_column_1_1 1_1 fusion-flex-column\" style=\"--awb-bg-size:cover;--awb-width-large:100%;--awb-margin-top-large:0px;--awb-spacing-right-large:1.92%;--awb-margin-bottom-large:20px;--awb-spacing-left-large:1.92%;--awb-width-medium:100%;--awb-order-medium:0;--awb-spacing-right-medium:1.92%;--awb-spacing-left-medium:1.92%;--awb-width-small:100%;--awb-order-small:0;--awb-spacing-right-small:1.92%;--awb-spacing-left-small:1.92%;\"><div class=\"fusion-column-wrapper fusion-column-has-shadow fusion-flex-justify-content-center fusion-content-layout-row\"><div class=\"fusion-title title fusion-title-1 fusion-sep-none fusion-title-text fusion-title-size-one\" style=\"--awb-margin-top:30px;--awb-margin-top-small:10px;--awb-margin-right-small:0px;--awb-margin-bottom-small:10px;--awb-margin-left-small:0px;\"><h1 class=\"fusion-title-heading title-heading-left\" style=\"margin:0;text-shadow:1px 1px 4px rgba(0,0,0,0.74);\">\u00d6stlicher Unterer Gardasee<\/h1><\/div><\/div><\/div><\/div><\/div><div id=\"benvenuto\" class=\"fusion-container-anchor\"><div class=\"fusion-fullwidth fullwidth-box fusion-builder-row-2 fusion-flex-container nonhundred-percent-fullwidth non-hundred-percent-height-scrolling\" style=\"--awb-background-position:left top;--awb-border-sizes-top:0px;--awb-border-sizes-bottom:0px;--awb-border-sizes-left:0px;--awb-border-sizes-right:0px;--awb-border-radius-top-left:0px;--awb-border-radius-top-right:0px;--awb-border-radius-bottom-right:0px;--awb-border-radius-bottom-left:0px;--awb-padding-top:30px;--awb-padding-bottom:70px;--awb-flex-wrap:wrap;\" ><div class=\"fusion-builder-row fusion-row fusion-flex-align-items-flex-start fusion-flex-justify-content-center fusion-flex-content-wrap\" style=\"max-width:1248px;margin-left: calc(-4% \/ 2 );margin-right: calc(-4% \/ 2 );\"><div class=\"fusion-layout-column fusion_builder_column fusion-builder-column-1 fusion_builder_column_1_1 1_1 fusion-flex-column fusion-flex-align-self-flex-start fusion-column-no-min-height\" style=\"--awb-padding-bottom:20px;--awb-bg-size:cover;--awb-width-large:100%;--awb-margin-top-large:0px;--awb-spacing-right-large:1.92%;--awb-margin-bottom-large:20px;--awb-spacing-left-large:1.92%;--awb-width-medium:100%;--awb-spacing-right-medium:1.92%;--awb-spacing-left-medium:1.92%;--awb-width-small:100%;--awb-spacing-right-small:1.92%;--awb-spacing-left-small:1.92%;\"><div class=\"fusion-column-wrapper fusion-flex-justify-content-flex-start fusion-content-layout-column\"><div class=\"fusion-text fusion-text-1\" style=\"--awb-content-alignment:center;\"><p>Der <strong>Soave<\/strong> ist einer der raffiniertesten und ber\u00fchmtesten italienischen Wei\u00dfweine. Er ist inzwischen zu einer Ikone geworden und heute produzieren die Winzer der H\u00fcgel um die Gemeinde Soave, \u00f6stlich von Verona, Wei\u00dfweine auf der Basis von Garganega und Trebbiano di Soave mit Bewusstsein und Sorgfalt und bevorzugen Weine mit Charakter, intensiv und mit einem ausgeglichenen S\u00e4uregehalt, denn der Garganega ist ein charaktervoller Wein, aber vor allem aber ist seine Verbindung mit dem Terroir von Soave einzigartig. Die B\u00f6den dieser Gegend haben einen alten Ursprung, eine Mischung aus vulkanischen, Tuff- und Kalksteinschichten.<br \/>\nEr hat eine zarte, strohgelbe Farbe; ein intensives, delikates Bouquet und einen trockenen, mittelkr\u00e4ftigen, harmonischen, leicht bitteren genussvollen Geschmack, ein Wein, den man immer wieder gerne trinkt. Zu diesem Wein eignen sich w\u00fcrzige Gerichte, Frischk\u00e4se, Nudeln mit Pesto und Fischgerichte. Die Soave Weinstra\u00dfe wurde mit dem Ziel ins Leben Gerufen, ein komplettes Paket von Vorschl\u00e4gen und Dienstleistungen f\u00fcr alle Liebhaber des Weintourismus, der Kultur und der Kunst anzubieten.<\/p>\n<p>Der <strong>Bardolino<\/strong> ist ein sehr angenehmer Rotwein, der jung getrunken werden sollte. Er ist am Ostufer des Gardasees beheimatet und wird aus den gleichen Rebsorten wie der Valpolicella gewonnen. Der <strong>Bardolino Chiaretto<\/strong> ist wegen seinen feinen D\u00fcften, die an Erdbeeren, Waldfr\u00fcchte und Grapefruit erinnern und wegen seinem wunderbaren Geschmack ein unwiderstehlicher Ros\u00e9wein. Wenn Sie auf der Suche nach einem Ros\u00e9wein f\u00fcr einen Aperitif oder zu Fisch- oder wei\u00dfen Fleischgerichten sind, ist das der richtige Wein f\u00fcr Sie.<br \/>\n<strong>Custoza<\/strong> ist ein Wei\u00dfwein, der urspr\u00fcnglich aus Sommacampagna (VR) stammt. Er hat eine strohgelbe Farbe, einen feinfruchtigen, leicht aromatischen Duft, einen weichen und delikaten Geschmack und passt hervorragend zu delikaten ersten G\u00e4ngen mit Fisch oder einer vegetarischen So\u00dfe.<br \/>\nDer<strong> Garda Colli Mantovani<\/strong> wird in der N\u00e4he des Gardasees in der Provinz Mantua hergestellt und besteht aus 3 Arten von Wein: dem <em>Wei\u00dfwein<\/em>, der durch seine leuchtende Strohfarbe auff\u00e4llt, in der Nase blumige D\u00fcfte, die an Pfirsich, Apfel und Aprikosen erinnern und mit einer dichten Mineralit\u00e4t; im Mund ist er frisch, w\u00fcrzig, mit Nuancen von aromatischen und balsamischen Kr\u00e4utern. Der <em>Rotwein<\/em> hat eine rubinrote Farbe, die mit zunehmender Reife Richtung Kirsche tendiert. Das Bouquet ist voll, reich an reifen Fr\u00fcchten und von einer mineralischen Note durchzogen; im Mund ist er rund, ausgewogen und mit feinen Taninen. Der <em>Rosato<\/em> hat eine sch\u00f6ne, helle Farbe. Das Bouquet ist delikat und fruchtig und erinnert an Zitrusfr\u00fcchte vor allem an Zitronatzitrone; am Gaumen ist er weich und frisch mit Noten von Mandeln.<\/p>\n<\/div><div class=\"fusion-separator fusion-full-width-sep\" style=\"align-self: center;margin-left: auto;margin-right: auto;margin-top:15px;width:100%;\"><\/div><\/div><\/div><div class=\"fusion-layout-column fusion_builder_column fusion-builder-column-2 fusion_builder_column_1_1 1_1 fusion-flex-column fusion-flex-align-self-flex-start\" style=\"--awb-padding-top:55px;--awb-padding-right:30px;--awb-padding-bottom:185.98700000000002px;--awb-padding-left:30px;--awb-overflow:hidden;--awb-bg-image:url(&#039;https:\/\/www.visitaltogarda.it\/wp-content\/uploads\/2021\/07\/wine-2853916_640.jpg&#039;);--awb-bg-position:center center;--awb-bg-size:cover;--awb-box-shadow:0px 10px 51px 3px rgba(0,0,0,0.15);;--awb-border-radius:10px 10px 10px 10px;--awb-width-large:100%;--awb-margin-top-large:0px;--awb-spacing-right-large:1.92%;--awb-margin-bottom-large:20px;--awb-spacing-left-large:7.5px;--awb-width-medium:100%;--awb-spacing-right-medium:1.92%;--awb-spacing-left-medium:7.5px;--awb-width-small:100%;--awb-spacing-right-small:1.92%;--awb-spacing-left-small:1.92%;\"><div class=\"fusion-column-wrapper fusion-column-has-shadow fusion-flex-justify-content-flex-start fusion-content-layout-column fusion-empty-column-bg-image fusion-column-has-bg-image\" data-bg-url=\"https:\/\/www.visitaltogarda.it\/wp-content\/uploads\/2021\/07\/wine-2853916_640.jpg\"><img decoding=\"async\" class=\"fusion-empty-dims-img-placeholder\" aria-label=\"wine-2853916_640\" src=\"data:image\/svg+xml,%3Csvg%20xmlns%3D%27http%3A%2F%2Fwww.w3.org%2F2000%2Fsvg%27%20width%3D%27640%27%20height%3D%27426%27%20viewBox%3D%270%200%20640%20426%27%3E%3Crect%20width%3D%27640%27%20height%3D%27426%27%20fill-opacity%3D%220%22%2F%3E%3C%2Fsvg%3E\"><\/div><\/div><\/div><\/div><\/div><\/p>\n","protected":false},"excerpt":{"rendered":"","protected":false},"author":1,"featured_media":0,"parent":0,"menu_order":0,"comment_status":"closed","ping_status":"closed","template":"","meta":{"footnotes":""},"class_list":["post-8130","page","type-page","status-publish","hentry"],"yoast_head":"<!-- This site is optimized with the Yoast SEO plugin v27.4 - https:\/\/yoast.com\/product\/yoast-seo-wordpress\/ -->\n<title>\u00d6stlicher Unterer Gardasee - Visit Alto Garda<\/title>\n<meta name=\"robots\" content=\"index, follow, max-snippet:-1, max-image-preview:large, max-video-preview:-1\" \/>\n<link rel=\"canonical\" href=\"https:\/\/www.visitaltogarda.it\/de\/oestlicher-unterer-gardasee\/\" \/>\n<meta property=\"og:locale\" content=\"de_DE\" \/>\n<meta property=\"og:type\" content=\"article\" \/>\n<meta property=\"og:title\" content=\"\u00d6stlicher Unterer Gardasee - Visit Alto Garda\" \/>\n<meta property=\"og:url\" content=\"https:\/\/www.visitaltogarda.it\/de\/oestlicher-unterer-gardasee\/\" \/>\n<meta property=\"og:site_name\" content=\"Visit Alto Garda\" \/>\n<meta property=\"article:modified_time\" content=\"2021-12-15T12:27:09+00:00\" \/>\n<meta name=\"twitter:card\" content=\"summary_large_image\" \/>\n<meta name=\"twitter:label1\" content=\"Gesch\u00e4tzte Lesezeit\" \/>\n\t<meta name=\"twitter:data1\" content=\"7\u00a0Minuten\" \/>\n<script type=\"application\/ld+json\" class=\"yoast-schema-graph\">{\"@context\":\"https:\\\/\\\/schema.org\",\"@graph\":[{\"@type\":\"WebPage\",\"@id\":\"https:\\\/\\\/www.visitaltogarda.it\\\/de\\\/oestlicher-unterer-gardasee\\\/\",\"url\":\"https:\\\/\\\/www.visitaltogarda.it\\\/de\\\/oestlicher-unterer-gardasee\\\/\",\"name\":\"\u00d6stlicher Unterer Gardasee - Visit Alto Garda\",\"isPartOf\":{\"@id\":\"https:\\\/\\\/www.visitaltogarda.it\\\/de\\\/#website\"},\"datePublished\":\"2021-12-02T18:20:44+00:00\",\"dateModified\":\"2021-12-15T12:27:09+00:00\",\"breadcrumb\":{\"@id\":\"https:\\\/\\\/www.visitaltogarda.it\\\/de\\\/oestlicher-unterer-gardasee\\\/#breadcrumb\"},\"inLanguage\":\"de\",\"potentialAction\":[{\"@type\":\"ReadAction\",\"target\":[\"https:\\\/\\\/www.visitaltogarda.it\\\/de\\\/oestlicher-unterer-gardasee\\\/\"]}]},{\"@type\":\"BreadcrumbList\",\"@id\":\"https:\\\/\\\/www.visitaltogarda.it\\\/de\\\/oestlicher-unterer-gardasee\\\/#breadcrumb\",\"itemListElement\":[{\"@type\":\"ListItem\",\"position\":1,\"name\":\"Home\",\"item\":\"https:\\\/\\\/www.visitaltogarda.it\\\/de\\\/\"},{\"@type\":\"ListItem\",\"position\":2,\"name\":\"\u00d6stlicher Unterer Gardasee\"}]},{\"@type\":\"WebSite\",\"@id\":\"https:\\\/\\\/www.visitaltogarda.it\\\/de\\\/#website\",\"url\":\"https:\\\/\\\/www.visitaltogarda.it\\\/de\\\/\",\"name\":\"Visit Alto Garda\",\"description\":\"La tua vacanza organizzata nell'Alto Garda Bresciano. Informati e prenota online dal Portale ufficiale dell'Alto Garda.\",\"potentialAction\":[{\"@type\":\"SearchAction\",\"target\":{\"@type\":\"EntryPoint\",\"urlTemplate\":\"https:\\\/\\\/www.visitaltogarda.it\\\/de\\\/?s={search_term_string}\"},\"query-input\":{\"@type\":\"PropertyValueSpecification\",\"valueRequired\":true,\"valueName\":\"search_term_string\"}}],\"inLanguage\":\"de\"}]}<\/script>\n<!-- \/ Yoast SEO plugin. -->","yoast_head_json":{"title":"\u00d6stlicher Unterer Gardasee - Visit Alto Garda","robots":{"index":"index","follow":"follow","max-snippet":"max-snippet:-1","max-image-preview":"max-image-preview:large","max-video-preview":"max-video-preview:-1"},"canonical":"https:\/\/www.visitaltogarda.it\/de\/oestlicher-unterer-gardasee\/","og_locale":"de_DE","og_type":"article","og_title":"\u00d6stlicher Unterer Gardasee - Visit Alto Garda","og_url":"https:\/\/www.visitaltogarda.it\/de\/oestlicher-unterer-gardasee\/","og_site_name":"Visit Alto Garda","article_modified_time":"2021-12-15T12:27:09+00:00","twitter_card":"summary_large_image","twitter_misc":{"Gesch\u00e4tzte Lesezeit":"7\u00a0Minuten"},"schema":{"@context":"https:\/\/schema.org","@graph":[{"@type":"WebPage","@id":"https:\/\/www.visitaltogarda.it\/de\/oestlicher-unterer-gardasee\/","url":"https:\/\/www.visitaltogarda.it\/de\/oestlicher-unterer-gardasee\/","name":"\u00d6stlicher Unterer Gardasee - Visit Alto Garda","isPartOf":{"@id":"https:\/\/www.visitaltogarda.it\/de\/#website"},"datePublished":"2021-12-02T18:20:44+00:00","dateModified":"2021-12-15T12:27:09+00:00","breadcrumb":{"@id":"https:\/\/www.visitaltogarda.it\/de\/oestlicher-unterer-gardasee\/#breadcrumb"},"inLanguage":"de","potentialAction":[{"@type":"ReadAction","target":["https:\/\/www.visitaltogarda.it\/de\/oestlicher-unterer-gardasee\/"]}]},{"@type":"BreadcrumbList","@id":"https:\/\/www.visitaltogarda.it\/de\/oestlicher-unterer-gardasee\/#breadcrumb","itemListElement":[{"@type":"ListItem","position":1,"name":"Home","item":"https:\/\/www.visitaltogarda.it\/de\/"},{"@type":"ListItem","position":2,"name":"\u00d6stlicher Unterer Gardasee"}]},{"@type":"WebSite","@id":"https:\/\/www.visitaltogarda.it\/de\/#website","url":"https:\/\/www.visitaltogarda.it\/de\/","name":"Visit Alto Garda","description":"La tua vacanza organizzata nell'Alto Garda Bresciano. Informati e prenota online dal Portale ufficiale dell'Alto Garda.","potentialAction":[{"@type":"SearchAction","target":{"@type":"EntryPoint","urlTemplate":"https:\/\/www.visitaltogarda.it\/de\/?s={search_term_string}"},"query-input":{"@type":"PropertyValueSpecification","valueRequired":true,"valueName":"search_term_string"}}],"inLanguage":"de"}]}},"_links":{"self":[{"href":"https:\/\/www.visitaltogarda.it\/de\/wp-json\/wp\/v2\/pages\/8130","targetHints":{"allow":["GET"]}}],"collection":[{"href":"https:\/\/www.visitaltogarda.it\/de\/wp-json\/wp\/v2\/pages"}],"about":[{"href":"https:\/\/www.visitaltogarda.it\/de\/wp-json\/wp\/v2\/types\/page"}],"author":[{"embeddable":true,"href":"https:\/\/www.visitaltogarda.it\/de\/wp-json\/wp\/v2\/users\/1"}],"replies":[{"embeddable":true,"href":"https:\/\/www.visitaltogarda.it\/de\/wp-json\/wp\/v2\/comments?post=8130"}],"version-history":[{"count":3,"href":"https:\/\/www.visitaltogarda.it\/de\/wp-json\/wp\/v2\/pages\/8130\/revisions"}],"predecessor-version":[{"id":8435,"href":"https:\/\/www.visitaltogarda.it\/de\/wp-json\/wp\/v2\/pages\/8130\/revisions\/8435"}],"wp:attachment":[{"href":"https:\/\/www.visitaltogarda.it\/de\/wp-json\/wp\/v2\/media?parent=8130"}],"curies":[{"name":"wp","href":"https:\/\/api.w.org\/{rel}","templated":true}]}}