{"id":8079,"date":"2021-12-02T14:56:36","date_gmt":"2021-12-02T13:56:36","guid":{"rendered":"https:\/\/www.visitaltogarda.it\/grada-weine-und-umgebung\/"},"modified":"2021-12-16T15:08:46","modified_gmt":"2021-12-16T14:08:46","slug":"garda-weine-und-umgebung","status":"publish","type":"page","link":"https:\/\/www.visitaltogarda.it\/de\/garda-weine-und-umgebung\/","title":{"rendered":"Garda Weine und Umgebung"},"content":{"rendered":"<p><div class=\"fusion-fullwidth fullwidth-box fusion-builder-row-1 fusion-flex-container fusion-parallax-none hundred-percent-fullwidth non-hundred-percent-height-scrolling\" style=\"--awb-background-position:center bottom;--awb-background-blend-mode:overlay;--awb-border-radius-top-left:0px;--awb-border-radius-top-right:0px;--awb-border-radius-bottom-right:0px;--awb-border-radius-bottom-left:0px;--awb-min-height:350px;--awb-background-color:rgba(0,0,0,0.17);--awb-background-image:url(&quot;https:\/\/www.visitaltogarda.it\/wp-content\/uploads\/2021\/06\/vino.jpg&quot;);--awb-background-size:cover;--awb-flex-wrap:wrap;\" ><div class=\"fusion-builder-row fusion-row fusion-flex-align-items-flex-start fusion-flex-align-content-center fusion-flex-justify-content-center fusion-flex-content-wrap\" style=\"width:104% !important;max-width:104% !important;margin-left: calc(-4% \/ 2 );margin-right: calc(-4% \/ 2 );\"><div class=\"fusion-layout-column fusion_builder_column fusion-builder-column-0 fusion_builder_column_1_1 1_1 fusion-flex-column\" style=\"--awb-bg-size:cover;--awb-width-large:100%;--awb-margin-top-large:0px;--awb-spacing-right-large:1.92%;--awb-margin-bottom-large:20px;--awb-spacing-left-large:1.92%;--awb-width-medium:100%;--awb-order-medium:0;--awb-spacing-right-medium:1.92%;--awb-spacing-left-medium:1.92%;--awb-width-small:100%;--awb-order-small:0;--awb-spacing-right-small:1.92%;--awb-spacing-left-small:1.92%;\"><div class=\"fusion-column-wrapper fusion-column-has-shadow fusion-flex-justify-content-center fusion-content-layout-row\"><div class=\"fusion-title title fusion-title-1 fusion-sep-none fusion-title-text fusion-title-size-one\" style=\"--awb-margin-top:30px;--awb-margin-top-small:10px;--awb-margin-right-small:0px;--awb-margin-bottom-small:10px;--awb-margin-left-small:0px;\"><h1 class=\"fusion-title-heading title-heading-left\" style=\"margin:0;text-shadow:1px 1px 4px rgba(0,0,0,0.74);\">Garda Weine und Umgebung<\/h1><\/div><\/div><\/div><\/div><\/div><div id=\"benvenuto\" class=\"fusion-container-anchor\"><div class=\"fusion-fullwidth fullwidth-box fusion-builder-row-2 fusion-flex-container nonhundred-percent-fullwidth non-hundred-percent-height-scrolling\" style=\"--awb-background-position:left top;--awb-border-sizes-top:0px;--awb-border-sizes-bottom:0px;--awb-border-sizes-left:0px;--awb-border-sizes-right:0px;--awb-border-radius-top-left:0px;--awb-border-radius-top-right:0px;--awb-border-radius-bottom-right:0px;--awb-border-radius-bottom-left:0px;--awb-padding-top:30px;--awb-padding-bottom:70px;--awb-flex-wrap:wrap;\" ><div class=\"fusion-builder-row fusion-row fusion-flex-align-items-flex-start fusion-flex-justify-content-center fusion-flex-content-wrap\" style=\"max-width:1248px;margin-left: calc(-4% \/ 2 );margin-right: calc(-4% \/ 2 );\"><div class=\"fusion-layout-column fusion_builder_column fusion-builder-column-1 fusion_builder_column_1_2 1_2 fusion-flex-column fusion-flex-align-self-flex-start fusion-column-no-min-height\" style=\"--awb-padding-bottom:20px;--awb-bg-blend:overlay;--awb-bg-size:cover;--awb-width-large:50%;--awb-margin-top-large:0px;--awb-spacing-right-large:3.84%;--awb-margin-bottom-large:20px;--awb-spacing-left-large:3.84%;--awb-width-medium:50%;--awb-spacing-right-medium:3.84%;--awb-spacing-left-medium:3.84%;--awb-width-small:100%;--awb-spacing-right-small:1.92%;--awb-spacing-left-small:1.92%;\"><div class=\"fusion-column-wrapper fusion-flex-justify-content-flex-start fusion-content-layout-column\"><div class=\"fusion-text fusion-text-1\" style=\"--awb-content-alignment:center;\"><p>Das Wort &#8222;<strong>Enogastrononomia<\/strong>&#8220; dr\u00fcckt am besten eine gro\u00dfe italienische Vereinigung aus: die Verbindungen zwischen den vielen gastronomischen Produkten eines Territoriums und seinen Weinen, welche die Aromen der Produkte zum Ausdruck bringen und immer mit gro\u00dfer Aufrichtigkeit die Eigenschaften des Bodens und des Klimas des Ortes aus dem sie stammen ausdr\u00fccken.<br \/>\nAuf einer Reise zur Kenntnis des Gebietes darf deshalb die Verkostung seiner Weine nicht fehlen.<br \/>\nDer Gardasee, dank der Eigenschaften des eiszeitlichen Ursprungs, die ihn auszeichnen, mit den Dolomitfelsen des oberen Gardasees, den Mor\u00e4nenh\u00fcgeln und der Tonerde des unteren Sees, hat eine gro\u00dfe Vielfalt an &#8222;Terroirs&#8220;, von Rebsorten und Traditionen, die eine angenehme und interessante Geschmacksreise erlauben.<br \/>\nIn den letzten Jahren haben mehrere Erzeuger alte heimische Reben wieder zum Leben erweckt und bieten heute eine Vielzahl von Qualit\u00e4tsweinen mit ausgepr\u00e4gten Merkmalen an, die zu Recht als authentische Botschafter des Gebiets gelten k\u00f6nnen.<\/p>\n<\/div><div class=\"fusion-separator fusion-full-width-sep\" style=\"align-self: center;margin-left: auto;margin-right: auto;margin-top:15px;width:100%;\"><\/div><\/div><\/div><div class=\"fusion-layout-column fusion_builder_column fusion-builder-column-2 fusion_builder_column_1_3 1_3 fusion-flex-column fusion-flex-align-self-stretch\" style=\"--awb-padding-top:55px;--awb-padding-right:30px;--awb-padding-left:30px;--awb-overflow:hidden;--awb-bg-image:url(&#039;https:\/\/www.visitaltogarda.it\/wp-content\/uploads\/2021\/07\/Mappa-ampelografica-zone-vitivinicole-lago-di-garda_M.jpg&#039;);--awb-bg-position:center center;--awb-bg-blend:overlay;--awb-bg-size:cover;--awb-box-shadow:0px 10px 51px 3px rgba(0,0,0,0.15);;--awb-border-radius:10px 10px 10px 10px;--awb-width-large:33.333333333333%;--awb-margin-top-large:0px;--awb-spacing-right-large:5.76%;--awb-margin-bottom-large:20px;--awb-spacing-left-large:7.5px;--awb-width-medium:33.333333333333%;--awb-spacing-right-medium:5.76%;--awb-spacing-left-medium:7.5px;--awb-width-small:100%;--awb-spacing-right-small:1.92%;--awb-spacing-left-small:1.92%;\"><div class=\"fusion-column-wrapper fusion-column-has-shadow fusion-flex-justify-content-flex-start fusion-content-layout-column fusion-empty-column-bg-image fusion-column-has-bg-image\" data-bg-url=\"https:\/\/www.visitaltogarda.it\/wp-content\/uploads\/2021\/07\/Mappa-ampelografica-zone-vitivinicole-lago-di-garda_M.jpg\"><img decoding=\"async\" class=\"fusion-empty-dims-img-placeholder\" aria-label=\"Mappa ampelografica zone vitivinicole lago di garda_M\" src=\"data:image\/svg+xml,%3Csvg%20xmlns%3D%27http%3A%2F%2Fwww.w3.org%2F2000%2Fsvg%27%20width%3D%271240%27%20height%3D%271754%27%20viewBox%3D%270%200%201240%201754%27%3E%3Crect%20width%3D%271240%27%20height%3D%271754%27%20fill-opacity%3D%220%22%2F%3E%3C%2Fsvg%3E\"><\/div><\/div><div class=\"fusion-layout-column fusion_builder_column fusion-builder-column-3 fusion_builder_column_1_3 1_3 fusion-flex-column fusion-flex-align-self-stretch fusion-column-inner-bg-wrapper\" style=\"--awb-padding-top:55px;--awb-padding-right:30px;--awb-padding-left:30px;--awb-overflow:hidden;--awb-inner-bg-color:rgba(0,0,0,0.26);--awb-inner-bg-color-hover:rgba(0,0,0,0.26);--awb-inner-bg-image:url(&#039;https:\/\/www.visitaltogarda.it\/wp-content\/uploads\/2021\/07\/Valtenesi2.jpg&#039;);--awb-inner-bg-blend:overlay;--awb-inner-bg-size:cover;--awb-box-shadow:0px 10px 51px 3px rgba(0,0,0,0.15);;--awb-border-radius:10px 10px 10px 10px;--awb-inner-bg-border-radius:10px 10px 10px 10px;--awb-inner-bg-overflow:hidden;--awb-width-large:33.333333333333%;--awb-margin-top-large:0px;--awb-spacing-right-large:5.76%;--awb-margin-bottom-large:20px;--awb-spacing-left-large:7.5px;--awb-width-medium:33.333333333333%;--awb-spacing-right-medium:5.76%;--awb-spacing-left-medium:7.5px;--awb-width-small:100%;--awb-spacing-right-small:1.92%;--awb-spacing-left-small:1.92%;\"><span class=\"fusion-column-inner-bg hover-type-none\"><a class=\"fusion-column-anchor\" href=\"https:\/\/www.visitaltogarda.it\/de\/alto-garda-und-valtenesi\/\"><span class=\"fusion-column-inner-bg-image\"><\/span><\/a><\/span><div class=\"fusion-column-wrapper fusion-column-has-shadow fusion-flex-justify-content-flex-start fusion-content-layout-column fusion-column-has-bg-image\" data-bg-url=\"https:\/\/www.visitaltogarda.it\/wp-content\/uploads\/2021\/07\/Valtenesi2.jpg\"><div class=\"fusion-content-boxes content-boxes columns row fusion-columns-1 fusion-columns-total-1 fusion-content-boxes-1 content-boxes-icon-on-top content-left fusion-delayed-animation\" style=\"--awb-title-color:#ffffff;--awb-hover-accent-color:#65bc7b;--awb-circle-hover-accent-color:#65bc7b;--awb-item-margin-bottom:40px;\" data-animation-delay=\"350\" data-animationOffset=\"top-into-view\"><div style=\"--awb-backgroundcolor:rgba(255,255,255,0);\" class=\"fusion-column content-box-column content-box-column content-box-column-1 col-lg-12 col-md-12 col-sm-12 fusion-content-box-hover content-box-column-last content-box-column-last-in-row\"><div class=\"col content-box-wrapper content-wrapper link-area-link-icon icon-hover-animation-slide fusion-animated\" data-animationType=\"fadeInUp\" data-animationDuration=\"1.0\" data-animationOffset=\"top-into-view\"><div class=\"heading heading-with-icon icon-left\"><div class=\"icon\" style=\"-webkit-animation-duration: 350ms;animation-duration: 350ms;\"><i style=\"border-color:#212934;border-width:0px;background-color:#8bc34a;box-sizing:content-box;height:60px;width:60px;line-height:60px;border-radius:50%;font-size:30px;\" aria-hidden=\"true\" class=\"fontawesome-icon fa-angle-right fas circle-yes\"><\/i><\/div><h3 class=\"content-box-heading\" style=\"--h3_typography-font-size:24px;line-height:29px;\">Alto Garda und Valtenesi<\/h3><\/div><div class=\"fusion-clearfix\"><\/div><div class=\"content-container\">\n<\/div><\/div><\/div><div class=\"fusion-clearfix\"><\/div><\/div><\/div><\/div><div class=\"fusion-layout-column fusion_builder_column fusion-builder-column-4 fusion_builder_column_1_3 1_3 fusion-flex-column fusion-flex-align-self-stretch fusion-column-inner-bg-wrapper\" style=\"--awb-padding-top:55px;--awb-padding-right:30px;--awb-padding-left:30px;--awb-overflow:hidden;--awb-inner-bg-color:rgba(0,0,0,0.26);--awb-inner-bg-color-hover:rgba(0,0,0,0.26);--awb-inner-bg-image:url(&#039;https:\/\/www.visitaltogarda.it\/wp-content\/uploads\/2021\/07\/winery-3633009_640-1.jpg&#039;);--awb-inner-bg-position:center center;--awb-inner-bg-blend:overlay;--awb-inner-bg-size:cover;--awb-box-shadow:0px 10px 51px 3px rgba(0,0,0,0.15);;--awb-border-radius:10px 10px 10px 10px;--awb-inner-bg-border-radius:10px 10px 10px 10px;--awb-inner-bg-overflow:hidden;--awb-width-large:33.333333333333%;--awb-margin-top-large:0px;--awb-spacing-right-large:5.76%;--awb-margin-bottom-large:20px;--awb-spacing-left-large:7.5px;--awb-width-medium:33.333333333333%;--awb-spacing-right-medium:5.76%;--awb-spacing-left-medium:7.5px;--awb-width-small:100%;--awb-spacing-right-small:1.92%;--awb-spacing-left-small:1.92%;\"><span class=\"fusion-column-inner-bg hover-type-none\"><a class=\"fusion-column-anchor\" href=\"https:\/\/www.visitaltogarda.it\/de\/oestlicher-unterer-gardasee\/\"><span class=\"fusion-column-inner-bg-image\"><\/span><\/a><\/span><div class=\"fusion-column-wrapper fusion-column-has-shadow fusion-flex-justify-content-flex-start fusion-content-layout-column fusion-column-has-bg-image\" data-bg-url=\"https:\/\/www.visitaltogarda.it\/wp-content\/uploads\/2021\/07\/winery-3633009_640-1.jpg\"><div class=\"fusion-content-boxes content-boxes columns row fusion-columns-1 fusion-columns-total-1 fusion-content-boxes-2 content-boxes-icon-on-top content-left fusion-delayed-animation\" style=\"--awb-body-color:#8bc34a;--awb-title-color:#fcfcfc;--awb-hover-accent-color:#65bc7b;--awb-circle-hover-accent-color:#65bc7b;--awb-item-margin-bottom:40px;\" data-animation-delay=\"350\" data-animationOffset=\"top-into-view\"><div style=\"--awb-backgroundcolor:rgba(255,255,255,0);\" class=\"fusion-column content-box-column content-box-column content-box-column-1 col-lg-12 col-md-12 col-sm-12 fusion-content-box-hover content-box-column-last content-box-column-last-in-row\"><div class=\"col content-box-wrapper content-wrapper link-area-link-icon icon-hover-animation-slide fusion-animated\" data-animationType=\"fadeInUp\" data-animationDuration=\"1.0\" data-animationOffset=\"top-into-view\"><div class=\"heading heading-with-icon icon-left\"><div class=\"icon\" style=\"-webkit-animation-duration: 350ms;animation-duration: 350ms;\"><i style=\"border-color:#212934;border-width:0px;background-color:#8bc34a;box-sizing:content-box;height:60px;width:60px;line-height:60px;border-radius:50%;font-size:30px;\" aria-hidden=\"true\" class=\"fontawesome-icon fa-angle-right fas circle-yes\"><\/i><\/div><h3 class=\"content-box-heading\" style=\"--h3_typography-font-size:24px;line-height:29px;\">\u00d6stlicher Unterer Gardasee<\/h3><\/div><div class=\"fusion-clearfix\"><\/div><div class=\"content-container\">\n<\/div><\/div><\/div><div class=\"fusion-clearfix\"><\/div><\/div><\/div><\/div><div class=\"fusion-layout-column fusion_builder_column fusion-builder-column-5 fusion_builder_column_1_3 1_3 fusion-flex-column fusion-flex-align-self-stretch fusion-column-inner-bg-wrapper\" style=\"--awb-padding-top:55px;--awb-padding-right:30px;--awb-padding-left:30px;--awb-overflow:hidden;--awb-inner-bg-color:rgba(0,0,0,0.26);--awb-inner-bg-color-hover:rgba(0,0,0,0.26);--awb-inner-bg-image:url(&#039;https:\/\/www.visitaltogarda.it\/wp-content\/uploads\/2021\/07\/wine-3646190_640.jpg&#039;);--awb-inner-bg-blend:overlay;--awb-inner-bg-size:cover;--awb-box-shadow:0px 10px 51px 3px rgba(0,0,0,0.15);;--awb-border-radius:10px 10px 10px 10px;--awb-inner-bg-border-radius:10px 10px 10px 10px;--awb-inner-bg-overflow:hidden;--awb-width-large:33.333333333333%;--awb-margin-top-large:0px;--awb-spacing-right-large:5.76%;--awb-margin-bottom-large:20px;--awb-spacing-left-large:7.5px;--awb-width-medium:33.333333333333%;--awb-spacing-right-medium:5.76%;--awb-spacing-left-medium:7.5px;--awb-width-small:100%;--awb-spacing-right-small:1.92%;--awb-spacing-left-small:1.92%;\"><span class=\"fusion-column-inner-bg hover-type-none\"><a class=\"fusion-column-anchor\" href=\"https:\/\/www.visitaltogarda.it\/de\/lugana\/\"><span class=\"fusion-column-inner-bg-image\"><\/span><\/a><\/span><div class=\"fusion-column-wrapper fusion-column-has-shadow fusion-flex-justify-content-flex-start fusion-content-layout-column fusion-column-has-bg-image\" data-bg-url=\"https:\/\/www.visitaltogarda.it\/wp-content\/uploads\/2021\/07\/wine-3646190_640.jpg\"><div class=\"fusion-content-boxes content-boxes columns row fusion-columns-1 fusion-columns-total-1 fusion-content-boxes-3 content-boxes-icon-on-top content-left fusion-delayed-animation\" style=\"--awb-title-color:#f7f7f7;--awb-hover-accent-color:#65bc7b;--awb-circle-hover-accent-color:#65bc7b;--awb-item-margin-bottom:40px;\" data-animation-delay=\"350\" data-animationOffset=\"top-into-view\"><div style=\"--awb-backgroundcolor:rgba(255,255,255,0);\" class=\"fusion-column content-box-column content-box-column content-box-column-1 col-lg-12 col-md-12 col-sm-12 fusion-content-box-hover content-box-column-last content-box-column-last-in-row\"><div class=\"col content-box-wrapper content-wrapper link-area-link-icon icon-hover-animation-slide fusion-animated\" data-animationType=\"fadeInUp\" data-animationDuration=\"1.0\" data-animationOffset=\"top-into-view\"><div class=\"heading heading-with-icon icon-left\"><div class=\"icon\" style=\"-webkit-animation-duration: 350ms;animation-duration: 350ms;\"><i style=\"border-color:#212934;border-width:0px;background-color:#8bc34a;box-sizing:content-box;height:60px;width:60px;line-height:60px;border-radius:50%;font-size:30px;\" aria-hidden=\"true\" class=\"fontawesome-icon fa-angle-right fas circle-yes\"><\/i><\/div><h3 class=\"content-box-heading\" style=\"--h3_typography-font-size:24px;line-height:29px;\">Lugana<\/h3><\/div><div class=\"fusion-clearfix\"><\/div><div class=\"content-container\">\n<\/div><\/div><\/div><div class=\"fusion-clearfix\"><\/div><\/div><\/div><\/div><div class=\"fusion-layout-column fusion_builder_column fusion-builder-column-6 fusion_builder_column_1_3 1_3 fusion-flex-column fusion-flex-align-self-stretch fusion-column-inner-bg-wrapper\" style=\"--awb-padding-top:55px;--awb-padding-right:30px;--awb-padding-left:30px;--awb-overflow:hidden;--awb-inner-bg-color:rgba(0,0,0,0.26);--awb-inner-bg-color-hover:rgba(0,0,0,0.26);--awb-inner-bg-image:url(&#039;https:\/\/www.visitaltogarda.it\/wp-content\/uploads\/2021\/07\/vineyard-428041_640.jpg&#039;);--awb-inner-bg-position:center center;--awb-inner-bg-blend:overlay;--awb-inner-bg-size:cover;--awb-box-shadow:0px 10px 51px 3px rgba(0,0,0,0.15);;--awb-border-radius:10px 10px 10px 10px;--awb-inner-bg-border-radius:10px 10px 10px 10px;--awb-inner-bg-overflow:hidden;--awb-width-large:33.333333333333%;--awb-margin-top-large:0px;--awb-spacing-right-large:5.76%;--awb-margin-bottom-large:20px;--awb-spacing-left-large:7.5px;--awb-width-medium:33.333333333333%;--awb-spacing-right-medium:5.76%;--awb-spacing-left-medium:7.5px;--awb-width-small:100%;--awb-spacing-right-small:1.92%;--awb-spacing-left-small:1.92%;\"><span class=\"fusion-column-inner-bg hover-type-none\"><a class=\"fusion-column-anchor\" href=\"https:\/\/www.visitaltogarda.it\/de\/das-tal-der-seen\/\"><span class=\"fusion-column-inner-bg-image\"><\/span><\/a><\/span><div class=\"fusion-column-wrapper fusion-column-has-shadow fusion-flex-justify-content-flex-start fusion-content-layout-column fusion-column-has-bg-image\" data-bg-url=\"https:\/\/www.visitaltogarda.it\/wp-content\/uploads\/2021\/07\/vineyard-428041_640.jpg\"><div class=\"fusion-content-boxes content-boxes columns row fusion-columns-1 fusion-columns-total-1 fusion-content-boxes-4 content-boxes-icon-on-top content-left fusion-delayed-animation\" style=\"--awb-title-color:#fcfcfc;--awb-hover-accent-color:#65bc7b;--awb-circle-hover-accent-color:#65bc7b;--awb-item-margin-bottom:40px;\" data-animation-delay=\"350\" data-animationOffset=\"top-into-view\"><div style=\"--awb-backgroundcolor:rgba(255,255,255,0);\" class=\"fusion-column content-box-column content-box-column content-box-column-1 col-lg-12 col-md-12 col-sm-12 fusion-content-box-hover content-box-column-last content-box-column-last-in-row\"><div class=\"col content-box-wrapper content-wrapper link-area-link-icon icon-hover-animation-slide fusion-animated\" data-animationType=\"fadeInUp\" data-animationDuration=\"1.0\" data-animationOffset=\"top-into-view\"><div class=\"heading heading-with-icon icon-left\"><div class=\"icon\" style=\"-webkit-animation-duration: 350ms;animation-duration: 350ms;\"><i style=\"border-color:#212934;border-width:0px;background-color:#8bc34a;box-sizing:content-box;height:60px;width:60px;line-height:60px;border-radius:50%;font-size:30px;\" aria-hidden=\"true\" class=\"fontawesome-icon fa-angle-right fas circle-yes\"><\/i><\/div><h3 class=\"content-box-heading\" style=\"--h3_typography-font-size:24px;line-height:29px;\">Das Tal der Seen<\/h3><\/div><div class=\"fusion-clearfix\"><\/div><div class=\"content-container\">\n<\/div><\/div><\/div><div class=\"fusion-clearfix\"><\/div><\/div><\/div><\/div><div class=\"fusion-layout-column fusion_builder_column fusion-builder-column-7 fusion_builder_column_1_3 1_3 fusion-flex-column fusion-flex-align-self-stretch fusion-column-inner-bg-wrapper\" style=\"--awb-padding-top:55px;--awb-padding-right:30px;--awb-padding-left:30px;--awb-overflow:hidden;--awb-inner-bg-color:rgba(0,0,0,0.17);--awb-inner-bg-color-hover:rgba(0,0,0,0.17);--awb-inner-bg-image:url(&#039;https:\/\/www.visitaltogarda.it\/wp-content\/uploads\/2021\/07\/Vendemmia.jpg&#039;);--awb-inner-bg-blend:overlay;--awb-inner-bg-size:cover;--awb-box-shadow:0px 10px 51px 3px rgba(0,0,0,0.15);;--awb-border-radius:10px 10px 10px 10px;--awb-inner-bg-border-radius:10px 10px 10px 10px;--awb-inner-bg-overflow:hidden;--awb-width-large:33.333333333333%;--awb-margin-top-large:0px;--awb-spacing-right-large:5.76%;--awb-margin-bottom-large:20px;--awb-spacing-left-large:7.5px;--awb-width-medium:33.333333333333%;--awb-spacing-right-medium:5.76%;--awb-spacing-left-medium:7.5px;--awb-width-small:100%;--awb-spacing-right-small:1.92%;--awb-spacing-left-small:1.92%;\"><span class=\"fusion-column-inner-bg hover-type-none\"><a class=\"fusion-column-anchor\" href=\"https:\/\/www.visitaltogarda.it\/de\/valpolicella\/\"><span class=\"fusion-column-inner-bg-image\"><\/span><\/a><\/span><div class=\"fusion-column-wrapper fusion-column-has-shadow fusion-flex-justify-content-flex-start fusion-content-layout-column fusion-column-has-bg-image\" data-bg-url=\"https:\/\/www.visitaltogarda.it\/wp-content\/uploads\/2021\/07\/Vendemmia.jpg\"><div class=\"fusion-content-boxes content-boxes columns row fusion-columns-1 fusion-columns-total-1 fusion-content-boxes-5 content-boxes-icon-on-top content-left fusion-delayed-animation\" style=\"--awb-title-color:#fcfcfc;--awb-hover-accent-color:#65bc7b;--awb-circle-hover-accent-color:#65bc7b;--awb-item-margin-bottom:40px;\" data-animation-delay=\"350\" data-animationOffset=\"top-into-view\"><div style=\"--awb-backgroundcolor:rgba(255,255,255,0);\" class=\"fusion-column content-box-column content-box-column content-box-column-1 col-lg-12 col-md-12 col-sm-12 fusion-content-box-hover content-box-column-last content-box-column-last-in-row\"><div class=\"col content-box-wrapper content-wrapper link-area-link-icon icon-hover-animation-slide fusion-animated\" data-animationType=\"fadeInUp\" data-animationDuration=\"1.0\" data-animationOffset=\"top-into-view\"><div class=\"heading heading-with-icon icon-left\"><div class=\"icon\" style=\"-webkit-animation-duration: 350ms;animation-duration: 350ms;\"><i style=\"border-color:#212934;border-width:0px;background-color:#8bc34a;box-sizing:content-box;height:60px;width:60px;line-height:60px;border-radius:50%;font-size:30px;\" aria-hidden=\"true\" class=\"fontawesome-icon fa-angle-right fas circle-yes\"><\/i><\/div><h3 class=\"content-box-heading\" style=\"--h3_typography-font-size:24px;line-height:29px;\">Valpolicella<\/h3><\/div><div class=\"fusion-clearfix\"><\/div><div class=\"content-container\">\n<\/div><\/div><\/div><div class=\"fusion-clearfix\"><\/div><\/div><\/div><\/div><div class=\"fusion-layout-column fusion_builder_column fusion-builder-column-8 fusion_builder_column_1_3 1_3 fusion-flex-column fusion-flex-align-self-stretch fusion-column-inner-bg-wrapper\" style=\"--awb-padding-top:55px;--awb-padding-right:30px;--awb-padding-left:30px;--awb-overflow:hidden;--awb-inner-bg-color:rgba(0,0,0,0.26);--awb-inner-bg-color-hover:rgba(0,0,0,0.26);--awb-inner-bg-image:url(&#039;https:\/\/www.visitaltogarda.it\/wp-content\/uploads\/2021\/07\/vallagarina22323.jpg&#039;);--awb-inner-bg-blend:overlay;--awb-inner-bg-size:cover;--awb-box-shadow:0px 10px 51px 3px rgba(0,0,0,0.15);;--awb-border-radius:10px 10px 10px 10px;--awb-inner-bg-border-radius:10px 10px 10px 10px;--awb-inner-bg-overflow:hidden;--awb-width-large:33.333333333333%;--awb-margin-top-large:0px;--awb-spacing-right-large:5.76%;--awb-margin-bottom-large:20px;--awb-spacing-left-large:7.5px;--awb-width-medium:33.333333333333%;--awb-spacing-right-medium:5.76%;--awb-spacing-left-medium:7.5px;--awb-width-small:100%;--awb-spacing-right-small:1.92%;--awb-spacing-left-small:1.92%;\"><span class=\"fusion-column-inner-bg hover-type-none\"><a class=\"fusion-column-anchor\" href=\"https:\/\/www.visitaltogarda.it\/de\/vallagarina\/\"><span class=\"fusion-column-inner-bg-image\"><\/span><\/a><\/span><div class=\"fusion-column-wrapper fusion-column-has-shadow fusion-flex-justify-content-flex-start fusion-content-layout-column fusion-column-has-bg-image\" data-bg-url=\"https:\/\/www.visitaltogarda.it\/wp-content\/uploads\/2021\/07\/vallagarina22323.jpg\"><div class=\"fusion-content-boxes content-boxes columns row fusion-columns-1 fusion-columns-total-1 fusion-content-boxes-6 content-boxes-icon-on-top content-left fusion-delayed-animation\" style=\"--awb-body-color:rgba(252,252,252,0.01);--awb-title-color:#fcfcfc;--awb-hover-accent-color:#65bc7b;--awb-circle-hover-accent-color:#65bc7b;--awb-item-margin-bottom:40px;\" data-animation-delay=\"350\" data-animationOffset=\"top-into-view\"><div style=\"--awb-backgroundcolor:rgba(255,255,255,0);\" class=\"fusion-column content-box-column content-box-column content-box-column-1 col-lg-12 col-md-12 col-sm-12 fusion-content-box-hover content-box-column-last content-box-column-last-in-row\"><div class=\"col content-box-wrapper content-wrapper link-area-link-icon icon-hover-animation-slide fusion-animated\" data-animationType=\"fadeInUp\" data-animationDuration=\"1.0\" data-animationOffset=\"top-into-view\"><div class=\"heading heading-with-icon icon-left\"><div class=\"icon\" style=\"-webkit-animation-duration: 350ms;animation-duration: 350ms;\"><i style=\"border-color:#212934;border-width:0px;background-color:#8bc34a;box-sizing:content-box;height:60px;width:60px;line-height:60px;border-radius:50%;font-size:30px;\" aria-hidden=\"true\" class=\"fontawesome-icon fa-angle-right fas circle-yes\"><\/i><\/div><h3 class=\"content-box-heading\" style=\"--h3_typography-font-size:24px;line-height:29px;\">Vallagarina<\/h3><\/div><div class=\"fusion-clearfix\"><\/div><div class=\"content-container\">\n<\/div><\/div><\/div><div class=\"fusion-clearfix\"><\/div><\/div><\/div><\/div><\/div><\/div><\/div><\/p>\n","protected":false},"excerpt":{"rendered":"","protected":false},"author":1,"featured_media":0,"parent":0,"menu_order":0,"comment_status":"closed","ping_status":"closed","template":"","meta":{"footnotes":""},"class_list":["post-8079","page","type-page","status-publish","hentry"],"yoast_head":"<!-- This site is optimized with the Yoast SEO plugin v27.4 - https:\/\/yoast.com\/product\/yoast-seo-wordpress\/ -->\n<title>Garda Weine und Umgebung - Visit Alto Garda<\/title>\n<meta name=\"robots\" content=\"index, follow, max-snippet:-1, max-image-preview:large, max-video-preview:-1\" \/>\n<link rel=\"canonical\" href=\"https:\/\/www.visitaltogarda.it\/de\/garda-weine-und-umgebung\/\" \/>\n<meta property=\"og:locale\" content=\"de_DE\" \/>\n<meta property=\"og:type\" content=\"article\" \/>\n<meta property=\"og:title\" content=\"Garda Weine und Umgebung - Visit Alto Garda\" \/>\n<meta property=\"og:url\" content=\"https:\/\/www.visitaltogarda.it\/de\/garda-weine-und-umgebung\/\" \/>\n<meta property=\"og:site_name\" content=\"Visit Alto Garda\" \/>\n<meta property=\"article:modified_time\" content=\"2021-12-16T14:08:46+00:00\" \/>\n<meta name=\"twitter:card\" content=\"summary_large_image\" \/>\n<meta name=\"twitter:label1\" content=\"Gesch\u00e4tzte Lesezeit\" \/>\n\t<meta name=\"twitter:data1\" content=\"11\u00a0Minuten\" \/>\n<script type=\"application\/ld+json\" class=\"yoast-schema-graph\">{\"@context\":\"https:\\\/\\\/schema.org\",\"@graph\":[{\"@type\":\"WebPage\",\"@id\":\"https:\\\/\\\/www.visitaltogarda.it\\\/de\\\/garda-weine-und-umgebung\\\/\",\"url\":\"https:\\\/\\\/www.visitaltogarda.it\\\/de\\\/garda-weine-und-umgebung\\\/\",\"name\":\"Garda Weine und Umgebung - Visit Alto Garda\",\"isPartOf\":{\"@id\":\"https:\\\/\\\/www.visitaltogarda.it\\\/de\\\/#website\"},\"datePublished\":\"2021-12-02T13:56:36+00:00\",\"dateModified\":\"2021-12-16T14:08:46+00:00\",\"breadcrumb\":{\"@id\":\"https:\\\/\\\/www.visitaltogarda.it\\\/de\\\/garda-weine-und-umgebung\\\/#breadcrumb\"},\"inLanguage\":\"de\",\"potentialAction\":[{\"@type\":\"ReadAction\",\"target\":[\"https:\\\/\\\/www.visitaltogarda.it\\\/de\\\/garda-weine-und-umgebung\\\/\"]}]},{\"@type\":\"BreadcrumbList\",\"@id\":\"https:\\\/\\\/www.visitaltogarda.it\\\/de\\\/garda-weine-und-umgebung\\\/#breadcrumb\",\"itemListElement\":[{\"@type\":\"ListItem\",\"position\":1,\"name\":\"Home\",\"item\":\"https:\\\/\\\/www.visitaltogarda.it\\\/de\\\/\"},{\"@type\":\"ListItem\",\"position\":2,\"name\":\"Garda Weine und Umgebung\"}]},{\"@type\":\"WebSite\",\"@id\":\"https:\\\/\\\/www.visitaltogarda.it\\\/de\\\/#website\",\"url\":\"https:\\\/\\\/www.visitaltogarda.it\\\/de\\\/\",\"name\":\"Visit Alto Garda\",\"description\":\"La tua vacanza organizzata nell'Alto Garda Bresciano. Informati e prenota online dal Portale ufficiale dell'Alto Garda.\",\"potentialAction\":[{\"@type\":\"SearchAction\",\"target\":{\"@type\":\"EntryPoint\",\"urlTemplate\":\"https:\\\/\\\/www.visitaltogarda.it\\\/de\\\/?s={search_term_string}\"},\"query-input\":{\"@type\":\"PropertyValueSpecification\",\"valueRequired\":true,\"valueName\":\"search_term_string\"}}],\"inLanguage\":\"de\"}]}<\/script>\n<!-- \/ Yoast SEO plugin. -->","yoast_head_json":{"title":"Garda Weine und Umgebung - Visit Alto Garda","robots":{"index":"index","follow":"follow","max-snippet":"max-snippet:-1","max-image-preview":"max-image-preview:large","max-video-preview":"max-video-preview:-1"},"canonical":"https:\/\/www.visitaltogarda.it\/de\/garda-weine-und-umgebung\/","og_locale":"de_DE","og_type":"article","og_title":"Garda Weine und Umgebung - Visit Alto Garda","og_url":"https:\/\/www.visitaltogarda.it\/de\/garda-weine-und-umgebung\/","og_site_name":"Visit Alto Garda","article_modified_time":"2021-12-16T14:08:46+00:00","twitter_card":"summary_large_image","twitter_misc":{"Gesch\u00e4tzte Lesezeit":"11\u00a0Minuten"},"schema":{"@context":"https:\/\/schema.org","@graph":[{"@type":"WebPage","@id":"https:\/\/www.visitaltogarda.it\/de\/garda-weine-und-umgebung\/","url":"https:\/\/www.visitaltogarda.it\/de\/garda-weine-und-umgebung\/","name":"Garda Weine und Umgebung - Visit Alto Garda","isPartOf":{"@id":"https:\/\/www.visitaltogarda.it\/de\/#website"},"datePublished":"2021-12-02T13:56:36+00:00","dateModified":"2021-12-16T14:08:46+00:00","breadcrumb":{"@id":"https:\/\/www.visitaltogarda.it\/de\/garda-weine-und-umgebung\/#breadcrumb"},"inLanguage":"de","potentialAction":[{"@type":"ReadAction","target":["https:\/\/www.visitaltogarda.it\/de\/garda-weine-und-umgebung\/"]}]},{"@type":"BreadcrumbList","@id":"https:\/\/www.visitaltogarda.it\/de\/garda-weine-und-umgebung\/#breadcrumb","itemListElement":[{"@type":"ListItem","position":1,"name":"Home","item":"https:\/\/www.visitaltogarda.it\/de\/"},{"@type":"ListItem","position":2,"name":"Garda Weine und Umgebung"}]},{"@type":"WebSite","@id":"https:\/\/www.visitaltogarda.it\/de\/#website","url":"https:\/\/www.visitaltogarda.it\/de\/","name":"Visit Alto Garda","description":"La tua vacanza organizzata nell'Alto Garda Bresciano. Informati e prenota online dal Portale ufficiale dell'Alto Garda.","potentialAction":[{"@type":"SearchAction","target":{"@type":"EntryPoint","urlTemplate":"https:\/\/www.visitaltogarda.it\/de\/?s={search_term_string}"},"query-input":{"@type":"PropertyValueSpecification","valueRequired":true,"valueName":"search_term_string"}}],"inLanguage":"de"}]}},"_links":{"self":[{"href":"https:\/\/www.visitaltogarda.it\/de\/wp-json\/wp\/v2\/pages\/8079","targetHints":{"allow":["GET"]}}],"collection":[{"href":"https:\/\/www.visitaltogarda.it\/de\/wp-json\/wp\/v2\/pages"}],"about":[{"href":"https:\/\/www.visitaltogarda.it\/de\/wp-json\/wp\/v2\/types\/page"}],"author":[{"embeddable":true,"href":"https:\/\/www.visitaltogarda.it\/de\/wp-json\/wp\/v2\/users\/1"}],"replies":[{"embeddable":true,"href":"https:\/\/www.visitaltogarda.it\/de\/wp-json\/wp\/v2\/comments?post=8079"}],"version-history":[{"count":8,"href":"https:\/\/www.visitaltogarda.it\/de\/wp-json\/wp\/v2\/pages\/8079\/revisions"}],"predecessor-version":[{"id":8576,"href":"https:\/\/www.visitaltogarda.it\/de\/wp-json\/wp\/v2\/pages\/8079\/revisions\/8576"}],"wp:attachment":[{"href":"https:\/\/www.visitaltogarda.it\/de\/wp-json\/wp\/v2\/media?parent=8079"}],"curies":[{"name":"wp","href":"https:\/\/api.w.org\/{rel}","templated":true}]}}