{"id":7982,"date":"2021-12-02T10:47:05","date_gmt":"2021-12-02T09:47:05","guid":{"rendered":"https:\/\/www.visitaltogarda.it\/kuenstlerisches-erbe\/"},"modified":"2021-12-16T14:39:08","modified_gmt":"2021-12-16T13:39:08","slug":"kuenstlerisches-erbe","status":"publish","type":"page","link":"https:\/\/www.visitaltogarda.it\/de\/kuenstlerisches-erbe\/","title":{"rendered":"K\u00dcNSTLERISCHES ERBE"},"content":{"rendered":"<p><div class=\"fusion-fullwidth fullwidth-box fusion-builder-row-1 fusion-flex-container fusion-parallax-none hundred-percent-fullwidth non-hundred-percent-height-scrolling\" style=\"--awb-background-position:center top;--awb-background-blend-mode:overlay;--awb-border-radius-top-left:0px;--awb-border-radius-top-right:0px;--awb-border-radius-bottom-right:0px;--awb-border-radius-bottom-left:0px;--awb-min-height:350px;--awb-background-color:rgba(0,0,0,0.4);--awb-background-image:url(&quot;https:\/\/www.visitaltogarda.it\/wp-content\/uploads\/2021\/04\/vitto1.jpg&quot;);--awb-background-size:cover;--awb-flex-wrap:wrap;\" ><div class=\"fusion-builder-row fusion-row fusion-flex-align-items-flex-start fusion-flex-align-content-center fusion-flex-justify-content-center fusion-flex-content-wrap\" style=\"width:104% !important;max-width:104% !important;margin-left: calc(-4% \/ 2 );margin-right: calc(-4% \/ 2 );\"><div class=\"fusion-layout-column fusion_builder_column fusion-builder-column-0 fusion_builder_column_1_1 1_1 fusion-flex-column\" style=\"--awb-bg-size:cover;--awb-width-large:100%;--awb-margin-top-large:0px;--awb-spacing-right-large:1.92%;--awb-margin-bottom-large:20px;--awb-spacing-left-large:1.92%;--awb-width-medium:100%;--awb-order-medium:0;--awb-spacing-right-medium:1.92%;--awb-spacing-left-medium:1.92%;--awb-width-small:100%;--awb-order-small:0;--awb-spacing-right-small:1.92%;--awb-spacing-left-small:1.92%;\"><div class=\"fusion-column-wrapper fusion-column-has-shadow fusion-flex-justify-content-center fusion-content-layout-row\"><div class=\"fusion-title title fusion-title-1 fusion-sep-none fusion-title-text fusion-title-size-one\" style=\"--awb-margin-top:30px;--awb-margin-top-small:10px;--awb-margin-right-small:0px;--awb-margin-bottom-small:10px;--awb-margin-left-small:0px;\"><h1 class=\"fusion-title-heading title-heading-left\" style=\"margin:0;text-shadow:1px 1px 4px rgba(0,0,0,0.74);\">K\u00dcNSTLERISCHES ERBE<\/h1><\/div><\/div><\/div><\/div><\/div><div id=\"benvenuto\" class=\"fusion-container-anchor\"><div class=\"fusion-fullwidth fullwidth-box fusion-builder-row-2 fusion-flex-container nonhundred-percent-fullwidth non-hundred-percent-height-scrolling\" style=\"--awb-background-position:left top;--awb-border-sizes-top:0px;--awb-border-sizes-bottom:0px;--awb-border-sizes-left:0px;--awb-border-sizes-right:0px;--awb-border-radius-top-left:0px;--awb-border-radius-top-right:0px;--awb-border-radius-bottom-right:0px;--awb-border-radius-bottom-left:0px;--awb-padding-top:30px;--awb-padding-bottom:70px;--awb-flex-wrap:wrap;\" ><div class=\"fusion-builder-row fusion-row fusion-flex-align-items-flex-start fusion-flex-justify-content-center fusion-flex-content-wrap\" style=\"max-width:1248px;margin-left: calc(-4% \/ 2 );margin-right: calc(-4% \/ 2 );\"><div class=\"fusion-layout-column fusion_builder_column fusion-builder-column-1 fusion_builder_column_1_2 1_2 fusion-flex-column fusion-flex-align-self-flex-start fusion-column-no-min-height\" style=\"--awb-padding-bottom:20px;--awb-bg-blend:overlay;--awb-bg-size:cover;--awb-width-large:50%;--awb-margin-top-large:0px;--awb-spacing-right-large:3.84%;--awb-margin-bottom-large:20px;--awb-spacing-left-large:3.84%;--awb-width-medium:50%;--awb-spacing-right-medium:3.84%;--awb-spacing-left-medium:3.84%;--awb-width-small:100%;--awb-spacing-right-small:1.92%;--awb-spacing-left-small:1.92%;\"><div class=\"fusion-column-wrapper fusion-flex-justify-content-flex-start fusion-content-layout-column\"><div class=\"fusion-text fusion-text-1\" style=\"--awb-content-alignment:center;\"><p style=\"text-align: justify;\">F\u00fcr Liebhaber von Kunst, Geschichte und Traditionen, ist der obere Gardasee eine Schatztruhe voller spannender Sch\u00e4tze.<br \/>\nWenn Sie die K\u00fcste hinaufgehen, k\u00f6nnen Sie die imposante und strenge Sch\u00f6nheit der <strong>Kathedrale von Sal\u00f2<\/strong> bewundern und das <strong>MuSa<\/strong>, das italienische Stadtmuseum f\u00fcr moderne und zeitgen\u00f6ssische Kunst, besuchen.<br \/>\nWeiter entlang der Route m\u00fcssen Sie unbedingt in Gardone das <strong>Vittoriale degli italiani<\/strong>, besuchen, das Haus-Museum von Gabriele D&#8217;Annunzio mit seinem bezaubernden Garten, ein privilegiertes Ziel f\u00fcr viele italienische und ausl\u00e4ndische Touristen.<br \/>\nEs gibt auch keinen Mangel an arch\u00e4ologischen Funden, die Sie in Toscolano Maderno in dem gro\u00dfen <strong>Domus Romana<\/strong> finden, deren Mosaiken Sie auf magische Weise in die Vergangenheit entf\u00fchren.<br \/>\nWeiter n\u00f6rdlich, im Gargnano, erwarten dem See zugewandt die <strong>Villa Bettoni<\/strong> aus dem achtzehnten Jahrhundert mit ihren herrlichen Fresken und gro\u00dfen S\u00e4len, die mit F\u00fchrungen zug\u00e4nglich sind, und die <strong>Villa Feltrinelli<\/strong>, heute ein renommiertes Hotel mit seinem luxuri\u00f6sen Park. Nicht zu vergessen, ebenfalls in Gargnano, der <strong>Kreuzgang von San Francesco<\/strong>.<br \/>\nIn Tignale erwartet Sie auf dem Gipfel es Monte Cas die <strong>Wallfahrtskirche Montecastello<\/strong> mit ihrem Fresko aus der Schule des Giottos, die den See beherrscht und einen atemberaubenden Blick bietet.<\/p>\n<\/div><div class=\"fusion-separator fusion-full-width-sep\" style=\"align-self: center;margin-left: auto;margin-right: auto;margin-top:15px;width:100%;\"><\/div><\/div><\/div><div class=\"fusion-layout-column fusion_builder_column fusion-builder-column-2 fusion_builder_column_1_2 1_2 fusion-flex-column fusion-flex-align-self-stretch fusion-column-inner-bg-wrapper\" style=\"--awb-padding-top:150px;--awb-padding-right:30px;--awb-padding-left:30px;--awb-overflow:hidden;--awb-inner-bg-color:rgba(0,0,0,0.3);--awb-inner-bg-color-hover:rgba(0,0,0,0.3);--awb-inner-bg-image:url(&#039;https:\/\/www.visitaltogarda.it\/wp-content\/uploads\/2021\/04\/vitto2.jpg&#039;);--awb-inner-bg-position:center center;--awb-inner-bg-blend:overlay;--awb-inner-bg-size:cover;--awb-box-shadow:0px 10px 51px 3px rgba(0,0,0,0.15);;--awb-border-radius:10px 10px 10px 10px;--awb-inner-bg-border-radius:10px 10px 10px 10px;--awb-inner-bg-overflow:hidden;--awb-width-large:50%;--awb-margin-top-large:0px;--awb-spacing-right-large:3.84%;--awb-margin-bottom-large:20px;--awb-spacing-left-large:7.5px;--awb-width-medium:50%;--awb-spacing-right-medium:3.84%;--awb-spacing-left-medium:7.5px;--awb-width-small:100%;--awb-spacing-right-small:1.92%;--awb-spacing-left-small:1.92%;\"><span class=\"fusion-column-inner-bg hover-type-none\"><a class=\"fusion-column-anchor\" href=\"https:\/\/www.visitaltogarda.it\/it\/punti-di-interesse\/#\/Infrastrukturen\/TRN\/7359a5bd-22cf-443c-ac07-da6b16944cbb\/vittoriale-degli-italiani\"><span class=\"fusion-column-inner-bg-image\"><\/span><\/a><\/span><div class=\"fusion-column-wrapper fusion-column-has-shadow fusion-flex-justify-content-center fusion-content-layout-row fusion-flex-align-items-flex-end fusion-column-has-bg-image\" data-bg-url=\"https:\/\/www.visitaltogarda.it\/wp-content\/uploads\/2021\/04\/vitto2.jpg\"><div class=\"fusion-content-boxes content-boxes columns row fusion-columns-1 fusion-columns-total-1 fusion-content-boxes-1 content-boxes-icon-on-top content-left fusion-delayed-animation\" style=\"--awb-title-color:#ffffff;--awb-margin-bottom:0px;--awb-hover-accent-color:#65bc7b;--awb-circle-hover-accent-color:#65bc7b;--awb-item-margin-bottom:40px;\" data-animation-delay=\"350\" data-animationOffset=\"top-into-view\"><div style=\"--awb-backgroundcolor:rgba(255,255,255,0);\" class=\"fusion-column content-box-column content-box-column content-box-column-1 col-lg-12 col-md-12 col-sm-12 fusion-content-box-hover content-box-column-last content-box-column-last-in-row\"><div class=\"col content-box-wrapper content-wrapper link-area-link-icon icon-hover-animation-slide fusion-animated\" data-animationType=\"fadeInUp\" data-animationDuration=\"1.0\" data-animationOffset=\"top-into-view\"><div class=\"heading heading-with-icon icon-left\"><div class=\"icon\" style=\"-webkit-animation-duration: 350ms;animation-duration: 350ms;\"><i style=\"border-color:#212934;border-width:0px;background-color:#8bc34a;box-sizing:content-box;height:44px;width:44px;line-height:44px;border-radius:50%;font-size:22px;\" aria-hidden=\"true\" class=\"fontawesome-icon fa-angle-right fas circle-yes\"><\/i><\/div><h3 class=\"content-box-heading\" style=\"--h3_typography-font-size:24px;line-height:29px;\">Vittoriale degli Italiani<\/h3><\/div><\/div><\/div><div class=\"fusion-clearfix\"><\/div><\/div><\/div><\/div><div class=\"fusion-layout-column fusion_builder_column fusion-builder-column-3 fusion_builder_column_1_3 1_3 fusion-flex-column fusion-flex-align-self-stretch fusion-column-inner-bg-wrapper\" style=\"--awb-padding-top:150px;--awb-padding-right:30px;--awb-padding-left:30px;--awb-overflow:hidden;--awb-inner-bg-color:rgba(0,0,0,0.17);--awb-inner-bg-color-hover:rgba(0,0,0,0.17);--awb-inner-bg-image:url(&#039;https:\/\/www.visitaltogarda.it\/wp-content\/uploads\/2021\/06\/duomo-salo1.png&#039;);--awb-inner-bg-blend:overlay;--awb-inner-bg-size:cover;--awb-box-shadow:0px 10px 51px 3px rgba(0,0,0,0.15);;--awb-border-radius:10px 10px 10px 10px;--awb-inner-bg-border-radius:10px 10px 10px 10px;--awb-inner-bg-overflow:hidden;--awb-width-large:33.333333333333%;--awb-margin-top-large:0px;--awb-spacing-right-large:5.76%;--awb-margin-bottom-large:20px;--awb-spacing-left-large:7.5px;--awb-width-medium:33.333333333333%;--awb-spacing-right-medium:5.76%;--awb-spacing-left-medium:7.5px;--awb-width-small:100%;--awb-spacing-right-small:1.92%;--awb-spacing-left-small:1.92%;\"><span class=\"fusion-column-inner-bg hover-type-none\"><a class=\"fusion-column-anchor\" href=\"https:\/\/www.visitaltogarda.it\/it\/punti-di-interesse\/#\/Infrastrukturen\/TRN\/b689bad7-8ce7-4032-9474-f5b83fdee202\/duomo-di-salo\"><span class=\"fusion-column-inner-bg-image\"><\/span><\/a><\/span><div class=\"fusion-column-wrapper fusion-column-has-shadow fusion-flex-justify-content-center fusion-content-layout-row fusion-flex-align-items-flex-end fusion-column-has-bg-image\" data-bg-url=\"https:\/\/www.visitaltogarda.it\/wp-content\/uploads\/2021\/06\/duomo-salo1.png\"><div class=\"fusion-content-boxes content-boxes columns row fusion-columns-1 fusion-columns-total-1 fusion-content-boxes-2 content-boxes-icon-on-top content-left fusion-delayed-animation\" style=\"--awb-title-color:#ffffff;--awb-margin-bottom:0px;--awb-hover-accent-color:#65bc7b;--awb-circle-hover-accent-color:#65bc7b;--awb-item-margin-bottom:40px;\" data-animation-delay=\"350\" data-animationOffset=\"top-into-view\"><div style=\"--awb-backgroundcolor:rgba(255,255,255,0);\" class=\"fusion-column content-box-column content-box-column content-box-column-1 col-lg-12 col-md-12 col-sm-12 fusion-content-box-hover content-box-column-last content-box-column-last-in-row\"><div class=\"col content-box-wrapper content-wrapper link-area-link-icon icon-hover-animation-slide fusion-animated\" data-animationType=\"fadeInUp\" data-animationDuration=\"1.0\" data-animationOffset=\"top-into-view\"><div class=\"heading heading-with-icon icon-left\"><div class=\"icon\" style=\"-webkit-animation-duration: 350ms;animation-duration: 350ms;\"><i style=\"border-color:#212934;border-width:0px;background-color:#8bc34a;box-sizing:content-box;height:44px;width:44px;line-height:44px;border-radius:50%;font-size:22px;\" aria-hidden=\"true\" class=\"fontawesome-icon fa-angle-right fas circle-yes\"><\/i><\/div><h3 class=\"content-box-heading\" style=\"--h3_typography-font-size:24px;line-height:29px;\">Kathedrale von Sal\u00f2<\/h3><\/div><\/div><\/div><div class=\"fusion-clearfix\"><\/div><\/div><\/div><\/div><div class=\"fusion-layout-column fusion_builder_column fusion-builder-column-4 fusion_builder_column_1_3 1_3 fusion-flex-column fusion-flex-align-self-stretch fusion-column-inner-bg-wrapper\" style=\"--awb-padding-top:150px;--awb-padding-right:30px;--awb-padding-left:30px;--awb-overflow:hidden;--awb-inner-bg-color:rgba(0,0,0,0.17);--awb-inner-bg-color-hover:rgba(0,0,0,0.17);--awb-inner-bg-image:url(&#039;https:\/\/www.visitaltogarda.it\/wp-content\/uploads\/2021\/11\/musa-salo2.jpg&#039;);--awb-inner-bg-position:center center;--awb-inner-bg-blend:overlay;--awb-inner-bg-size:cover;--awb-box-shadow:0px 10px 51px 3px rgba(0,0,0,0.15);;--awb-border-radius:10px 10px 10px 10px;--awb-inner-bg-border-radius:10px 10px 10px 10px;--awb-inner-bg-overflow:hidden;--awb-width-large:33.333333333333%;--awb-margin-top-large:0px;--awb-spacing-right-large:5.76%;--awb-margin-bottom-large:20px;--awb-spacing-left-large:7.5px;--awb-width-medium:33.333333333333%;--awb-spacing-right-medium:5.76%;--awb-spacing-left-medium:7.5px;--awb-width-small:100%;--awb-spacing-right-small:1.92%;--awb-spacing-left-small:1.92%;\"><span class=\"fusion-column-inner-bg hover-type-none\"><a class=\"fusion-column-anchor\" href=\"https:\/\/www.visitaltogarda.it\/it\/punti-di-interesse\/#\/Infrastrukturen\/TRN\/3e0994d2-d90b-470d-ac56-7d28044ede14\/musa\"><span class=\"fusion-column-inner-bg-image\"><\/span><\/a><\/span><div class=\"fusion-column-wrapper fusion-column-has-shadow fusion-flex-justify-content-center fusion-content-layout-row fusion-flex-align-items-flex-end fusion-column-has-bg-image\" data-bg-url=\"https:\/\/www.visitaltogarda.it\/wp-content\/uploads\/2021\/11\/musa-salo2.jpg\"><div class=\"fusion-content-boxes content-boxes columns row fusion-columns-1 fusion-columns-total-1 fusion-content-boxes-3 content-boxes-icon-on-top content-left fusion-delayed-animation\" style=\"--awb-title-color:#ffffff;--awb-margin-bottom:0px;--awb-hover-accent-color:#65bc7b;--awb-circle-hover-accent-color:#65bc7b;--awb-item-margin-bottom:40px;\" data-animation-delay=\"350\" data-animationOffset=\"top-into-view\"><div style=\"--awb-backgroundcolor:rgba(255,255,255,0);\" class=\"fusion-column content-box-column content-box-column content-box-column-1 col-lg-12 col-md-12 col-sm-12 fusion-content-box-hover content-box-column-last content-box-column-last-in-row\"><div class=\"col content-box-wrapper content-wrapper link-area-link-icon icon-hover-animation-slide fusion-animated\" data-animationType=\"fadeInUp\" data-animationDuration=\"1.0\" data-animationOffset=\"top-into-view\"><div class=\"heading heading-with-icon icon-left\"><div class=\"icon\" style=\"-webkit-animation-duration: 350ms;animation-duration: 350ms;\"><i style=\"border-color:#212934;border-width:0px;background-color:#8bc34a;box-sizing:content-box;height:44px;width:44px;line-height:44px;border-radius:50%;font-size:22px;\" aria-hidden=\"true\" class=\"fontawesome-icon fa-angle-right fas circle-yes\"><\/i><\/div><h3 class=\"content-box-heading\" style=\"--h3_typography-font-size:24px;line-height:29px;\">MuSa<\/h3><\/div><\/div><\/div><div class=\"fusion-clearfix\"><\/div><\/div><\/div><\/div><div class=\"fusion-layout-column fusion_builder_column fusion-builder-column-5 fusion_builder_column_1_3 1_3 fusion-flex-column fusion-flex-align-self-stretch fusion-column-inner-bg-wrapper\" style=\"--awb-padding-top:150px;--awb-padding-right:30px;--awb-padding-left:30px;--awb-overflow:hidden;--awb-inner-bg-color:rgba(0,0,0,0.3);--awb-inner-bg-color-hover:rgba(0,0,0,0.3);--awb-inner-bg-image:url(&#039;https:\/\/www.visitaltogarda.it\/wp-content\/uploads\/2021\/11\/villa-romana1-.jpg&#039;);--awb-inner-bg-blend:overlay;--awb-inner-bg-size:cover;--awb-box-shadow:0px 10px 51px 3px rgba(0,0,0,0.15);;--awb-border-radius:10px 10px 10px 10px;--awb-inner-bg-border-radius:10px 10px 10px 10px;--awb-inner-bg-overflow:hidden;--awb-width-large:33.333333333333%;--awb-margin-top-large:0px;--awb-spacing-right-large:5.76%;--awb-margin-bottom-large:20px;--awb-spacing-left-large:7.5px;--awb-width-medium:33.333333333333%;--awb-spacing-right-medium:5.76%;--awb-spacing-left-medium:7.5px;--awb-width-small:100%;--awb-spacing-right-small:1.92%;--awb-spacing-left-small:1.92%;\"><span class=\"fusion-column-inner-bg hover-type-none\"><a class=\"fusion-column-anchor\" href=\"https:\/\/www.visitaltogarda.it\/it\/punti-di-interesse\/#\/Infrastrukturen\/TRN\/523b8e43-74ff-42d1-981b-ee5359a10f11\/villa-romana-nonii-arrii\"><span class=\"fusion-column-inner-bg-image\"><\/span><\/a><\/span><div class=\"fusion-column-wrapper fusion-column-has-shadow fusion-flex-justify-content-center fusion-content-layout-row fusion-flex-align-items-flex-end fusion-column-has-bg-image\" data-bg-url=\"https:\/\/www.visitaltogarda.it\/wp-content\/uploads\/2021\/11\/villa-romana1-.jpg\"><div class=\"fusion-content-boxes content-boxes columns row fusion-columns-1 fusion-columns-total-1 fusion-content-boxes-4 content-boxes-icon-on-top content-left fusion-delayed-animation\" style=\"--awb-title-color:#ffffff;--awb-margin-bottom:0px;--awb-hover-accent-color:#65bc7b;--awb-circle-hover-accent-color:#65bc7b;--awb-item-margin-bottom:40px;\" data-animation-delay=\"350\" data-animationOffset=\"top-into-view\"><div style=\"--awb-backgroundcolor:rgba(255,255,255,0);\" class=\"fusion-column content-box-column content-box-column content-box-column-1 col-lg-12 col-md-12 col-sm-12 fusion-content-box-hover content-box-column-last content-box-column-last-in-row\"><div class=\"col content-box-wrapper content-wrapper link-area-link-icon icon-hover-animation-slide fusion-animated\" data-animationType=\"fadeInUp\" data-animationDuration=\"1.0\" data-animationOffset=\"top-into-view\"><div class=\"heading heading-with-icon icon-left\"><div class=\"icon\" style=\"-webkit-animation-duration: 350ms;animation-duration: 350ms;\"><i style=\"border-color:#212934;border-width:0px;background-color:#8bc34a;box-sizing:content-box;height:44px;width:44px;line-height:44px;border-radius:50%;font-size:22px;\" aria-hidden=\"true\" class=\"fontawesome-icon fa-angle-right fas circle-yes\"><\/i><\/div><h3 class=\"content-box-heading\" style=\"--h3_typography-font-size:24px;line-height:29px;\">Domus Romana<\/h3><\/div><\/div><\/div><div class=\"fusion-clearfix\"><\/div><\/div><\/div><\/div><div class=\"fusion-layout-column fusion_builder_column fusion-builder-column-6 fusion_builder_column_1_3 1_3 fusion-flex-column fusion-flex-align-self-stretch fusion-column-inner-bg-wrapper\" style=\"--awb-padding-top:150px;--awb-padding-right:30px;--awb-padding-left:30px;--awb-overflow:hidden;--awb-inner-bg-color:rgba(0,0,0,0.3);--awb-inner-bg-color-hover:rgba(0,0,0,0.3);--awb-inner-bg-image:url(&#039;https:\/\/www.visitaltogarda.it\/wp-content\/uploads\/2021\/04\/Bogliaco-palazzo-bettoni.jpg&#039;);--awb-inner-bg-blend:overlay;--awb-inner-bg-size:cover;--awb-box-shadow:0px 10px 51px 3px rgba(0,0,0,0.15);;--awb-border-radius:10px 10px 10px 10px;--awb-inner-bg-border-radius:10px 10px 10px 10px;--awb-inner-bg-overflow:hidden;--awb-width-large:33.333333333333%;--awb-margin-top-large:0px;--awb-spacing-right-large:5.76%;--awb-margin-bottom-large:20px;--awb-spacing-left-large:7.5px;--awb-width-medium:33.333333333333%;--awb-spacing-right-medium:5.76%;--awb-spacing-left-medium:7.5px;--awb-width-small:100%;--awb-spacing-right-small:1.92%;--awb-spacing-left-small:1.92%;\"><span class=\"fusion-column-inner-bg hover-type-none\"><a class=\"fusion-column-anchor\" href=\"https:\/\/www.visitaltogarda.it\/it\/punti-di-interesse\/#\/Infrastrukturen\/TRN\/3f0c7373-8a1b-401c-a000-29cb475584cb\/villa-bettoni\"><span class=\"fusion-column-inner-bg-image\"><\/span><\/a><\/span><div class=\"fusion-column-wrapper fusion-column-has-shadow fusion-flex-justify-content-center fusion-content-layout-row fusion-flex-align-items-flex-end fusion-column-has-bg-image\" data-bg-url=\"https:\/\/www.visitaltogarda.it\/wp-content\/uploads\/2021\/04\/Bogliaco-palazzo-bettoni.jpg\"><div class=\"fusion-content-boxes content-boxes columns row fusion-columns-1 fusion-columns-total-1 fusion-content-boxes-5 content-boxes-icon-on-top content-left fusion-delayed-animation\" style=\"--awb-title-color:#ffffff;--awb-margin-bottom:0px;--awb-hover-accent-color:#65bc7b;--awb-circle-hover-accent-color:#65bc7b;--awb-item-margin-bottom:40px;\" data-animation-delay=\"350\" data-animationOffset=\"top-into-view\"><div style=\"--awb-backgroundcolor:rgba(255,255,255,0);\" class=\"fusion-column content-box-column content-box-column content-box-column-1 col-lg-12 col-md-12 col-sm-12 fusion-content-box-hover content-box-column-last content-box-column-last-in-row\"><div class=\"col content-box-wrapper content-wrapper link-area-link-icon icon-hover-animation-slide fusion-animated\" data-animationType=\"fadeInUp\" data-animationDuration=\"1.0\" data-animationOffset=\"top-into-view\"><div class=\"heading heading-with-icon icon-left\"><div class=\"icon\" style=\"-webkit-animation-duration: 350ms;animation-duration: 350ms;\"><i style=\"border-color:#212934;border-width:0px;background-color:#8bc34a;box-sizing:content-box;height:44px;width:44px;line-height:44px;border-radius:50%;font-size:22px;\" aria-hidden=\"true\" class=\"fontawesome-icon fa-angle-right fas circle-yes\"><\/i><\/div><h3 class=\"content-box-heading\" style=\"--h3_typography-font-size:24px;line-height:29px;\">Villa Bettoni<\/h3><\/div><\/div><\/div><div class=\"fusion-clearfix\"><\/div><\/div><\/div><\/div><div class=\"fusion-layout-column fusion_builder_column fusion-builder-column-7 fusion_builder_column_1_3 1_3 fusion-flex-column fusion-flex-align-self-stretch fusion-column-inner-bg-wrapper\" style=\"--awb-padding-top:150px;--awb-padding-right:30px;--awb-padding-left:30px;--awb-overflow:hidden;--awb-inner-bg-color:rgba(0,0,0,0.3);--awb-inner-bg-color-hover:rgba(0,0,0,0.3);--awb-inner-bg-image:url(&#039;https:\/\/www.visitaltogarda.it\/wp-content\/uploads\/2021\/04\/santuario-di-montecastello.jpg&#039;);--awb-inner-bg-position:center center;--awb-inner-bg-blend:overlay;--awb-inner-bg-size:cover;--awb-box-shadow:0px 10px 51px 3px rgba(0,0,0,0.15);;--awb-border-radius:10px 10px 10px 10px;--awb-inner-bg-border-radius:10px 10px 10px 10px;--awb-inner-bg-overflow:hidden;--awb-width-large:33.333333333333%;--awb-margin-top-large:0px;--awb-spacing-right-large:5.76%;--awb-margin-bottom-large:20px;--awb-spacing-left-large:7.5px;--awb-width-medium:33.333333333333%;--awb-spacing-right-medium:5.76%;--awb-spacing-left-medium:7.5px;--awb-width-small:100%;--awb-spacing-right-small:1.92%;--awb-spacing-left-small:1.92%;\"><span class=\"fusion-column-inner-bg hover-type-none\"><a class=\"fusion-column-anchor\" href=\"https:\/\/www.visitaltogarda.it\/it\/punti-di-interesse\/#\/Infrastrukturen\/TRN\/f4fdb57e-43ac-4f63-965b-e42fdb45a2f6\/santuario-di-montecastello\"><span class=\"fusion-column-inner-bg-image\"><\/span><\/a><\/span><div class=\"fusion-column-wrapper fusion-column-has-shadow fusion-flex-justify-content-center fusion-content-layout-row fusion-flex-align-items-flex-end fusion-column-has-bg-image\" data-bg-url=\"https:\/\/www.visitaltogarda.it\/wp-content\/uploads\/2021\/04\/santuario-di-montecastello.jpg\"><div class=\"fusion-content-boxes content-boxes columns row fusion-columns-1 fusion-columns-total-1 fusion-content-boxes-6 content-boxes-icon-on-top content-left fusion-delayed-animation\" style=\"--awb-title-color:#ffffff;--awb-margin-bottom:0px;--awb-hover-accent-color:#65bc7b;--awb-circle-hover-accent-color:#65bc7b;--awb-item-margin-bottom:40px;\" data-animation-delay=\"350\" data-animationOffset=\"top-into-view\"><div style=\"--awb-backgroundcolor:rgba(255,255,255,0);\" class=\"fusion-column content-box-column content-box-column content-box-column-1 col-lg-12 col-md-12 col-sm-12 fusion-content-box-hover content-box-column-last content-box-column-last-in-row\"><div class=\"col content-box-wrapper content-wrapper link-area-link-icon icon-hover-animation-slide fusion-animated\" data-animationType=\"fadeInUp\" data-animationDuration=\"1.0\" data-animationOffset=\"top-into-view\"><div class=\"heading heading-with-icon icon-left\"><div class=\"icon\" style=\"-webkit-animation-duration: 350ms;animation-duration: 350ms;\"><i style=\"border-color:#212934;border-width:0px;background-color:#8bc34a;box-sizing:content-box;height:44px;width:44px;line-height:44px;border-radius:50%;font-size:22px;\" aria-hidden=\"true\" class=\"fontawesome-icon fa-angle-right fas circle-yes\"><\/i><\/div><h3 class=\"content-box-heading\" style=\"--h3_typography-font-size:24px;line-height:29px;\">Wallfahrtskirche Montecastello<\/h3><\/div><\/div><\/div><div class=\"fusion-clearfix\"><\/div><\/div><\/div><\/div><div class=\"fusion-layout-column fusion_builder_column fusion-builder-column-8 fusion_builder_column_1_3 1_3 fusion-flex-column fusion-flex-align-self-stretch fusion-column-inner-bg-wrapper\" style=\"--awb-padding-top:150px;--awb-padding-right:30px;--awb-padding-left:30px;--awb-overflow:hidden;--awb-inner-bg-color:rgba(0,0,0,0.3);--awb-inner-bg-color-hover:rgba(0,0,0,0.3);--awb-inner-bg-image:url(&#039;https:\/\/www.visitaltogarda.it\/wp-content\/uploads\/2021\/04\/Gargnano-chiostro-s.Francesco.jpg&#039;);--awb-inner-bg-position:center center;--awb-inner-bg-blend:overlay;--awb-inner-bg-size:cover;--awb-box-shadow:0px 10px 51px 3px rgba(0,0,0,0.15);;--awb-border-radius:10px 10px 10px 10px;--awb-inner-bg-border-radius:10px 10px 10px 10px;--awb-inner-bg-overflow:hidden;--awb-width-large:33.333333333333%;--awb-margin-top-large:0px;--awb-spacing-right-large:5.76%;--awb-margin-bottom-large:20px;--awb-spacing-left-large:7.5px;--awb-width-medium:33.333333333333%;--awb-spacing-right-medium:5.76%;--awb-spacing-left-medium:7.5px;--awb-width-small:100%;--awb-spacing-right-small:1.92%;--awb-spacing-left-small:1.92%;\"><span class=\"fusion-column-inner-bg hover-type-none\"><a class=\"fusion-column-anchor\" href=\"https:\/\/www.visitaltogarda.it\/it\/punti-di-interesse\/#\/Infrastrukturen\/TRN\/2f9471cd-bdaf-45ea-a3a9-954d175bcfb1\/chiostro-di-san-fancesco\"><span class=\"fusion-column-inner-bg-image\"><\/span><\/a><\/span><div class=\"fusion-column-wrapper fusion-column-has-shadow fusion-flex-justify-content-center fusion-content-layout-row fusion-flex-align-items-flex-end fusion-column-has-bg-image\" data-bg-url=\"https:\/\/www.visitaltogarda.it\/wp-content\/uploads\/2021\/04\/Gargnano-chiostro-s.Francesco.jpg\"><div class=\"fusion-content-boxes content-boxes columns row fusion-columns-1 fusion-columns-total-1 fusion-content-boxes-7 content-boxes-icon-on-top content-left fusion-delayed-animation\" style=\"--awb-title-color:#ffffff;--awb-margin-bottom:0px;--awb-hover-accent-color:#65bc7b;--awb-circle-hover-accent-color:#65bc7b;--awb-item-margin-bottom:40px;\" data-animation-delay=\"350\" data-animationOffset=\"top-into-view\"><div style=\"--awb-backgroundcolor:rgba(255,255,255,0);\" class=\"fusion-column content-box-column content-box-column content-box-column-1 col-lg-12 col-md-12 col-sm-12 fusion-content-box-hover content-box-column-last content-box-column-last-in-row\"><div class=\"col content-box-wrapper content-wrapper link-area-link-icon icon-hover-animation-slide fusion-animated\" data-animationType=\"fadeInUp\" data-animationDuration=\"1.0\" data-animationOffset=\"top-into-view\"><div class=\"heading heading-with-icon icon-left\"><div class=\"icon\" style=\"-webkit-animation-duration: 350ms;animation-duration: 350ms;\"><i style=\"border-color:#212934;border-width:0px;background-color:#8bc34a;box-sizing:content-box;height:44px;width:44px;line-height:44px;border-radius:50%;font-size:22px;\" aria-hidden=\"true\" class=\"fontawesome-icon fa-angle-right fas circle-yes\"><\/i><\/div><h3 class=\"content-box-heading\" style=\"--h3_typography-font-size:24px;line-height:29px;\">Kreuzgang von San Francesco<\/h3><\/div><\/div><\/div><div class=\"fusion-clearfix\"><\/div><\/div><\/div><\/div><\/div><\/div><\/div><\/p>\n","protected":false},"excerpt":{"rendered":"","protected":false},"author":1,"featured_media":0,"parent":0,"menu_order":0,"comment_status":"closed","ping_status":"closed","template":"","meta":{"footnotes":""},"class_list":["post-7982","page","type-page","status-publish","hentry"],"yoast_head":"<!-- This site is optimized with the Yoast SEO plugin v27.4 - https:\/\/yoast.com\/product\/yoast-seo-wordpress\/ -->\n<title>K\u00dcNSTLERISCHES ERBE - Visit Alto Garda<\/title>\n<meta name=\"robots\" content=\"index, follow, max-snippet:-1, max-image-preview:large, max-video-preview:-1\" \/>\n<link rel=\"canonical\" href=\"https:\/\/www.visitaltogarda.it\/de\/kuenstlerisches-erbe\/\" \/>\n<meta property=\"og:locale\" content=\"de_DE\" \/>\n<meta property=\"og:type\" content=\"article\" \/>\n<meta property=\"og:title\" content=\"K\u00dcNSTLERISCHES ERBE - Visit Alto Garda\" \/>\n<meta property=\"og:url\" content=\"https:\/\/www.visitaltogarda.it\/de\/kuenstlerisches-erbe\/\" \/>\n<meta property=\"og:site_name\" content=\"Visit Alto Garda\" \/>\n<meta property=\"article:modified_time\" content=\"2021-12-16T13:39:08+00:00\" \/>\n<meta name=\"twitter:card\" content=\"summary_large_image\" \/>\n<meta name=\"twitter:label1\" content=\"Gesch\u00e4tzte Lesezeit\" \/>\n\t<meta name=\"twitter:data1\" content=\"5\u00a0Minuten\" \/>\n<script type=\"application\/ld+json\" class=\"yoast-schema-graph\">{\"@context\":\"https:\\\/\\\/schema.org\",\"@graph\":[{\"@type\":\"WebPage\",\"@id\":\"https:\\\/\\\/www.visitaltogarda.it\\\/de\\\/kuenstlerisches-erbe\\\/\",\"url\":\"https:\\\/\\\/www.visitaltogarda.it\\\/de\\\/kuenstlerisches-erbe\\\/\",\"name\":\"K\u00dcNSTLERISCHES ERBE - Visit Alto Garda\",\"isPartOf\":{\"@id\":\"https:\\\/\\\/www.visitaltogarda.it\\\/de\\\/#website\"},\"datePublished\":\"2021-12-02T09:47:05+00:00\",\"dateModified\":\"2021-12-16T13:39:08+00:00\",\"breadcrumb\":{\"@id\":\"https:\\\/\\\/www.visitaltogarda.it\\\/de\\\/kuenstlerisches-erbe\\\/#breadcrumb\"},\"inLanguage\":\"de\",\"potentialAction\":[{\"@type\":\"ReadAction\",\"target\":[\"https:\\\/\\\/www.visitaltogarda.it\\\/de\\\/kuenstlerisches-erbe\\\/\"]}]},{\"@type\":\"BreadcrumbList\",\"@id\":\"https:\\\/\\\/www.visitaltogarda.it\\\/de\\\/kuenstlerisches-erbe\\\/#breadcrumb\",\"itemListElement\":[{\"@type\":\"ListItem\",\"position\":1,\"name\":\"Home\",\"item\":\"https:\\\/\\\/www.visitaltogarda.it\\\/de\\\/\"},{\"@type\":\"ListItem\",\"position\":2,\"name\":\"K\u00dcNSTLERISCHES ERBE\"}]},{\"@type\":\"WebSite\",\"@id\":\"https:\\\/\\\/www.visitaltogarda.it\\\/de\\\/#website\",\"url\":\"https:\\\/\\\/www.visitaltogarda.it\\\/de\\\/\",\"name\":\"Visit Alto Garda\",\"description\":\"La tua vacanza organizzata nell'Alto Garda Bresciano. Informati e prenota online dal Portale ufficiale dell'Alto Garda.\",\"potentialAction\":[{\"@type\":\"SearchAction\",\"target\":{\"@type\":\"EntryPoint\",\"urlTemplate\":\"https:\\\/\\\/www.visitaltogarda.it\\\/de\\\/?s={search_term_string}\"},\"query-input\":{\"@type\":\"PropertyValueSpecification\",\"valueRequired\":true,\"valueName\":\"search_term_string\"}}],\"inLanguage\":\"de\"}]}<\/script>\n<!-- \/ Yoast SEO plugin. -->","yoast_head_json":{"title":"K\u00dcNSTLERISCHES ERBE - Visit Alto Garda","robots":{"index":"index","follow":"follow","max-snippet":"max-snippet:-1","max-image-preview":"max-image-preview:large","max-video-preview":"max-video-preview:-1"},"canonical":"https:\/\/www.visitaltogarda.it\/de\/kuenstlerisches-erbe\/","og_locale":"de_DE","og_type":"article","og_title":"K\u00dcNSTLERISCHES ERBE - Visit Alto Garda","og_url":"https:\/\/www.visitaltogarda.it\/de\/kuenstlerisches-erbe\/","og_site_name":"Visit Alto Garda","article_modified_time":"2021-12-16T13:39:08+00:00","twitter_card":"summary_large_image","twitter_misc":{"Gesch\u00e4tzte Lesezeit":"5\u00a0Minuten"},"schema":{"@context":"https:\/\/schema.org","@graph":[{"@type":"WebPage","@id":"https:\/\/www.visitaltogarda.it\/de\/kuenstlerisches-erbe\/","url":"https:\/\/www.visitaltogarda.it\/de\/kuenstlerisches-erbe\/","name":"K\u00dcNSTLERISCHES ERBE - Visit Alto Garda","isPartOf":{"@id":"https:\/\/www.visitaltogarda.it\/de\/#website"},"datePublished":"2021-12-02T09:47:05+00:00","dateModified":"2021-12-16T13:39:08+00:00","breadcrumb":{"@id":"https:\/\/www.visitaltogarda.it\/de\/kuenstlerisches-erbe\/#breadcrumb"},"inLanguage":"de","potentialAction":[{"@type":"ReadAction","target":["https:\/\/www.visitaltogarda.it\/de\/kuenstlerisches-erbe\/"]}]},{"@type":"BreadcrumbList","@id":"https:\/\/www.visitaltogarda.it\/de\/kuenstlerisches-erbe\/#breadcrumb","itemListElement":[{"@type":"ListItem","position":1,"name":"Home","item":"https:\/\/www.visitaltogarda.it\/de\/"},{"@type":"ListItem","position":2,"name":"K\u00dcNSTLERISCHES ERBE"}]},{"@type":"WebSite","@id":"https:\/\/www.visitaltogarda.it\/de\/#website","url":"https:\/\/www.visitaltogarda.it\/de\/","name":"Visit Alto Garda","description":"La tua vacanza organizzata nell'Alto Garda Bresciano. Informati e prenota online dal Portale ufficiale dell'Alto Garda.","potentialAction":[{"@type":"SearchAction","target":{"@type":"EntryPoint","urlTemplate":"https:\/\/www.visitaltogarda.it\/de\/?s={search_term_string}"},"query-input":{"@type":"PropertyValueSpecification","valueRequired":true,"valueName":"search_term_string"}}],"inLanguage":"de"}]}},"_links":{"self":[{"href":"https:\/\/www.visitaltogarda.it\/de\/wp-json\/wp\/v2\/pages\/7982","targetHints":{"allow":["GET"]}}],"collection":[{"href":"https:\/\/www.visitaltogarda.it\/de\/wp-json\/wp\/v2\/pages"}],"about":[{"href":"https:\/\/www.visitaltogarda.it\/de\/wp-json\/wp\/v2\/types\/page"}],"author":[{"embeddable":true,"href":"https:\/\/www.visitaltogarda.it\/de\/wp-json\/wp\/v2\/users\/1"}],"replies":[{"embeddable":true,"href":"https:\/\/www.visitaltogarda.it\/de\/wp-json\/wp\/v2\/comments?post=7982"}],"version-history":[{"count":4,"href":"https:\/\/www.visitaltogarda.it\/de\/wp-json\/wp\/v2\/pages\/7982\/revisions"}],"predecessor-version":[{"id":8559,"href":"https:\/\/www.visitaltogarda.it\/de\/wp-json\/wp\/v2\/pages\/7982\/revisions\/8559"}],"wp:attachment":[{"href":"https:\/\/www.visitaltogarda.it\/de\/wp-json\/wp\/v2\/media?parent=7982"}],"curies":[{"name":"wp","href":"https:\/\/api.w.org\/{rel}","templated":true}]}}