{"id":7951,"date":"2021-12-01T16:36:31","date_gmt":"2021-12-01T15:36:31","guid":{"rendered":"https:\/\/www.visitaltogarda.it\/die-alten-kommunicatioswegen\/"},"modified":"2021-12-16T14:29:59","modified_gmt":"2021-12-16T13:29:59","slug":"die-alten-kommunicatioswegen","status":"publish","type":"page","link":"https:\/\/www.visitaltogarda.it\/de\/die-alten-kommunicatioswegen\/","title":{"rendered":"Die Alten Kommunicatioswegen"},"content":{"rendered":"<p><div class=\"fusion-fullwidth fullwidth-box fusion-builder-row-1 fusion-flex-container fusion-parallax-none hundred-percent-fullwidth non-hundred-percent-height-scrolling\" style=\"--awb-background-blend-mode:overlay;--awb-border-radius-top-left:0px;--awb-border-radius-top-right:0px;--awb-border-radius-bottom-right:0px;--awb-border-radius-bottom-left:0px;--awb-min-height:350px;--awb-background-color:rgba(0,0,0,0.17);--awb-background-image:url(&quot;https:\/\/www.visitaltogarda.it\/wp-content\/uploads\/2021\/03\/lago-di-garda-5186088_1920.jpg&quot;);--awb-background-size:cover;--awb-flex-wrap:wrap;\" ><div class=\"fusion-builder-row fusion-row fusion-flex-align-items-flex-start fusion-flex-align-content-center fusion-flex-justify-content-center fusion-flex-content-wrap\" style=\"width:104% !important;max-width:104% !important;margin-left: calc(-4% \/ 2 );margin-right: calc(-4% \/ 2 );\"><div class=\"fusion-layout-column fusion_builder_column fusion-builder-column-0 fusion_builder_column_1_1 1_1 fusion-flex-column\" style=\"--awb-bg-size:cover;--awb-width-large:100%;--awb-margin-top-large:0px;--awb-spacing-right-large:1.92%;--awb-margin-bottom-large:20px;--awb-spacing-left-large:1.92%;--awb-width-medium:100%;--awb-order-medium:0;--awb-spacing-right-medium:1.92%;--awb-spacing-left-medium:1.92%;--awb-width-small:100%;--awb-order-small:0;--awb-spacing-right-small:1.92%;--awb-spacing-left-small:1.92%;\"><div class=\"fusion-column-wrapper fusion-column-has-shadow fusion-flex-justify-content-center fusion-content-layout-row\"><div class=\"fusion-title title fusion-title-1 fusion-sep-none fusion-title-text fusion-title-size-one\" style=\"--awb-margin-top:30px;--awb-margin-top-small:10px;--awb-margin-right-small:0px;--awb-margin-bottom-small:10px;--awb-margin-left-small:0px;\"><h1 class=\"fusion-title-heading title-heading-left\" style=\"margin:0;text-shadow:1px 1px 4px rgba(0,0,0,0.74);\">Die Alten Kommunicatioswegen<\/h1><\/div><\/div><\/div><\/div><\/div><div id=\"benvenuto\" class=\"fusion-container-anchor\"><div class=\"fusion-fullwidth fullwidth-box fusion-builder-row-2 fusion-flex-container nonhundred-percent-fullwidth non-hundred-percent-height-scrolling\" style=\"--awb-background-position:left top;--awb-border-sizes-top:0px;--awb-border-sizes-bottom:0px;--awb-border-sizes-left:0px;--awb-border-sizes-right:0px;--awb-border-radius-top-left:0px;--awb-border-radius-top-right:0px;--awb-border-radius-bottom-right:0px;--awb-border-radius-bottom-left:0px;--awb-padding-top:30px;--awb-padding-bottom:70px;--awb-flex-wrap:wrap;\" ><div class=\"fusion-builder-row fusion-row fusion-flex-align-items-flex-start fusion-flex-justify-content-center fusion-flex-content-wrap\" style=\"max-width:1248px;margin-left: calc(-4% \/ 2 );margin-right: calc(-4% \/ 2 );\"><div class=\"fusion-layout-column fusion_builder_column fusion-builder-column-1 fusion_builder_column_1_2 1_2 fusion-flex-column fusion-flex-align-self-flex-start fusion-column-no-min-height\" style=\"--awb-padding-bottom:20px;--awb-bg-blend:overlay;--awb-bg-size:cover;--awb-width-large:50%;--awb-margin-top-large:0px;--awb-spacing-right-large:3.84%;--awb-margin-bottom-large:20px;--awb-spacing-left-large:3.84%;--awb-width-medium:50%;--awb-spacing-right-medium:3.84%;--awb-spacing-left-medium:3.84%;--awb-width-small:100%;--awb-spacing-right-small:1.92%;--awb-spacing-left-small:1.92%;\"><div class=\"fusion-column-wrapper fusion-flex-justify-content-flex-start fusion-content-layout-column\"><div class=\"fusion-text fusion-text-1\" style=\"--awb-content-alignment:center;\"><p><span style=\"font-weight: 400;\">Bis zum Beginn des zwanzigsten Jahrhunderts waren die einzigen Kommunikationswege, die den <\/span><i><span style=\"font-weight: 400;\">Alto Garda<\/span><\/i><span style=\"font-weight: 400;\"> mit dem Rest des<\/span><span style=\"font-weight: 400;\"> Territoriums verbanden, die Saumpfade, die f\u00fcr den Warenverkehr und von Pilgern, die nach Rom reisten, genutzt wurden.<\/span><\/p>\n<p><span style=\"font-weight: 400;\">Das Netz von kleinen Stra\u00dfen und Wegen, die das Hinterland verbanden, ist heute in<\/span><b> der Bassa Via del Garda<\/b> <span style=\"font-weight: 400;\">(BVG) vereint, einer faszinierenden Fu\u00dfg\u00e4ngerroute, die Sal\u00f2 mit Limone verbindet.<\/span><\/p>\n<p><span style=\"font-weight: 400;\">Sp\u00e4ter wurden die ersten befahrbaren Stra\u00dfen gebaut, die die D\u00f6rfer auf den Hochebenen mit ihren H\u00e4fen verbanden: Dank der besonderen Beschaffenheit des Territoriums entstanden Stra\u00dfen von gro\u00dfem landschaftlichem und infrastrukturellem Wert. Wenn man ihnen langsam folgt, vielleicht vom Seeufer aus beginnend und dann durch die verschiedenen Schluchten, k\u00f6nnen Sie die Einzigartigkeit dieses Gebiets voll und ganz erleben.<\/span><\/p>\n<p><span style=\"font-weight: 400;\">Sie k\u00f6nnen bezaubernde Naturorte, aber auch typische Restaurants, kleine traditionelle Weinkeller, Molkereien und \u00d6lm\u00fchlen erreichen: Nach jeder Kurve erwartet Sie eine angenehme \u00dcberraschung.<\/span><\/p>\n<\/div><div class=\"fusion-separator fusion-full-width-sep\" style=\"align-self: center;margin-left: auto;margin-right: auto;margin-top:15px;width:100%;\"><\/div><\/div><\/div><div class=\"fusion-layout-column fusion_builder_column fusion-builder-column-2 fusion_builder_column_1_2 1_2 fusion-flex-column fusion-flex-align-self-stretch fusion-column-inner-bg-wrapper\" style=\"--awb-padding-top:150px;--awb-padding-right:30px;--awb-padding-left:30px;--awb-overflow:hidden;--awb-inner-bg-color:rgba(0,0,0,0.3);--awb-inner-bg-color-hover:rgba(0,0,0,0.3);--awb-inner-bg-image:url(&#039;https:\/\/www.visitaltogarda.it\/wp-content\/uploads\/2021\/03\/mountains-1620248_1920.jpg&#039;);--awb-inner-bg-position:center center;--awb-inner-bg-blend:overlay;--awb-inner-bg-size:cover;--awb-box-shadow:0px 10px 51px 3px rgba(0,0,0,0.15);;--awb-border-radius:10px 10px 10px 10px;--awb-inner-bg-border-radius:10px 10px 10px 10px;--awb-inner-bg-overflow:hidden;--awb-width-large:50%;--awb-margin-top-large:0px;--awb-spacing-right-large:3.84%;--awb-margin-bottom-large:20px;--awb-spacing-left-large:7.5px;--awb-width-medium:50%;--awb-spacing-right-medium:3.84%;--awb-spacing-left-medium:7.5px;--awb-width-small:100%;--awb-spacing-right-small:1.92%;--awb-spacing-left-small:1.92%;\"><span class=\"fusion-column-inner-bg hover-type-none\"><a class=\"fusion-column-anchor\" href=\"https:\/\/www.visitaltogarda.it\/it\/punti-di-interesse\/#\/Infrastrukturen\/TRN\/a087e3bb-179b-4f42-be91-7e89c3d53d1a\/il-lago-di-garda--la-grande-via-d-acqua\"><span class=\"fusion-column-inner-bg-image\"><\/span><\/a><\/span><div class=\"fusion-column-wrapper fusion-column-has-shadow fusion-flex-justify-content-center fusion-content-layout-row fusion-flex-align-items-flex-end fusion-column-has-bg-image\" data-bg-url=\"https:\/\/www.visitaltogarda.it\/wp-content\/uploads\/2021\/03\/mountains-1620248_1920.jpg\"><div class=\"fusion-content-boxes content-boxes columns row fusion-columns-1 fusion-columns-total-1 fusion-content-boxes-1 content-boxes-icon-on-top content-left fusion-delayed-animation\" style=\"--awb-title-color:#ffffff;--awb-margin-bottom:0px;--awb-hover-accent-color:#65bc7b;--awb-circle-hover-accent-color:#65bc7b;--awb-item-margin-bottom:40px;\" data-animation-delay=\"350\" data-animationOffset=\"top-into-view\"><div style=\"--awb-backgroundcolor:rgba(255,255,255,0);\" class=\"fusion-column content-box-column content-box-column content-box-column-1 col-lg-12 col-md-12 col-sm-12 fusion-content-box-hover content-box-column-last content-box-column-last-in-row\"><div class=\"col content-box-wrapper content-wrapper link-area-link-icon content-icon-wrapper-yes icon-hover-animation-slide fusion-animated\" data-animationType=\"fadeInUp\" data-animationDuration=\"1.0\" data-animationOffset=\"top-into-view\"><div class=\"heading heading-with-icon icon-left\"><div class=\"icon\" style=\"-webkit-animation-duration: 350ms;animation-duration: 350ms;\"><span style=\"height:44px;width:44px;line-height:22px;border-color:rgba(255,255,255,0);border-width:20px;border-style:solid;background-color:rgba(255,255,255,0);box-sizing:content-box;border-radius:50%;\"><i style=\"border-color:#212934;border-width:0px;background-color:#8bc34a;box-sizing:content-box;height:44px;width:44px;line-height:44px;border-radius:50%;position:relative;top:auto;left:auto;margin:0;border-radius:50%;font-size:22px;\" aria-hidden=\"true\" class=\"fontawesome-icon fa-angle-right fas circle-yes\"><\/i><\/span><\/div><h3 class=\"content-box-heading\" style=\"--h3_typography-font-size:24px;line-height:29px;\">Garda See - Die grosse Wasserweg<\/h3><\/div><\/div><\/div><div class=\"fusion-clearfix\"><\/div><\/div><\/div><\/div><div class=\"fusion-layout-column fusion_builder_column fusion-builder-column-3 fusion_builder_column_1_2 1_2 fusion-flex-column fusion-flex-align-self-stretch fusion-column-inner-bg-wrapper\" style=\"--awb-padding-top:150px;--awb-padding-right:30px;--awb-padding-left:30px;--awb-overflow:hidden;--awb-inner-bg-color:rgba(0,0,0,0.3);--awb-inner-bg-color-hover:rgba(0,0,0,0.3);--awb-inner-bg-image:url(&#039;https:\/\/www.visitaltogarda.it\/wp-content\/uploads\/2021\/04\/Tremosine-strada-della-forra-1.jpg&#039;);--awb-inner-bg-position:right bottom;--awb-inner-bg-blend:overlay;--awb-inner-bg-size:cover;--awb-box-shadow:0px 10px 51px 3px rgba(0,0,0,0.15);;--awb-border-radius:10px 10px 10px 10px;--awb-inner-bg-border-radius:10px 10px 10px 10px;--awb-inner-bg-overflow:hidden;--awb-width-large:50%;--awb-margin-top-large:0px;--awb-spacing-right-large:3.84%;--awb-margin-bottom-large:20px;--awb-spacing-left-large:7.5px;--awb-width-medium:50%;--awb-spacing-right-medium:3.84%;--awb-spacing-left-medium:7.5px;--awb-width-small:100%;--awb-spacing-right-small:1.92%;--awb-spacing-left-small:1.92%;\"><span class=\"fusion-column-inner-bg hover-type-none\"><a class=\"fusion-column-anchor\" href=\"https:\/\/www.visitaltogarda.it\/it\/punti-di-interesse\/#\/Infrastrukturen\/TRN\/7e3d0e9e-d07b-40c5-b49a-22b4cdbbd57a\/strada-della-forra\"><span class=\"fusion-column-inner-bg-image\"><\/span><\/a><\/span><div class=\"fusion-column-wrapper fusion-column-has-shadow fusion-flex-justify-content-center fusion-content-layout-row fusion-flex-align-items-flex-end fusion-column-has-bg-image\" data-bg-url=\"https:\/\/www.visitaltogarda.it\/wp-content\/uploads\/2021\/04\/Tremosine-strada-della-forra-1.jpg\"><div class=\"fusion-content-boxes content-boxes columns row fusion-columns-1 fusion-columns-total-1 fusion-content-boxes-2 content-boxes-icon-on-top content-left fusion-delayed-animation\" style=\"--awb-title-color:#ffffff;--awb-margin-bottom:0px;--awb-hover-accent-color:#65bc7b;--awb-circle-hover-accent-color:#65bc7b;--awb-item-margin-bottom:40px;\" data-animation-delay=\"350\" data-animationOffset=\"top-into-view\"><div style=\"--awb-backgroundcolor:rgba(255,255,255,0);\" class=\"fusion-column content-box-column content-box-column content-box-column-1 col-lg-12 col-md-12 col-sm-12 fusion-content-box-hover content-box-column-last content-box-column-last-in-row\"><div class=\"col content-box-wrapper content-wrapper link-area-link-icon icon-hover-animation-slide fusion-animated\" data-animationType=\"fadeInUp\" data-animationDuration=\"1.0\" data-animationOffset=\"top-into-view\"><div class=\"heading heading-with-icon icon-left\"><div class=\"icon\" style=\"-webkit-animation-duration: 350ms;animation-duration: 350ms;\"><i style=\"border-color:#212934;border-width:0px;background-color:#8bc34a;box-sizing:content-box;height:44px;width:44px;line-height:44px;border-radius:50%;font-size:22px;\" aria-hidden=\"true\" class=\"fontawesome-icon fa-angle-right fas circle-yes\"><\/i><\/div><h3 class=\"content-box-heading\" style=\"--h3_typography-font-size:24px;line-height:29px;\">La Strada della Forra<\/h3><\/div><\/div><\/div><div class=\"fusion-clearfix\"><\/div><\/div><\/div><\/div><div class=\"fusion-layout-column fusion_builder_column fusion-builder-column-4 fusion_builder_column_1_2 1_2 fusion-flex-column fusion-flex-align-self-stretch fusion-column-inner-bg-wrapper\" style=\"--awb-padding-top:150px;--awb-padding-right:30px;--awb-padding-left:30px;--awb-overflow:hidden;--awb-inner-bg-color:rgba(0,0,0,0.3);--awb-inner-bg-color-hover:rgba(0,0,0,0.3);--awb-inner-bg-image:url(&#039;https:\/\/www.visitaltogarda.it\/wp-content\/uploads\/2021\/04\/BVG2.jpg&#039;);--awb-inner-bg-position:center center;--awb-inner-bg-blend:overlay;--awb-inner-bg-size:cover;--awb-box-shadow:0px 10px 51px 3px rgba(0,0,0,0.15);;--awb-border-radius:10px 10px 10px 10px;--awb-inner-bg-border-radius:10px 10px 10px 10px;--awb-inner-bg-overflow:hidden;--awb-width-large:50%;--awb-margin-top-large:0px;--awb-spacing-right-large:3.84%;--awb-margin-bottom-large:20px;--awb-spacing-left-large:7.5px;--awb-width-medium:50%;--awb-spacing-right-medium:3.84%;--awb-spacing-left-medium:7.5px;--awb-width-small:100%;--awb-spacing-right-small:1.92%;--awb-spacing-left-small:1.92%;\"><span class=\"fusion-column-inner-bg hover-type-none\"><a class=\"fusion-column-anchor\" href=\"https:\/\/www.visitaltogarda.it\/it\/punti-di-interesse\/#\/Infrastrukturen\/TRN\/70bf846a-939d-4ecd-b974-cf7a7bc0fc67\/la-b-v-g\"><span class=\"fusion-column-inner-bg-image\"><\/span><\/a><\/span><div class=\"fusion-column-wrapper fusion-column-has-shadow fusion-flex-justify-content-center fusion-content-layout-row fusion-flex-align-items-flex-end fusion-column-has-bg-image\" data-bg-url=\"https:\/\/www.visitaltogarda.it\/wp-content\/uploads\/2021\/04\/BVG2.jpg\"><div class=\"fusion-content-boxes content-boxes columns row fusion-columns-1 fusion-columns-total-1 fusion-content-boxes-3 content-boxes-icon-on-top content-left fusion-delayed-animation\" style=\"--awb-title-color:#ffffff;--awb-margin-bottom:0px;--awb-hover-accent-color:#65bc7b;--awb-circle-hover-accent-color:#65bc7b;--awb-item-margin-bottom:40px;\" data-animation-delay=\"350\" data-animationOffset=\"top-into-view\"><div style=\"--awb-backgroundcolor:rgba(255,255,255,0);\" class=\"fusion-column content-box-column content-box-column content-box-column-1 col-lg-12 col-md-12 col-sm-12 fusion-content-box-hover content-box-column-last content-box-column-last-in-row\"><div class=\"col content-box-wrapper content-wrapper link-area-link-icon icon-hover-animation-slide fusion-animated\" data-animationType=\"fadeInUp\" data-animationDuration=\"1.0\" data-animationOffset=\"top-into-view\"><div class=\"heading heading-with-icon icon-left\"><div class=\"icon\" style=\"-webkit-animation-duration: 350ms;animation-duration: 350ms;\"><i style=\"border-color:#212934;border-width:0px;background-color:#8bc34a;box-sizing:content-box;height:44px;width:44px;line-height:44px;border-radius:50%;font-size:22px;\" aria-hidden=\"true\" class=\"fontawesome-icon fa-angle-right fas circle-yes\"><\/i><\/div><h3 class=\"content-box-heading\" style=\"--h3_typography-font-size:24px;line-height:29px;\">La B.V.G<\/h3><\/div><\/div><\/div><div class=\"fusion-clearfix\"><\/div><\/div><\/div><\/div><div class=\"fusion-layout-column fusion_builder_column fusion-builder-column-5 fusion_builder_column_1_2 1_2 fusion-flex-column fusion-flex-align-self-stretch fusion-column-inner-bg-wrapper\" style=\"--awb-padding-top:150px;--awb-padding-right:30px;--awb-padding-left:30px;--awb-overflow:hidden;--awb-inner-bg-color:rgba(0,0,0,0.3);--awb-inner-bg-color-hover:rgba(0,0,0,0.3);--awb-inner-bg-image:url(&#039;https:\/\/www.visitaltogarda.it\/wp-content\/uploads\/2021\/03\/gardesana.jpg&#039;);--awb-inner-bg-blend:overlay;--awb-inner-bg-size:cover;--awb-box-shadow:0px 10px 51px 3px rgba(0,0,0,0.15);;--awb-border-radius:10px 10px 10px 10px;--awb-inner-bg-border-radius:10px 10px 10px 10px;--awb-inner-bg-overflow:hidden;--awb-width-large:50%;--awb-margin-top-large:0px;--awb-spacing-right-large:3.84%;--awb-margin-bottom-large:20px;--awb-spacing-left-large:7.5px;--awb-width-medium:50%;--awb-spacing-right-medium:3.84%;--awb-spacing-left-medium:7.5px;--awb-width-small:100%;--awb-spacing-right-small:1.92%;--awb-spacing-left-small:1.92%;\"><span class=\"fusion-column-inner-bg hover-type-none\"><a class=\"fusion-column-anchor\" href=\"https:\/\/www.visitaltogarda.it\/it\/punti-di-interesse\/#\/Infrastrukturen\/TRN\/ef00d195-3269-4217-aa79-db5acd54dc12\/la-gardesana-occidentale\"><span class=\"fusion-column-inner-bg-image\"><\/span><\/a><\/span><div class=\"fusion-column-wrapper fusion-column-has-shadow fusion-flex-justify-content-center fusion-content-layout-row fusion-flex-align-items-flex-end fusion-column-has-bg-image\" data-bg-url=\"https:\/\/www.visitaltogarda.it\/wp-content\/uploads\/2021\/03\/gardesana.jpg\"><div class=\"fusion-content-boxes content-boxes columns row fusion-columns-1 fusion-columns-total-1 fusion-content-boxes-4 content-boxes-icon-on-top content-left fusion-delayed-animation\" style=\"--awb-title-color:#ffffff;--awb-margin-bottom:0px;--awb-hover-accent-color:#65bc7b;--awb-circle-hover-accent-color:#65bc7b;--awb-item-margin-bottom:40px;\" data-animation-delay=\"350\" data-animationOffset=\"top-into-view\"><div style=\"--awb-backgroundcolor:rgba(255,255,255,0);\" class=\"fusion-column content-box-column content-box-column content-box-column-1 col-lg-12 col-md-12 col-sm-12 fusion-content-box-hover content-box-column-last content-box-column-last-in-row\"><div class=\"col content-box-wrapper content-wrapper link-area-link-icon icon-hover-animation-slide fusion-animated\" data-animationType=\"fadeInUp\" data-animationDuration=\"1.0\" data-animationOffset=\"top-into-view\"><div class=\"heading heading-with-icon icon-left\"><div class=\"icon\" style=\"-webkit-animation-duration: 350ms;animation-duration: 350ms;\"><i style=\"border-color:#212934;border-width:0px;background-color:#8bc34a;box-sizing:content-box;height:44px;width:44px;line-height:44px;border-radius:50%;font-size:22px;\" aria-hidden=\"true\" class=\"fontawesome-icon fa-angle-right fas circle-yes\"><\/i><\/div><h3 class=\"content-box-heading\" style=\"--h3_typography-font-size:24px;line-height:29px;\">La Gardesana Occidentale<\/h3><\/div><\/div><\/div><div class=\"fusion-clearfix\"><\/div><\/div><\/div><\/div><div class=\"fusion-layout-column fusion_builder_column fusion-builder-column-6 fusion_builder_column_1_2 1_2 fusion-flex-column fusion-flex-align-self-stretch fusion-column-inner-bg-wrapper\" style=\"--awb-padding-top:150px;--awb-padding-right:30px;--awb-padding-left:30px;--awb-overflow:hidden;--awb-inner-bg-color:rgba(0,0,0,0.3);--awb-inner-bg-color-hover:rgba(0,0,0,0.3);--awb-inner-bg-image:url(&#039;https:\/\/www.visitaltogarda.it\/wp-content\/uploads\/2021\/04\/Valvestino-dogana.jpg&#039;);--awb-inner-bg-position:center center;--awb-inner-bg-blend:overlay;--awb-inner-bg-size:cover;--awb-box-shadow:0px 10px 51px 3px rgba(0,0,0,0.15);;--awb-border-radius:10px 10px 10px 10px;--awb-inner-bg-border-radius:10px 10px 10px 10px;--awb-inner-bg-overflow:hidden;--awb-width-large:50%;--awb-margin-top-large:0px;--awb-spacing-right-large:3.84%;--awb-margin-bottom-large:20px;--awb-spacing-left-large:7.5px;--awb-width-medium:50%;--awb-spacing-right-medium:3.84%;--awb-spacing-left-medium:7.5px;--awb-width-small:100%;--awb-spacing-right-small:1.92%;--awb-spacing-left-small:1.92%;\"><span class=\"fusion-column-inner-bg hover-type-none\"><a class=\"fusion-column-anchor\" href=\"https:\/\/www.visitaltogarda.it\/it\/punti-di-interesse\/#\/Infrastrukturen\/TRN\/817f6807-51d9-4229-9300-3f659dd3d5b4\/la-strada-della-valvestino\"><span class=\"fusion-column-inner-bg-image\"><\/span><\/a><\/span><div class=\"fusion-column-wrapper fusion-column-has-shadow fusion-flex-justify-content-center fusion-content-layout-row fusion-flex-align-items-flex-end fusion-column-has-bg-image\" data-bg-url=\"https:\/\/www.visitaltogarda.it\/wp-content\/uploads\/2021\/04\/Valvestino-dogana.jpg\"><div class=\"fusion-content-boxes content-boxes columns row fusion-columns-1 fusion-columns-total-1 fusion-content-boxes-5 content-boxes-icon-on-top content-left fusion-delayed-animation\" style=\"--awb-title-color:#ffffff;--awb-margin-bottom:0px;--awb-hover-accent-color:#65bc7b;--awb-circle-hover-accent-color:#65bc7b;--awb-item-margin-bottom:40px;\" data-animation-delay=\"350\" data-animationOffset=\"top-into-view\"><div style=\"--awb-backgroundcolor:rgba(255,255,255,0);\" class=\"fusion-column content-box-column content-box-column content-box-column-1 col-lg-12 col-md-12 col-sm-12 fusion-content-box-hover content-box-column-last content-box-column-last-in-row\"><div class=\"col content-box-wrapper content-wrapper link-area-link-icon icon-hover-animation-slide fusion-animated\" data-animationType=\"fadeInUp\" data-animationDuration=\"1.0\" data-animationOffset=\"top-into-view\"><div class=\"heading heading-with-icon icon-left\"><div class=\"icon\" style=\"-webkit-animation-duration: 350ms;animation-duration: 350ms;\"><i style=\"border-color:#212934;border-width:0px;background-color:#8bc34a;box-sizing:content-box;height:44px;width:44px;line-height:44px;border-radius:50%;font-size:22px;\" aria-hidden=\"true\" class=\"fontawesome-icon fa-angle-right fas circle-yes\"><\/i><\/div><h3 class=\"content-box-heading\" style=\"--h3_typography-font-size:24px;line-height:29px;\">Valvestino Strasse<\/h3><\/div><\/div><\/div><div class=\"fusion-clearfix\"><\/div><\/div><\/div><\/div><\/div><\/div><\/div><\/p>\n","protected":false},"excerpt":{"rendered":"","protected":false},"author":1,"featured_media":0,"parent":0,"menu_order":0,"comment_status":"closed","ping_status":"closed","template":"","meta":{"footnotes":""},"class_list":["post-7951","page","type-page","status-publish","hentry"],"yoast_head":"<!-- This site is optimized with the Yoast SEO plugin v27.4 - https:\/\/yoast.com\/product\/yoast-seo-wordpress\/ -->\n<title>Die Alten Kommunicatioswegen - Visit Alto Garda<\/title>\n<meta name=\"robots\" content=\"index, follow, max-snippet:-1, max-image-preview:large, max-video-preview:-1\" \/>\n<link rel=\"canonical\" href=\"https:\/\/www.visitaltogarda.it\/de\/die-alten-kommunicatioswegen\/\" \/>\n<meta property=\"og:locale\" content=\"de_DE\" \/>\n<meta property=\"og:type\" content=\"article\" \/>\n<meta property=\"og:title\" content=\"Die Alten Kommunicatioswegen - Visit Alto Garda\" \/>\n<meta property=\"og:url\" content=\"https:\/\/www.visitaltogarda.it\/de\/die-alten-kommunicatioswegen\/\" \/>\n<meta property=\"og:site_name\" content=\"Visit Alto Garda\" \/>\n<meta property=\"article:modified_time\" content=\"2021-12-16T13:29:59+00:00\" \/>\n<meta name=\"twitter:card\" content=\"summary_large_image\" \/>\n<meta name=\"twitter:label1\" content=\"Gesch\u00e4tzte Lesezeit\" \/>\n\t<meta name=\"twitter:data1\" content=\"10\u00a0Minuten\" \/>\n<script type=\"application\/ld+json\" class=\"yoast-schema-graph\">{\"@context\":\"https:\\\/\\\/schema.org\",\"@graph\":[{\"@type\":\"WebPage\",\"@id\":\"https:\\\/\\\/www.visitaltogarda.it\\\/de\\\/die-alten-kommunicatioswegen\\\/\",\"url\":\"https:\\\/\\\/www.visitaltogarda.it\\\/de\\\/die-alten-kommunicatioswegen\\\/\",\"name\":\"Die Alten Kommunicatioswegen - Visit Alto Garda\",\"isPartOf\":{\"@id\":\"https:\\\/\\\/www.visitaltogarda.it\\\/de\\\/#website\"},\"datePublished\":\"2021-12-01T15:36:31+00:00\",\"dateModified\":\"2021-12-16T13:29:59+00:00\",\"breadcrumb\":{\"@id\":\"https:\\\/\\\/www.visitaltogarda.it\\\/de\\\/die-alten-kommunicatioswegen\\\/#breadcrumb\"},\"inLanguage\":\"de\",\"potentialAction\":[{\"@type\":\"ReadAction\",\"target\":[\"https:\\\/\\\/www.visitaltogarda.it\\\/de\\\/die-alten-kommunicatioswegen\\\/\"]}]},{\"@type\":\"BreadcrumbList\",\"@id\":\"https:\\\/\\\/www.visitaltogarda.it\\\/de\\\/die-alten-kommunicatioswegen\\\/#breadcrumb\",\"itemListElement\":[{\"@type\":\"ListItem\",\"position\":1,\"name\":\"Home\",\"item\":\"https:\\\/\\\/www.visitaltogarda.it\\\/de\\\/\"},{\"@type\":\"ListItem\",\"position\":2,\"name\":\"Die Alten Kommunicatioswegen\"}]},{\"@type\":\"WebSite\",\"@id\":\"https:\\\/\\\/www.visitaltogarda.it\\\/de\\\/#website\",\"url\":\"https:\\\/\\\/www.visitaltogarda.it\\\/de\\\/\",\"name\":\"Visit Alto Garda\",\"description\":\"La tua vacanza organizzata nell'Alto Garda Bresciano. Informati e prenota online dal Portale ufficiale dell'Alto Garda.\",\"potentialAction\":[{\"@type\":\"SearchAction\",\"target\":{\"@type\":\"EntryPoint\",\"urlTemplate\":\"https:\\\/\\\/www.visitaltogarda.it\\\/de\\\/?s={search_term_string}\"},\"query-input\":{\"@type\":\"PropertyValueSpecification\",\"valueRequired\":true,\"valueName\":\"search_term_string\"}}],\"inLanguage\":\"de\"}]}<\/script>\n<!-- \/ Yoast SEO plugin. -->","yoast_head_json":{"title":"Die Alten Kommunicatioswegen - Visit Alto Garda","robots":{"index":"index","follow":"follow","max-snippet":"max-snippet:-1","max-image-preview":"max-image-preview:large","max-video-preview":"max-video-preview:-1"},"canonical":"https:\/\/www.visitaltogarda.it\/de\/die-alten-kommunicatioswegen\/","og_locale":"de_DE","og_type":"article","og_title":"Die Alten Kommunicatioswegen - Visit Alto Garda","og_url":"https:\/\/www.visitaltogarda.it\/de\/die-alten-kommunicatioswegen\/","og_site_name":"Visit Alto Garda","article_modified_time":"2021-12-16T13:29:59+00:00","twitter_card":"summary_large_image","twitter_misc":{"Gesch\u00e4tzte Lesezeit":"10\u00a0Minuten"},"schema":{"@context":"https:\/\/schema.org","@graph":[{"@type":"WebPage","@id":"https:\/\/www.visitaltogarda.it\/de\/die-alten-kommunicatioswegen\/","url":"https:\/\/www.visitaltogarda.it\/de\/die-alten-kommunicatioswegen\/","name":"Die Alten Kommunicatioswegen - Visit Alto Garda","isPartOf":{"@id":"https:\/\/www.visitaltogarda.it\/de\/#website"},"datePublished":"2021-12-01T15:36:31+00:00","dateModified":"2021-12-16T13:29:59+00:00","breadcrumb":{"@id":"https:\/\/www.visitaltogarda.it\/de\/die-alten-kommunicatioswegen\/#breadcrumb"},"inLanguage":"de","potentialAction":[{"@type":"ReadAction","target":["https:\/\/www.visitaltogarda.it\/de\/die-alten-kommunicatioswegen\/"]}]},{"@type":"BreadcrumbList","@id":"https:\/\/www.visitaltogarda.it\/de\/die-alten-kommunicatioswegen\/#breadcrumb","itemListElement":[{"@type":"ListItem","position":1,"name":"Home","item":"https:\/\/www.visitaltogarda.it\/de\/"},{"@type":"ListItem","position":2,"name":"Die Alten Kommunicatioswegen"}]},{"@type":"WebSite","@id":"https:\/\/www.visitaltogarda.it\/de\/#website","url":"https:\/\/www.visitaltogarda.it\/de\/","name":"Visit Alto Garda","description":"La tua vacanza organizzata nell'Alto Garda Bresciano. Informati e prenota online dal Portale ufficiale dell'Alto Garda.","potentialAction":[{"@type":"SearchAction","target":{"@type":"EntryPoint","urlTemplate":"https:\/\/www.visitaltogarda.it\/de\/?s={search_term_string}"},"query-input":{"@type":"PropertyValueSpecification","valueRequired":true,"valueName":"search_term_string"}}],"inLanguage":"de"}]}},"_links":{"self":[{"href":"https:\/\/www.visitaltogarda.it\/de\/wp-json\/wp\/v2\/pages\/7951","targetHints":{"allow":["GET"]}}],"collection":[{"href":"https:\/\/www.visitaltogarda.it\/de\/wp-json\/wp\/v2\/pages"}],"about":[{"href":"https:\/\/www.visitaltogarda.it\/de\/wp-json\/wp\/v2\/types\/page"}],"author":[{"embeddable":true,"href":"https:\/\/www.visitaltogarda.it\/de\/wp-json\/wp\/v2\/users\/1"}],"replies":[{"embeddable":true,"href":"https:\/\/www.visitaltogarda.it\/de\/wp-json\/wp\/v2\/comments?post=7951"}],"version-history":[{"count":4,"href":"https:\/\/www.visitaltogarda.it\/de\/wp-json\/wp\/v2\/pages\/7951\/revisions"}],"predecessor-version":[{"id":8558,"href":"https:\/\/www.visitaltogarda.it\/de\/wp-json\/wp\/v2\/pages\/7951\/revisions\/8558"}],"wp:attachment":[{"href":"https:\/\/www.visitaltogarda.it\/de\/wp-json\/wp\/v2\/media?parent=7951"}],"curies":[{"name":"wp","href":"https:\/\/api.w.org\/{rel}","templated":true}]}}