{"id":7878,"date":"2021-12-01T14:16:00","date_gmt":"2021-12-01T13:16:00","guid":{"rendered":"https:\/\/www.visitaltogarda.it\/der-hafen-von-tignale-und-der-pra-de-la-fam\/"},"modified":"2021-12-15T13:48:07","modified_gmt":"2021-12-15T12:48:07","slug":"der-hafen-von-tignale-und-der-pra-de-la-fam","status":"publish","type":"page","link":"https:\/\/www.visitaltogarda.it\/de\/der-hafen-von-tignale-und-der-pra-de-la-fam\/","title":{"rendered":"Der Hafen von Tignale und der Pra de la Fam"},"content":{"rendered":"<p><div class=\"fusion-fullwidth fullwidth-box fusion-builder-row-1 fusion-flex-container fusion-parallax-none hundred-percent-fullwidth non-hundred-percent-height-scrolling\" style=\"--awb-background-position:left center;--awb-background-blend-mode:overlay;--awb-border-radius-top-left:0px;--awb-border-radius-top-right:0px;--awb-border-radius-bottom-right:0px;--awb-border-radius-bottom-left:0px;--awb-min-height:350px;--awb-background-color:rgba(0,0,0,0.34);--awb-background-image:url(&quot;https:\/\/www.visitaltogarda.it\/wp-content\/uploads\/2021\/03\/limonaia-e-spiaggia.jpg&quot;);--awb-background-size:cover;--awb-flex-wrap:wrap;\" ><div class=\"fusion-builder-row fusion-row fusion-flex-align-items-flex-start fusion-flex-align-content-center fusion-flex-justify-content-center fusion-flex-content-wrap\" style=\"width:104% !important;max-width:104% !important;margin-left: calc(-4% \/ 2 );margin-right: calc(-4% \/ 2 );\"><div class=\"fusion-layout-column fusion_builder_column fusion-builder-column-0 fusion_builder_column_1_1 1_1 fusion-flex-column\" style=\"--awb-bg-size:cover;--awb-width-large:100%;--awb-margin-top-large:0px;--awb-spacing-right-large:1.92%;--awb-margin-bottom-large:20px;--awb-spacing-left-large:1.92%;--awb-width-medium:100%;--awb-order-medium:0;--awb-spacing-right-medium:1.92%;--awb-spacing-left-medium:1.92%;--awb-width-small:100%;--awb-order-small:0;--awb-spacing-right-small:1.92%;--awb-spacing-left-small:1.92%;\"><div class=\"fusion-column-wrapper fusion-column-has-shadow fusion-flex-justify-content-center fusion-content-layout-row\"><div class=\"fusion-title title fusion-title-1 fusion-sep-none fusion-title-text fusion-title-size-one\" style=\"--awb-margin-top:30px;--awb-margin-top-small:10px;--awb-margin-right-small:0px;--awb-margin-bottom-small:10px;--awb-margin-left-small:0px;\"><h1 class=\"fusion-title-heading title-heading-left\" style=\"margin:0;text-shadow:1px 1px 4px rgba(0,0,0,0.74);\">Der Hafen von Tignale und der Pra de la Fam<\/h1><\/div><\/div><\/div><\/div><\/div><div id=\"benvenuto\" class=\"fusion-container-anchor\"><div class=\"fusion-fullwidth fullwidth-box fusion-builder-row-2 fusion-flex-container nonhundred-percent-fullwidth non-hundred-percent-height-scrolling\" style=\"--awb-background-position:left top;--awb-border-sizes-top:0px;--awb-border-sizes-bottom:0px;--awb-border-sizes-left:0px;--awb-border-sizes-right:0px;--awb-border-radius-top-left:0px;--awb-border-radius-top-right:0px;--awb-border-radius-bottom-right:0px;--awb-border-radius-bottom-left:0px;--awb-padding-top:30px;--awb-padding-bottom:70px;--awb-flex-wrap:wrap;\" ><div class=\"fusion-builder-row fusion-row fusion-flex-align-items-flex-start fusion-flex-justify-content-center fusion-flex-content-wrap\" style=\"max-width:1248px;margin-left: calc(-4% \/ 2 );margin-right: calc(-4% \/ 2 );\"><div class=\"fusion-layout-column fusion_builder_column fusion-builder-column-1 fusion_builder_column_1_2 1_2 fusion-flex-column fusion-flex-align-self-flex-start fusion-column-no-min-height\" style=\"--awb-padding-bottom:20px;--awb-bg-blend:overlay;--awb-bg-size:cover;--awb-width-large:50%;--awb-margin-top-large:0px;--awb-spacing-right-large:3.84%;--awb-margin-bottom-large:20px;--awb-spacing-left-large:3.84%;--awb-width-medium:50%;--awb-spacing-right-medium:3.84%;--awb-spacing-left-medium:3.84%;--awb-width-small:100%;--awb-spacing-right-small:1.92%;--awb-spacing-left-small:1.92%;\"><div class=\"fusion-column-wrapper fusion-flex-justify-content-flex-start fusion-content-layout-column\"><div class=\"fusion-text fusion-text-1\" style=\"--awb-content-alignment:center;\"><p>Der Pra&#8216; de la fam, ein gro\u00dfer Zitronengarten aus dem achtzehnten Jahrhundert, der sich am Seeufer in einer faszinierenden Lage zwischen den Felsen und der Wasserfl\u00e4che oberhalb der Seestra\u00dfe befindet, ist das imposanteste und vielleicht ber\u00fchmteste der Zitronengew\u00e4chsh\u00e4user des Gardasees, das noch in Betrieb ist und von erheblichem landschaftsarchitektonischem Interesse ist.<br \/>\nEs wird gesagt, dass dieser merkw\u00fcrdige Name von der Tatsache herr\u00fchrt, dass der d\u00fcnne Landstreifen, auf dem das Zitronengew\u00e4chshaus erbaut wurde, in der Vergangenheit w\u00e4hrend der heftigen St\u00fcrme einen Unterschlupf f\u00fcr Seeleute darstellte. Angesichts der fast vollst\u00e4ndigen Isolation des Ortes konnten die Schiffbr\u00fcchigen sich tagelang kein Essen besorgen, bis sie die Reise \u00fcber den See wieder aufnehmen konnten.<br \/>\nIm Moment gibt es etwa 80 Zitruspflanzen in der Mehrheit Zitronen, aber auch Bitter- und S\u00fc\u00dforangen, Zedern, Grapefruits, Clementinen, Mandarinen und Bergamotten. Sie haben die M\u00f6glichkeit, diesen Garten mit seinen wunderbaren Pflanzen in einer einzigartigen Struktur zu besichtigen. Er ist ein greifbares Zeichen einer Vergangenheit, in der der Anbau von Zitronen f\u00fcr die Wirtschaft des Gardasees von entscheidender Bedeutung war.<br \/>\nIm sp\u00e4ten Fr\u00fchling, mitten in der Bl\u00fcte, zeigen sich die Zitronenpflanzen in ihrer ganzen Sch\u00f6nheit. Den ganzen Sommer \u00fcber sind die Pflanzen mit Fr\u00fcchten bedeckt und im Sp\u00e4therbst k\u00f6nnen Sie die Abdeckungsarbeiten beobachten, die diesen Garten zu einem fast mystischen Ort machen.<\/p>\n<p>Wir raten Ihnen, diese herrlichen Orte in Begleitung eines Reiseleiters zu entdecken, der Ihnen die Geschichte und Kuriosit\u00e4ten erz\u00e4hlt, w\u00e4hrend Sie sie sich entlang eines K\u00fcstenabschnitt (zu Fu\u00df oder besser mit dem Boot) auf die Suche nach den \u00dcberresten anderer Zitroneng\u00e4rten begeben.<br \/>\nIn einigen F\u00e4llen sind die Gew\u00e4chsh\u00e4user vom Land aus m\u00f6glicherweise nicht leicht sichtbar, da sie in den G\u00e4rten von Luxusvillen oder Resorts versteckt sind. Eine Bootsfahrt l\u00e4sst Sie sicherlich versteckte oder sich an unzug\u00e4nglichen Orten befindende Zitronengew\u00e4chsh\u00e4user entdecken, und es ist sehr faszinierend, die baulichen Ver\u00e4nderungen, die sie im Laufe der Zeit durchgemacht haben zu bewundern.Der Pra&#8216; de la fam, ein gro\u00dfer Zitronengarten aus dem achtzehnten Jahrhundert, der sich am Seeufer in einer faszinierenden Lage zwischen den Felsen und der Wasserfl\u00e4che oberhalb der Seestra\u00dfe befindet, ist das imposanteste und vielleicht ber\u00fchmteste der Zitronengew\u00e4chsh\u00e4user des Gardasees, das noch in Betrieb ist und von erheblichem landschaftsarchitektonischem Interesse ist.<br \/>\nEs wird gesagt, dass dieser merkw\u00fcrdige Name von der Tatsache herr\u00fchrt, dass der d\u00fcnne Landstreifen, auf dem das Zitronengew\u00e4chshaus erbaut wurde, in der Vergangenheit w\u00e4hrend der heftigen St\u00fcrme einen Unterschlupf f\u00fcr Seeleute darstellte. Angesichts der fast vollst\u00e4ndigen Isolation des Ortes konnten die Schiffbr\u00fcchigen sich tagelang kein Essen besorgen, bis sie die Reise \u00fcber den See wieder aufnehmen konnten.<br \/>\nIm Moment gibt es etwa 80 Zitruspflanzen in der Mehrheit Zitronen, aber auch Bitter- und S\u00fc\u00dforangen, Zedern, Grapefruits, Clementinen, Mandarinen und Bergamotten. Sie haben die M\u00f6glichkeit, diesen Garten mit seinen wunderbaren Pflanzen in einer einzigartigen Struktur zu besichtigen. Er ist ein greifbares Zeichen einer Vergangenheit, in der der Anbau von Zitronen f\u00fcr die Wirtschaft des Gardasees von entscheidender Bedeutung war.<br \/>\nIm sp\u00e4ten Fr\u00fchling, mitten in der Bl\u00fcte, zeigen sich die Zitronenpflanzen in ihrer ganzen Sch\u00f6nheit. Den ganzen Sommer \u00fcber sind die Pflanzen mit Fr\u00fcchten bedeckt und im Sp\u00e4therbst k\u00f6nnen Sie die Abdeckungsarbeiten beobachten, die diesen Garten zu einem fast mystischen Ort machen.<\/p>\n<p>Wir raten Ihnen, diese herrlichen Orte in Begleitung eines Reiseleiters zu entdecken, der Ihnen die Geschichte und Kuriosit\u00e4ten erz\u00e4hlt, w\u00e4hrend Sie sie sich entlang eines K\u00fcstenabschnitt (zu Fu\u00df oder besser mit dem Boot) auf die Suche nach den \u00dcberresten anderer Zitroneng\u00e4rten begeben.<br \/>\nIn einigen F\u00e4llen sind die Gew\u00e4chsh\u00e4user vom Land aus m\u00f6glicherweise nicht leicht sichtbar, da sie in den G\u00e4rten von Luxusvillen oder Resorts versteckt sind. Eine Bootsfahrt l\u00e4sst Sie sicherlich versteckte oder sich an unzug\u00e4nglichen Orten befindende Zitronengew\u00e4chsh\u00e4user entdecken, und es ist sehr faszinierend, die baulichen Ver\u00e4nderungen, die sie im Laufe der Zeit durchgemacht haben zu bewundern.<\/p>\n<\/div><\/div><\/div><div class=\"fusion-layout-column fusion_builder_column fusion-builder-column-2 fusion_builder_column_1_2 1_2 fusion-flex-column fusion-flex-align-self-stretch\" style=\"--awb-padding-top:55px;--awb-padding-right:30px;--awb-padding-left:30px;--awb-overflow:hidden;--awb-bg-image:url(&#039;https:\/\/www.visitaltogarda.it\/wp-content\/uploads\/2021\/11\/porto-tignale-dallalto.jpg&#039;);--awb-bg-position:center center;--awb-bg-blend:overlay;--awb-bg-size:cover;--awb-box-shadow:0px 10px 51px 3px rgba(0,0,0,0.15);;--awb-border-radius:10px 10px 10px 10px;--awb-width-large:50%;--awb-margin-top-large:10.989600000000003px;--awb-spacing-right-large:0.192%;--awb-margin-bottom-large:20px;--awb-spacing-left-large:0px;--awb-width-medium:50%;--awb-spacing-right-medium:0.192%;--awb-spacing-left-medium:0px;--awb-width-small:100%;--awb-spacing-right-small:1.92%;--awb-spacing-left-small:1.92%;\"><div class=\"fusion-column-wrapper fusion-column-has-shadow fusion-flex-justify-content-flex-start fusion-content-layout-column fusion-empty-column-bg-image fusion-column-has-bg-image\" data-bg-url=\"https:\/\/www.visitaltogarda.it\/wp-content\/uploads\/2021\/11\/porto-tignale-dallalto.jpg\"><img decoding=\"async\" class=\"fusion-empty-dims-img-placeholder\" aria-label=\"porto tignale dall&#8217;alto\" src=\"data:image\/svg+xml,%3Csvg%20xmlns%3D%27http%3A%2F%2Fwww.w3.org%2F2000%2Fsvg%27%20width%3D%271620%27%20height%3D%271080%27%20viewBox%3D%270%200%201620%201080%27%3E%3Crect%20width%3D%271620%27%20height%3D%271080%27%20fill-opacity%3D%220%22%2F%3E%3C%2Fsvg%3E\"><\/div><\/div><\/div><\/div><\/div><div class=\"fusion-fullwidth fullwidth-box fusion-builder-row-3 fusion-flex-container nonhundred-percent-fullwidth non-hundred-percent-height-scrolling\" style=\"--awb-border-radius-top-left:0px;--awb-border-radius-top-right:0px;--awb-border-radius-bottom-right:0px;--awb-border-radius-bottom-left:0px;--awb-flex-wrap:wrap;\" ><div class=\"fusion-builder-row fusion-row fusion-flex-align-items-flex-start fusion-flex-content-wrap\" style=\"max-width:1248px;margin-left: calc(-4% \/ 2 );margin-right: calc(-4% \/ 2 );\"><div class=\"fusion-layout-column fusion_builder_column fusion-builder-column-3 fusion_builder_column_1_3 1_3 fusion-flex-column\" style=\"--awb-bg-size:cover;--awb-width-large:33.333333333333%;--awb-margin-top-large:0px;--awb-spacing-right-large:5.76%;--awb-margin-bottom-large:20px;--awb-spacing-left-large:5.76%;--awb-width-medium:33.333333333333%;--awb-order-medium:0;--awb-spacing-right-medium:5.76%;--awb-spacing-left-medium:5.76%;--awb-width-small:100%;--awb-order-small:0;--awb-spacing-right-small:1.92%;--awb-spacing-left-small:1.92%;\"><div class=\"fusion-column-wrapper fusion-column-has-shadow fusion-flex-justify-content-flex-start fusion-content-layout-column\"><div class=\"fusion-image-element \" style=\"--awb-caption-title-font-family:var(--h2_typography-font-family);--awb-caption-title-font-weight:var(--h2_typography-font-weight);--awb-caption-title-font-style:var(--h2_typography-font-style);--awb-caption-title-size:var(--h2_typography-font-size);--awb-caption-title-transform:var(--h2_typography-text-transform);--awb-caption-title-line-height:var(--h2_typography-line-height);--awb-caption-title-letter-spacing:var(--h2_typography-letter-spacing);\"><span class=\" fusion-imageframe imageframe-none imageframe-1 hover-type-none\"><img decoding=\"async\" width=\"2560\" height=\"1769\" title=\"Spiaggia Pra de la fam\" src=\"https:\/\/www.visitaltogarda.it\/wp-content\/uploads\/2021\/11\/Spiaggia-Pra-de-la-fam-scaled.jpg\" alt class=\"img-responsive wp-image-7566\" srcset=\"https:\/\/www.visitaltogarda.it\/wp-content\/uploads\/2021\/11\/Spiaggia-Pra-de-la-fam-200x138.jpg 200w, https:\/\/www.visitaltogarda.it\/wp-content\/uploads\/2021\/11\/Spiaggia-Pra-de-la-fam-400x276.jpg 400w, https:\/\/www.visitaltogarda.it\/wp-content\/uploads\/2021\/11\/Spiaggia-Pra-de-la-fam-600x415.jpg 600w, https:\/\/www.visitaltogarda.it\/wp-content\/uploads\/2021\/11\/Spiaggia-Pra-de-la-fam-800x553.jpg 800w, https:\/\/www.visitaltogarda.it\/wp-content\/uploads\/2021\/11\/Spiaggia-Pra-de-la-fam-1200x829.jpg 1200w, https:\/\/www.visitaltogarda.it\/wp-content\/uploads\/2021\/11\/Spiaggia-Pra-de-la-fam-scaled.jpg 2560w\" sizes=\"(max-width: 640px) 100vw, 400px\" \/><\/span><\/div><\/div><\/div><div class=\"fusion-layout-column fusion_builder_column fusion-builder-column-4 fusion_builder_column_1_3 1_3 fusion-flex-column\" style=\"--awb-bg-image:url(&#039;https:\/\/www.visitaltogarda.it\/wp-content\/uploads\/2021\/11\/Porto-Tignale1-1.jpg&#039;);--awb-bg-size:cover;--awb-width-large:33.333333333333%;--awb-margin-top-large:0px;--awb-spacing-right-large:5.76%;--awb-margin-bottom-large:20px;--awb-spacing-left-large:5.76%;--awb-width-medium:33.333333333333%;--awb-order-medium:0;--awb-spacing-right-medium:5.76%;--awb-spacing-left-medium:5.76%;--awb-width-small:100%;--awb-order-small:0;--awb-spacing-right-small:1.92%;--awb-spacing-left-small:1.92%;\"><div class=\"fusion-column-wrapper fusion-column-has-shadow fusion-flex-justify-content-flex-start fusion-content-layout-column fusion-column-has-bg-image\" data-bg-url=\"https:\/\/www.visitaltogarda.it\/wp-content\/uploads\/2021\/11\/Porto-Tignale1-1.jpg\"><div class=\"fusion-image-element \" style=\"--awb-caption-title-font-family:var(--h2_typography-font-family);--awb-caption-title-font-weight:var(--h2_typography-font-weight);--awb-caption-title-font-style:var(--h2_typography-font-style);--awb-caption-title-size:var(--h2_typography-font-size);--awb-caption-title-transform:var(--h2_typography-text-transform);--awb-caption-title-line-height:var(--h2_typography-line-height);--awb-caption-title-letter-spacing:var(--h2_typography-letter-spacing);\"><span class=\" fusion-imageframe imageframe-none imageframe-2 hover-type-none\"><img decoding=\"async\" width=\"1620\" height=\"1080\" title=\"Porto Tignale1\" src=\"https:\/\/www.visitaltogarda.it\/wp-content\/uploads\/2021\/11\/Porto-Tignale1-1.jpg\" alt class=\"img-responsive wp-image-7585\" srcset=\"https:\/\/www.visitaltogarda.it\/wp-content\/uploads\/2021\/11\/Porto-Tignale1-1-200x133.jpg 200w, https:\/\/www.visitaltogarda.it\/wp-content\/uploads\/2021\/11\/Porto-Tignale1-1-400x267.jpg 400w, https:\/\/www.visitaltogarda.it\/wp-content\/uploads\/2021\/11\/Porto-Tignale1-1-600x400.jpg 600w, https:\/\/www.visitaltogarda.it\/wp-content\/uploads\/2021\/11\/Porto-Tignale1-1-800x533.jpg 800w, https:\/\/www.visitaltogarda.it\/wp-content\/uploads\/2021\/11\/Porto-Tignale1-1-1200x800.jpg 1200w, https:\/\/www.visitaltogarda.it\/wp-content\/uploads\/2021\/11\/Porto-Tignale1-1.jpg 1620w\" sizes=\"(max-width: 640px) 100vw, 400px\" \/><\/span><\/div><\/div><\/div><div class=\"fusion-layout-column fusion_builder_column fusion-builder-column-5 fusion_builder_column_1_3 1_3 fusion-flex-column\" style=\"--awb-bg-image:url(&#039;https:\/\/www.visitaltogarda.it\/wp-content\/uploads\/2021\/11\/Porto-Tignale2.jpg&#039;);--awb-bg-size:cover;--awb-width-large:33.333333333333%;--awb-margin-top-large:0px;--awb-spacing-right-large:5.76%;--awb-margin-bottom-large:20px;--awb-spacing-left-large:5.76%;--awb-width-medium:33.333333333333%;--awb-order-medium:0;--awb-spacing-right-medium:5.76%;--awb-spacing-left-medium:5.76%;--awb-width-small:100%;--awb-order-small:0;--awb-spacing-right-small:1.92%;--awb-spacing-left-small:1.92%;\"><div class=\"fusion-column-wrapper fusion-column-has-shadow fusion-flex-justify-content-flex-start fusion-content-layout-column fusion-column-has-bg-image\" data-bg-url=\"https:\/\/www.visitaltogarda.it\/wp-content\/uploads\/2021\/11\/Porto-Tignale2.jpg\"><div class=\"fusion-image-element \" style=\"--awb-caption-title-font-family:var(--h2_typography-font-family);--awb-caption-title-font-weight:var(--h2_typography-font-weight);--awb-caption-title-font-style:var(--h2_typography-font-style);--awb-caption-title-size:var(--h2_typography-font-size);--awb-caption-title-transform:var(--h2_typography-text-transform);--awb-caption-title-line-height:var(--h2_typography-line-height);--awb-caption-title-letter-spacing:var(--h2_typography-letter-spacing);\"><span class=\" fusion-imageframe imageframe-none imageframe-3 hover-type-none\"><img decoding=\"async\" width=\"1620\" height=\"1080\" title=\"Porto Tignale2\" src=\"https:\/\/www.visitaltogarda.it\/wp-content\/uploads\/2021\/11\/Porto-Tignale2.jpg\" alt class=\"img-responsive wp-image-7588\" srcset=\"https:\/\/www.visitaltogarda.it\/wp-content\/uploads\/2021\/11\/Porto-Tignale2-200x133.jpg 200w, https:\/\/www.visitaltogarda.it\/wp-content\/uploads\/2021\/11\/Porto-Tignale2-400x267.jpg 400w, https:\/\/www.visitaltogarda.it\/wp-content\/uploads\/2021\/11\/Porto-Tignale2-600x400.jpg 600w, https:\/\/www.visitaltogarda.it\/wp-content\/uploads\/2021\/11\/Porto-Tignale2-800x533.jpg 800w, https:\/\/www.visitaltogarda.it\/wp-content\/uploads\/2021\/11\/Porto-Tignale2-1200x800.jpg 1200w, https:\/\/www.visitaltogarda.it\/wp-content\/uploads\/2021\/11\/Porto-Tignale2.jpg 1620w\" sizes=\"(max-width: 640px) 100vw, 400px\" \/><\/span><\/div><\/div><\/div><\/div><\/div><\/p>\n","protected":false},"excerpt":{"rendered":"","protected":false},"author":1,"featured_media":0,"parent":0,"menu_order":0,"comment_status":"closed","ping_status":"closed","template":"","meta":{"footnotes":""},"class_list":["post-7878","page","type-page","status-publish","hentry"],"yoast_head":"<!-- This site is optimized with the Yoast SEO plugin v27.4 - https:\/\/yoast.com\/product\/yoast-seo-wordpress\/ -->\n<title>Der Hafen von Tignale und der Pra de la Fam - Visit Alto Garda<\/title>\n<meta name=\"robots\" content=\"index, follow, max-snippet:-1, max-image-preview:large, max-video-preview:-1\" \/>\n<link rel=\"canonical\" href=\"https:\/\/www.visitaltogarda.it\/de\/der-hafen-von-tignale-und-der-pra-de-la-fam\/\" \/>\n<meta property=\"og:locale\" content=\"de_DE\" \/>\n<meta property=\"og:type\" content=\"article\" \/>\n<meta property=\"og:title\" content=\"Der Hafen von Tignale und der Pra de la Fam - Visit Alto Garda\" \/>\n<meta property=\"og:url\" content=\"https:\/\/www.visitaltogarda.it\/de\/der-hafen-von-tignale-und-der-pra-de-la-fam\/\" \/>\n<meta property=\"og:site_name\" content=\"Visit Alto Garda\" \/>\n<meta property=\"article:modified_time\" content=\"2021-12-15T12:48:07+00:00\" \/>\n<meta name=\"twitter:card\" content=\"summary_large_image\" \/>\n<meta name=\"twitter:label1\" content=\"Gesch\u00e4tzte Lesezeit\" \/>\n\t<meta name=\"twitter:data1\" content=\"12\u00a0Minuten\" \/>\n<script type=\"application\/ld+json\" class=\"yoast-schema-graph\">{\"@context\":\"https:\\\/\\\/schema.org\",\"@graph\":[{\"@type\":\"WebPage\",\"@id\":\"https:\\\/\\\/www.visitaltogarda.it\\\/de\\\/der-hafen-von-tignale-und-der-pra-de-la-fam\\\/\",\"url\":\"https:\\\/\\\/www.visitaltogarda.it\\\/de\\\/der-hafen-von-tignale-und-der-pra-de-la-fam\\\/\",\"name\":\"Der Hafen von Tignale und der Pra de la Fam - Visit Alto Garda\",\"isPartOf\":{\"@id\":\"https:\\\/\\\/www.visitaltogarda.it\\\/de\\\/#website\"},\"datePublished\":\"2021-12-01T13:16:00+00:00\",\"dateModified\":\"2021-12-15T12:48:07+00:00\",\"breadcrumb\":{\"@id\":\"https:\\\/\\\/www.visitaltogarda.it\\\/de\\\/der-hafen-von-tignale-und-der-pra-de-la-fam\\\/#breadcrumb\"},\"inLanguage\":\"de\",\"potentialAction\":[{\"@type\":\"ReadAction\",\"target\":[\"https:\\\/\\\/www.visitaltogarda.it\\\/de\\\/der-hafen-von-tignale-und-der-pra-de-la-fam\\\/\"]}]},{\"@type\":\"BreadcrumbList\",\"@id\":\"https:\\\/\\\/www.visitaltogarda.it\\\/de\\\/der-hafen-von-tignale-und-der-pra-de-la-fam\\\/#breadcrumb\",\"itemListElement\":[{\"@type\":\"ListItem\",\"position\":1,\"name\":\"Home\",\"item\":\"https:\\\/\\\/www.visitaltogarda.it\\\/de\\\/\"},{\"@type\":\"ListItem\",\"position\":2,\"name\":\"Der Hafen von Tignale und der Pra de la Fam\"}]},{\"@type\":\"WebSite\",\"@id\":\"https:\\\/\\\/www.visitaltogarda.it\\\/de\\\/#website\",\"url\":\"https:\\\/\\\/www.visitaltogarda.it\\\/de\\\/\",\"name\":\"Visit Alto Garda\",\"description\":\"La tua vacanza organizzata nell'Alto Garda Bresciano. Informati e prenota online dal Portale ufficiale dell'Alto Garda.\",\"potentialAction\":[{\"@type\":\"SearchAction\",\"target\":{\"@type\":\"EntryPoint\",\"urlTemplate\":\"https:\\\/\\\/www.visitaltogarda.it\\\/de\\\/?s={search_term_string}\"},\"query-input\":{\"@type\":\"PropertyValueSpecification\",\"valueRequired\":true,\"valueName\":\"search_term_string\"}}],\"inLanguage\":\"de\"}]}<\/script>\n<!-- \/ Yoast SEO plugin. -->","yoast_head_json":{"title":"Der Hafen von Tignale und der Pra de la Fam - Visit Alto Garda","robots":{"index":"index","follow":"follow","max-snippet":"max-snippet:-1","max-image-preview":"max-image-preview:large","max-video-preview":"max-video-preview:-1"},"canonical":"https:\/\/www.visitaltogarda.it\/de\/der-hafen-von-tignale-und-der-pra-de-la-fam\/","og_locale":"de_DE","og_type":"article","og_title":"Der Hafen von Tignale und der Pra de la Fam - Visit Alto Garda","og_url":"https:\/\/www.visitaltogarda.it\/de\/der-hafen-von-tignale-und-der-pra-de-la-fam\/","og_site_name":"Visit Alto Garda","article_modified_time":"2021-12-15T12:48:07+00:00","twitter_card":"summary_large_image","twitter_misc":{"Gesch\u00e4tzte Lesezeit":"12\u00a0Minuten"},"schema":{"@context":"https:\/\/schema.org","@graph":[{"@type":"WebPage","@id":"https:\/\/www.visitaltogarda.it\/de\/der-hafen-von-tignale-und-der-pra-de-la-fam\/","url":"https:\/\/www.visitaltogarda.it\/de\/der-hafen-von-tignale-und-der-pra-de-la-fam\/","name":"Der Hafen von Tignale und der Pra de la Fam - Visit Alto Garda","isPartOf":{"@id":"https:\/\/www.visitaltogarda.it\/de\/#website"},"datePublished":"2021-12-01T13:16:00+00:00","dateModified":"2021-12-15T12:48:07+00:00","breadcrumb":{"@id":"https:\/\/www.visitaltogarda.it\/de\/der-hafen-von-tignale-und-der-pra-de-la-fam\/#breadcrumb"},"inLanguage":"de","potentialAction":[{"@type":"ReadAction","target":["https:\/\/www.visitaltogarda.it\/de\/der-hafen-von-tignale-und-der-pra-de-la-fam\/"]}]},{"@type":"BreadcrumbList","@id":"https:\/\/www.visitaltogarda.it\/de\/der-hafen-von-tignale-und-der-pra-de-la-fam\/#breadcrumb","itemListElement":[{"@type":"ListItem","position":1,"name":"Home","item":"https:\/\/www.visitaltogarda.it\/de\/"},{"@type":"ListItem","position":2,"name":"Der Hafen von Tignale und der Pra de la Fam"}]},{"@type":"WebSite","@id":"https:\/\/www.visitaltogarda.it\/de\/#website","url":"https:\/\/www.visitaltogarda.it\/de\/","name":"Visit Alto Garda","description":"La tua vacanza organizzata nell'Alto Garda Bresciano. Informati e prenota online dal Portale ufficiale dell'Alto Garda.","potentialAction":[{"@type":"SearchAction","target":{"@type":"EntryPoint","urlTemplate":"https:\/\/www.visitaltogarda.it\/de\/?s={search_term_string}"},"query-input":{"@type":"PropertyValueSpecification","valueRequired":true,"valueName":"search_term_string"}}],"inLanguage":"de"}]}},"_links":{"self":[{"href":"https:\/\/www.visitaltogarda.it\/de\/wp-json\/wp\/v2\/pages\/7878","targetHints":{"allow":["GET"]}}],"collection":[{"href":"https:\/\/www.visitaltogarda.it\/de\/wp-json\/wp\/v2\/pages"}],"about":[{"href":"https:\/\/www.visitaltogarda.it\/de\/wp-json\/wp\/v2\/types\/page"}],"author":[{"embeddable":true,"href":"https:\/\/www.visitaltogarda.it\/de\/wp-json\/wp\/v2\/users\/1"}],"replies":[{"embeddable":true,"href":"https:\/\/www.visitaltogarda.it\/de\/wp-json\/wp\/v2\/comments?post=7878"}],"version-history":[{"count":4,"href":"https:\/\/www.visitaltogarda.it\/de\/wp-json\/wp\/v2\/pages\/7878\/revisions"}],"predecessor-version":[{"id":8454,"href":"https:\/\/www.visitaltogarda.it\/de\/wp-json\/wp\/v2\/pages\/7878\/revisions\/8454"}],"wp:attachment":[{"href":"https:\/\/www.visitaltogarda.it\/de\/wp-json\/wp\/v2\/media?parent=7878"}],"curies":[{"name":"wp","href":"https:\/\/api.w.org\/{rel}","templated":true}]}}