{"id":7817,"date":"2021-11-30T18:27:55","date_gmt":"2021-11-30T17:27:55","guid":{"rendered":"https:\/\/www.visitaltogarda.it\/kultur-in-alto-garda\/"},"modified":"2021-12-15T14:16:22","modified_gmt":"2021-12-15T13:16:22","slug":"kultur-in-alto-garda","status":"publish","type":"page","link":"https:\/\/www.visitaltogarda.it\/de\/kultur-in-alto-garda\/","title":{"rendered":"Kultur in Alto Garda"},"content":{"rendered":"<p><div class=\"fusion-fullwidth fullwidth-box fusion-builder-row-1 fusion-flex-container fusion-parallax-none hundred-percent-fullwidth non-hundred-percent-height-scrolling\" style=\"--awb-background-blend-mode:overlay;--awb-border-radius-top-left:0px;--awb-border-radius-top-right:0px;--awb-border-radius-bottom-right:0px;--awb-border-radius-bottom-left:0px;--awb-min-height:350px;--awb-background-color:rgba(0,0,0,0.34);--awb-background-image:url(&quot;https:\/\/www.visitaltogarda.it\/wp-content\/uploads\/2021\/06\/FOTO-CULTURA-scaled.jpg&quot;);--awb-background-size:cover;--awb-flex-wrap:wrap;\" ><div class=\"fusion-builder-row fusion-row fusion-flex-align-items-flex-start fusion-flex-align-content-center fusion-flex-justify-content-center fusion-flex-content-wrap\" style=\"width:104% !important;max-width:104% !important;margin-left: calc(-4% \/ 2 );margin-right: calc(-4% \/ 2 );\"><div class=\"fusion-layout-column fusion_builder_column fusion-builder-column-0 fusion_builder_column_1_1 1_1 fusion-flex-column\" style=\"--awb-bg-size:cover;--awb-width-large:100%;--awb-margin-top-large:0px;--awb-spacing-right-large:1.92%;--awb-margin-bottom-large:20px;--awb-spacing-left-large:1.92%;--awb-width-medium:100%;--awb-order-medium:0;--awb-spacing-right-medium:1.92%;--awb-spacing-left-medium:1.92%;--awb-width-small:100%;--awb-order-small:0;--awb-spacing-right-small:1.92%;--awb-spacing-left-small:1.92%;\"><div class=\"fusion-column-wrapper fusion-column-has-shadow fusion-flex-justify-content-center fusion-content-layout-row\"><div class=\"fusion-title title fusion-title-1 fusion-sep-none fusion-title-text fusion-title-size-one\" style=\"--awb-margin-top:30px;--awb-margin-top-small:10px;--awb-margin-right-small:0px;--awb-margin-bottom-small:10px;--awb-margin-left-small:0px;\"><h1 class=\"fusion-title-heading title-heading-left\" style=\"margin:0;text-shadow:1px 1px 4px rgba(0,0,0,0.74);\">Kultur in Alto Garda<\/h1><\/div><\/div><\/div><\/div><\/div><div id=\"benvenuto\" class=\"fusion-container-anchor\"><div class=\"fusion-fullwidth fullwidth-box fusion-builder-row-2 fusion-flex-container nonhundred-percent-fullwidth non-hundred-percent-height-scrolling\" style=\"--awb-background-position:left top;--awb-border-sizes-top:0px;--awb-border-sizes-bottom:0px;--awb-border-sizes-left:0px;--awb-border-sizes-right:0px;--awb-border-radius-top-left:0px;--awb-border-radius-top-right:0px;--awb-border-radius-bottom-right:0px;--awb-border-radius-bottom-left:0px;--awb-padding-top:30px;--awb-padding-bottom:70px;--awb-flex-wrap:wrap;\" ><div class=\"fusion-builder-row fusion-row fusion-flex-align-items-flex-start fusion-flex-justify-content-center fusion-flex-content-wrap\" style=\"max-width:1248px;margin-left: calc(-4% \/ 2 );margin-right: calc(-4% \/ 2 );\"><div class=\"fusion-layout-column fusion_builder_column fusion-builder-column-1 fusion_builder_column_1_1 1_1 fusion-flex-column fusion-flex-align-self-flex-start fusion-column-no-min-height\" style=\"--awb-padding-bottom:20px;--awb-bg-size:cover;--awb-width-large:100%;--awb-margin-top-large:0px;--awb-spacing-right-large:1.92%;--awb-margin-bottom-large:20px;--awb-spacing-left-large:1.92%;--awb-width-medium:100%;--awb-spacing-right-medium:1.92%;--awb-spacing-left-medium:1.92%;--awb-width-small:100%;--awb-spacing-right-small:1.92%;--awb-spacing-left-small:1.92%;\"><div class=\"fusion-column-wrapper fusion-flex-justify-content-flex-start fusion-content-layout-column\"><div class=\"fusion-text fusion-text-1\" style=\"--awb-content-alignment:center;\"><p style=\"text-align: justify;\">Das Gebiet des Parco Alto Garda der Provinz Brescia bietet nicht nur eine wundersch\u00f6ne Natur, typische Produkte von hohem Niveau und atemberaubenden Ausblicke, sondern auch eine gro\u00dfe kulturelle Vielfalt. Maler, Musiker, Orgelbauer, Schriftsteller, Dichter haben wichtige Zeichen einer raffinierten Kultur hinterlassen. Aus diesem Grund gibt es im Laufe des Jahres viele kulturelle Veranstaltungen, die die Pl\u00e4tze, Theater, Kirchen und sch\u00f6nen Zitronengew\u00e4chsh\u00e4user f\u00fcllen.<br \/>\nEinen erholsamen Urlaub mit einem Abend mit klassischer Musik, der Pr\u00e4sentation eines Buches, einer Theaterveranstaltung oder dem Besuch von Kunstausstellungen zu kombinieren, ist in jeder Gemeinde des Parks sehr einfach. Und f\u00fcr diejenigen, die auch das Essen als den besten Weg betrachten, um die Urspr\u00fcnge und Br\u00e4uche eines Landes kennenzulernen, gibt es keinen Mangel an kulturellen und kulinarischen Veranstaltungen. Die Dorffeste mit den traditionellen Gerichten, die begehrtesten Feste von Produkten, die den Gardasee charakterisieren. Kulturelle Veranstaltungen, zum Kennenlernen der Region Brescia, die reich an einem wichtigen und weithin anerkannten k\u00fcnstlerischen Erbe ist.<br \/>\nFolgen Sie uns im Bereich <span style=\"color: #99cc00;\"><a style=\"color: #99cc00;\" href=\"https:\/\/www.visitaltogarda.it\/it\/eventi\/\"><strong>Veranstaltungen<\/strong><\/a><\/span>, um \u00fcber alle kulturellen Initiativen in der Region auf dem Laufenden zu bleiben.<\/p>\n<\/div><div class=\"fusion-separator fusion-full-width-sep\" style=\"align-self: center;margin-left: auto;margin-right: auto;margin-top:15px;width:100%;\"><\/div><\/div><\/div><div class=\"fusion-layout-column fusion_builder_column fusion-builder-column-2 fusion_builder_column_1_2 1_2 fusion-flex-column fusion-flex-align-self-stretch\" style=\"--awb-padding-top:55px;--awb-padding-right:30px;--awb-padding-bottom:212px;--awb-padding-left:30px;--awb-overflow:hidden;--awb-bg-image:url(&#039;https:\/\/www.visitaltogarda.it\/wp-content\/uploads\/2021\/06\/FOTO-CULTURA1.jpg&#039;);--awb-bg-position:center center;--awb-bg-size:cover;--awb-box-shadow:0px 10px 51px 3px rgba(0,0,0,0.15);;--awb-border-radius:10px 10px 10px 10px;--awb-width-large:50%;--awb-margin-top-large:0px;--awb-spacing-right-large:3.84%;--awb-margin-bottom-large:20px;--awb-spacing-left-large:7.5px;--awb-width-medium:50%;--awb-spacing-right-medium:3.84%;--awb-spacing-left-medium:7.5px;--awb-width-small:100%;--awb-spacing-right-small:1.92%;--awb-spacing-left-small:1.92%;\"><div class=\"fusion-column-wrapper fusion-column-has-shadow fusion-flex-justify-content-flex-start fusion-content-layout-column fusion-empty-column-bg-image fusion-column-has-bg-image\" data-bg-url=\"https:\/\/www.visitaltogarda.it\/wp-content\/uploads\/2021\/06\/FOTO-CULTURA1.jpg\"><img decoding=\"async\" class=\"fusion-empty-dims-img-placeholder\" aria-label=\"FOTO CULTURA1\" src=\"data:image\/svg+xml,%3Csvg%20xmlns%3D%27http%3A%2F%2Fwww.w3.org%2F2000%2Fsvg%27%20width%3D%271620%27%20height%3D%271080%27%20viewBox%3D%270%200%201620%201080%27%3E%3Crect%20width%3D%271620%27%20height%3D%271080%27%20fill-opacity%3D%220%22%2F%3E%3C%2Fsvg%3E\"><\/div><\/div><div class=\"fusion-layout-column fusion_builder_column fusion-builder-column-3 fusion_builder_column_1_2 1_2 fusion-flex-column fusion-flex-align-self-stretch\" style=\"--awb-padding-top:55px;--awb-padding-right:30px;--awb-padding-left:30px;--awb-overflow:hidden;--awb-bg-image:url(&#039;https:\/\/www.visitaltogarda.it\/wp-content\/uploads\/2021\/06\/FOTO-CULTURA2.jpg&#039;);--awb-bg-position:center center;--awb-bg-size:cover;--awb-box-shadow:0px 10px 51px 3px rgba(0,0,0,0.15);;--awb-border-radius:10px 10px 10px 10px;--awb-width-large:50%;--awb-margin-top-large:0px;--awb-spacing-right-large:3.84%;--awb-margin-bottom-large:20px;--awb-spacing-left-large:7.5px;--awb-width-medium:50%;--awb-spacing-right-medium:3.84%;--awb-spacing-left-medium:7.5px;--awb-width-small:100%;--awb-spacing-right-small:1.92%;--awb-spacing-left-small:1.92%;\"><div class=\"fusion-column-wrapper fusion-column-has-shadow fusion-flex-justify-content-flex-start fusion-content-layout-column fusion-empty-column-bg-image fusion-column-has-bg-image\" data-bg-url=\"https:\/\/www.visitaltogarda.it\/wp-content\/uploads\/2021\/06\/FOTO-CULTURA2.jpg\"><img decoding=\"async\" class=\"fusion-empty-dims-img-placeholder\" aria-label=\"FOTO CULTURA2\" src=\"data:image\/svg+xml,%3Csvg%20xmlns%3D%27http%3A%2F%2Fwww.w3.org%2F2000%2Fsvg%27%20width%3D%271620%27%20height%3D%271080%27%20viewBox%3D%270%200%201620%201080%27%3E%3Crect%20width%3D%271620%27%20height%3D%271080%27%20fill-opacity%3D%220%22%2F%3E%3C%2Fsvg%3E\"><\/div><\/div><\/div><\/div><\/div><\/p>\n","protected":false},"excerpt":{"rendered":"","protected":false},"author":1,"featured_media":0,"parent":0,"menu_order":0,"comment_status":"closed","ping_status":"closed","template":"","meta":{"footnotes":""},"class_list":["post-7817","page","type-page","status-publish","hentry"],"yoast_head":"<!-- This site is optimized with the Yoast SEO plugin v27.4 - https:\/\/yoast.com\/product\/yoast-seo-wordpress\/ -->\n<title>Kultur in Alto Garda - Visit Alto Garda<\/title>\n<meta name=\"robots\" content=\"index, follow, max-snippet:-1, max-image-preview:large, max-video-preview:-1\" \/>\n<link rel=\"canonical\" href=\"https:\/\/www.visitaltogarda.it\/de\/kultur-in-alto-garda\/\" \/>\n<meta property=\"og:locale\" content=\"de_DE\" \/>\n<meta property=\"og:type\" content=\"article\" \/>\n<meta property=\"og:title\" content=\"Kultur in Alto Garda - Visit Alto Garda\" \/>\n<meta property=\"og:url\" content=\"https:\/\/www.visitaltogarda.it\/de\/kultur-in-alto-garda\/\" \/>\n<meta property=\"og:site_name\" content=\"Visit Alto Garda\" \/>\n<meta property=\"article:modified_time\" content=\"2021-12-15T13:16:22+00:00\" \/>\n<meta name=\"twitter:card\" content=\"summary_large_image\" \/>\n<meta name=\"twitter:label1\" content=\"Gesch\u00e4tzte Lesezeit\" \/>\n\t<meta name=\"twitter:data1\" content=\"4\u00a0Minuten\" \/>\n<script type=\"application\/ld+json\" class=\"yoast-schema-graph\">{\"@context\":\"https:\\\/\\\/schema.org\",\"@graph\":[{\"@type\":\"WebPage\",\"@id\":\"https:\\\/\\\/www.visitaltogarda.it\\\/de\\\/kultur-in-alto-garda\\\/\",\"url\":\"https:\\\/\\\/www.visitaltogarda.it\\\/de\\\/kultur-in-alto-garda\\\/\",\"name\":\"Kultur in Alto Garda - Visit Alto Garda\",\"isPartOf\":{\"@id\":\"https:\\\/\\\/www.visitaltogarda.it\\\/de\\\/#website\"},\"datePublished\":\"2021-11-30T17:27:55+00:00\",\"dateModified\":\"2021-12-15T13:16:22+00:00\",\"breadcrumb\":{\"@id\":\"https:\\\/\\\/www.visitaltogarda.it\\\/de\\\/kultur-in-alto-garda\\\/#breadcrumb\"},\"inLanguage\":\"de\",\"potentialAction\":[{\"@type\":\"ReadAction\",\"target\":[\"https:\\\/\\\/www.visitaltogarda.it\\\/de\\\/kultur-in-alto-garda\\\/\"]}]},{\"@type\":\"BreadcrumbList\",\"@id\":\"https:\\\/\\\/www.visitaltogarda.it\\\/de\\\/kultur-in-alto-garda\\\/#breadcrumb\",\"itemListElement\":[{\"@type\":\"ListItem\",\"position\":1,\"name\":\"Home\",\"item\":\"https:\\\/\\\/www.visitaltogarda.it\\\/de\\\/\"},{\"@type\":\"ListItem\",\"position\":2,\"name\":\"Kultur in Alto Garda\"}]},{\"@type\":\"WebSite\",\"@id\":\"https:\\\/\\\/www.visitaltogarda.it\\\/de\\\/#website\",\"url\":\"https:\\\/\\\/www.visitaltogarda.it\\\/de\\\/\",\"name\":\"Visit Alto Garda\",\"description\":\"La tua vacanza organizzata nell'Alto Garda Bresciano. Informati e prenota online dal Portale ufficiale dell'Alto Garda.\",\"potentialAction\":[{\"@type\":\"SearchAction\",\"target\":{\"@type\":\"EntryPoint\",\"urlTemplate\":\"https:\\\/\\\/www.visitaltogarda.it\\\/de\\\/?s={search_term_string}\"},\"query-input\":{\"@type\":\"PropertyValueSpecification\",\"valueRequired\":true,\"valueName\":\"search_term_string\"}}],\"inLanguage\":\"de\"}]}<\/script>\n<!-- \/ Yoast SEO plugin. -->","yoast_head_json":{"title":"Kultur in Alto Garda - Visit Alto Garda","robots":{"index":"index","follow":"follow","max-snippet":"max-snippet:-1","max-image-preview":"max-image-preview:large","max-video-preview":"max-video-preview:-1"},"canonical":"https:\/\/www.visitaltogarda.it\/de\/kultur-in-alto-garda\/","og_locale":"de_DE","og_type":"article","og_title":"Kultur in Alto Garda - Visit Alto Garda","og_url":"https:\/\/www.visitaltogarda.it\/de\/kultur-in-alto-garda\/","og_site_name":"Visit Alto Garda","article_modified_time":"2021-12-15T13:16:22+00:00","twitter_card":"summary_large_image","twitter_misc":{"Gesch\u00e4tzte Lesezeit":"4\u00a0Minuten"},"schema":{"@context":"https:\/\/schema.org","@graph":[{"@type":"WebPage","@id":"https:\/\/www.visitaltogarda.it\/de\/kultur-in-alto-garda\/","url":"https:\/\/www.visitaltogarda.it\/de\/kultur-in-alto-garda\/","name":"Kultur in Alto Garda - Visit Alto Garda","isPartOf":{"@id":"https:\/\/www.visitaltogarda.it\/de\/#website"},"datePublished":"2021-11-30T17:27:55+00:00","dateModified":"2021-12-15T13:16:22+00:00","breadcrumb":{"@id":"https:\/\/www.visitaltogarda.it\/de\/kultur-in-alto-garda\/#breadcrumb"},"inLanguage":"de","potentialAction":[{"@type":"ReadAction","target":["https:\/\/www.visitaltogarda.it\/de\/kultur-in-alto-garda\/"]}]},{"@type":"BreadcrumbList","@id":"https:\/\/www.visitaltogarda.it\/de\/kultur-in-alto-garda\/#breadcrumb","itemListElement":[{"@type":"ListItem","position":1,"name":"Home","item":"https:\/\/www.visitaltogarda.it\/de\/"},{"@type":"ListItem","position":2,"name":"Kultur in Alto Garda"}]},{"@type":"WebSite","@id":"https:\/\/www.visitaltogarda.it\/de\/#website","url":"https:\/\/www.visitaltogarda.it\/de\/","name":"Visit Alto Garda","description":"La tua vacanza organizzata nell'Alto Garda Bresciano. Informati e prenota online dal Portale ufficiale dell'Alto Garda.","potentialAction":[{"@type":"SearchAction","target":{"@type":"EntryPoint","urlTemplate":"https:\/\/www.visitaltogarda.it\/de\/?s={search_term_string}"},"query-input":{"@type":"PropertyValueSpecification","valueRequired":true,"valueName":"search_term_string"}}],"inLanguage":"de"}]}},"_links":{"self":[{"href":"https:\/\/www.visitaltogarda.it\/de\/wp-json\/wp\/v2\/pages\/7817","targetHints":{"allow":["GET"]}}],"collection":[{"href":"https:\/\/www.visitaltogarda.it\/de\/wp-json\/wp\/v2\/pages"}],"about":[{"href":"https:\/\/www.visitaltogarda.it\/de\/wp-json\/wp\/v2\/types\/page"}],"author":[{"embeddable":true,"href":"https:\/\/www.visitaltogarda.it\/de\/wp-json\/wp\/v2\/users\/1"}],"replies":[{"embeddable":true,"href":"https:\/\/www.visitaltogarda.it\/de\/wp-json\/wp\/v2\/comments?post=7817"}],"version-history":[{"count":3,"href":"https:\/\/www.visitaltogarda.it\/de\/wp-json\/wp\/v2\/pages\/7817\/revisions"}],"predecessor-version":[{"id":8477,"href":"https:\/\/www.visitaltogarda.it\/de\/wp-json\/wp\/v2\/pages\/7817\/revisions\/8477"}],"wp:attachment":[{"href":"https:\/\/www.visitaltogarda.it\/de\/wp-json\/wp\/v2\/media?parent=7817"}],"curies":[{"name":"wp","href":"https:\/\/api.w.org\/{rel}","templated":true}]}}